{"id":2579,"date":"2025-11-12T15:15:11","date_gmt":"2025-11-12T14:15:11","guid":{"rendered":"https:\/\/www.leschantsdemars.com\/?page_id=2579"},"modified":"2025-11-27T16:40:09","modified_gmt":"2025-11-27T15:40:09","slug":"juliette-magnevasoa","status":"publish","type":"page","link":"https:\/\/www.leschantsdemars.com\/index.php\/juliette-magnevasoa\/","title":{"rendered":"JULIETTE MAGNEVASOA"},"content":{"rendered":"<p>[et_pb_section fb_built=\u00a0\u00bb1&Prime; admin_label=\u00a0\u00bbHeader\u00a0\u00bb _builder_version=\u00a0\u00bb4.27.4&Prime; _module_preset=\u00a0\u00bbdefault\u00a0\u00bb background_color=\u00a0\u00bbgcid-37cbb015-7589-42e9-be9a-4f1c83f29293&Prime; custom_margin=\u00a0\u00bb||-9px|||\u00a0\u00bb custom_padding=\u00a0\u00bb||0px|||\u00a0\u00bb link_option_url=\u00a0\u00bbhttps:\/\/www.leschantsdemars.com\/\u00a0\u00bb border_color_all=\u00a0\u00bb#000000&Prime; border_width_bottom=\u00a0\u00bb8px\u00a0\u00bb locked=\u00a0\u00bboff\u00a0\u00bb collapsed=\u00a0\u00bbon\u00a0\u00bb global_colors_info=\u00a0\u00bb{%22gcid-37cbb015-7589-42e9-be9a-4f1c83f29293%22:%91%22background_color%22%93}\u00a0\u00bb][et_pb_row column_structure=\u00a0\u00bb1_3,1_3,1_3&Prime; _builder_version=\u00a0\u00bb4.27.4&Prime; _module_preset=\u00a0\u00bbdefault\u00a0\u00bb width=\u00a0\u00bb90%\u00a0\u00bb max_width=\u00a0\u00bbnone\u00a0\u00bb min_height=\u00a0\u00bb177px\u00a0\u00bb custom_margin=\u00a0\u00bb|auto|27px|auto||\u00a0\u00bb link_option_url=\u00a0\u00bbhttps:\/\/www.leschantsdemars.com\/\u00a0\u00bb global_colors_info=\u00a0\u00bb{}\u00a0\u00bb][et_pb_column type=\u00a0\u00bb1_3&Prime; _builder_version=\u00a0\u00bb4.20.0&Prime; _module_preset=\u00a0\u00bbdefault\u00a0\u00bb global_colors_info=\u00a0\u00bb{}\u00a0\u00bb][et_pb_text _builder_version=\u00a0\u00bb4.27.4&Prime; _module_preset=\u00a0\u00bb86a7ffe4-9b65-4f70-a414-f6915f8b566d\u00a0\u00bb text_font=\u00a0\u00bb|300|||||||\u00a0\u00bb text_text_color=\u00a0\u00bb#FFFFFF\u00a0\u00bb header_font=\u00a0\u00bb|300|||||||\u00a0\u00bb header_text_color=\u00a0\u00bb#FFFFFF\u00a0\u00bb header_2_font=\u00a0\u00bb|300|||||||\u00a0\u00bb header_2_text_color=\u00a0\u00bb#FFFFFF\u00a0\u00bb header_3_text_color=\u00a0\u00bb#FFFFFF\u00a0\u00bb header_4_text_color=\u00a0\u00bb#FFFFFF\u00a0\u00bb header_5_text_color=\u00a0\u00bb#FFFFFF\u00a0\u00bb header_6_text_color=\u00a0\u00bb#FFFFFF\u00a0\u00bb global_colors_info=\u00a0\u00bb{}\u00a0\u00bb]<\/p>\n<h2><strong>Festival <\/strong><strong>Les Chants de Mars<\/strong><\/h2>\n<p>[\/et_pb_text][et_pb_text _builder_version=\u00a0\u00bb4.27.4&Prime; _module_preset=\u00a0\u00bb86a7ffe4-9b65-4f70-a414-f6915f8b566d\u00a0\u00bb text_font=\u00a0\u00bb|300|||||||\u00a0\u00bb text_text_color=\u00a0\u00bb#FFFFFF\u00a0\u00bb header_font=\u00a0\u00bb|300|||||||\u00a0\u00bb header_text_color=\u00a0\u00bb#FFFFFF\u00a0\u00bb header_2_font=\u00a0\u00bb|300|||||||\u00a0\u00bb header_2_text_color=\u00a0\u00bb#FFFFFF\u00a0\u00bb header_3_text_color=\u00a0\u00bb#FFFFFF\u00a0\u00bb header_4_text_color=\u00a0\u00bb#FFFFFF\u00a0\u00bb header_5_text_color=\u00a0\u00bb#FFFFFF\u00a0\u00bb header_6_text_color=\u00a0\u00bb#FFFFFF\u00a0\u00bb global_colors_info=\u00a0\u00bb{}\u00a0\u00bb]<\/p>\n<h1><strong>12 &gt; 28 MARS 2026<\/strong><\/h1>\n<p>[\/et_pb_text][et_pb_text _builder_version=\u00a0\u00bb4.27.4&Prime; _module_preset=\u00a0\u00bb86a7ffe4-9b65-4f70-a414-f6915f8b566d\u00a0\u00bb text_font=\u00a0\u00bb|300|||||||\u00a0\u00bb text_text_color=\u00a0\u00bb#FFFFFF\u00a0\u00bb header_font=\u00a0\u00bb|300|||||||\u00a0\u00bb header_text_color=\u00a0\u00bb#FFFFFF\u00a0\u00bb header_2_font=\u00a0\u00bb|300|||||||\u00a0\u00bb header_2_text_color=\u00a0\u00bb#FFFFFF\u00a0\u00bb header_3_text_color=\u00a0\u00bb#FFFFFF\u00a0\u00bb header_4_text_color=\u00a0\u00bb#FFFFFF\u00a0\u00bb header_5_text_color=\u00a0\u00bb#FFFFFF\u00a0\u00bb header_6_text_color=\u00a0\u00bb#FFFFFF\u00a0\u00bb global_colors_info=\u00a0\u00bb{}\u00a0\u00bb]<\/p>\n<h4><strong>20 ANS de MUSIQUES FRANCOPHONES | LYON<\/strong><\/h4>\n<p>[\/et_pb_text][\/et_pb_column][et_pb_column type=\u00a0\u00bb1_3&Prime; _builder_version=\u00a0\u00bb4.20.0&Prime; _module_preset=\u00a0\u00bbdefault\u00a0\u00bb global_colors_info=\u00a0\u00bb{}\u00a0\u00bb][et_pb_image src=\u00a0\u00bbhttps:\/\/www.leschantsdemars.com\/wp-content\/uploads\/2025\/10\/logo-chantsdemars-1.png\u00a0\u00bb title_text=\u00a0\u00bblogo-chantsdemars\u00a0\u00bb show_bottom_space=\u00a0\u00bboff\u00a0\u00bb align=\u00a0\u00bbcenter\u00a0\u00bb _builder_version=\u00a0\u00bb4.27.4&Prime; _module_preset=\u00a0\u00bbdefault\u00a0\u00bb custom_margin=\u00a0\u00bb-2px|||||\u00a0\u00bb global_colors_info=\u00a0\u00bb{}\u00a0\u00bb][\/et_pb_image][\/et_pb_column][et_pb_column type=\u00a0\u00bb1_3&Prime; _builder_version=\u00a0\u00bb4.20.0&Prime; _module_preset=\u00a0\u00bbdefault\u00a0\u00bb global_colors_info=\u00a0\u00bb{}\u00a0\u00bb][et_pb_button button_url=\u00a0\u00bbhttps:\/\/festival-leschantsdemars.seetickets.com\/search\/all\u00a0\u00bb button_text=\u00a0\u00bbBILLETTERIE\u00a0\u00bb button_alignment=\u00a0\u00bbright\u00a0\u00bb button_alignment_tablet=\u00a0\u00bbleft\u00a0\u00bb button_alignment_phone=\u00a0\u00bbleft\u00a0\u00bb button_alignment_last_edited=\u00a0\u00bbon|tablet\u00a0\u00bb _builder_version=\u00a0\u00bb4.27.4&Prime; _module_preset=\u00a0\u00bb68cfeece-78dc-47f6-8ca6-900ac41374fc\u00a0\u00bb button_text_color=\u00a0\u00bb#FFFFFF\u00a0\u00bb button_border_color=\u00a0\u00bb#FFFFFF\u00a0\u00bb background_layout=\u00a0\u00bbdark\u00a0\u00bb custom_margin=\u00a0\u00bb|352px||||\u00a0\u00bb locked=\u00a0\u00bboff\u00a0\u00bb global_colors_info=\u00a0\u00bb{}\u00a0\u00bb][\/et_pb_button][et_pb_menu active_link_color=\u00a0\u00bb#FFFFFF\u00a0\u00bb show_search_icon=\u00a0\u00bbon\u00a0\u00bb cart_icon_color=\u00a0\u00bbRGBA(255,255,255,0)\u00a0\u00bb search_icon_color=\u00a0\u00bb#FFFFFF\u00a0\u00bb menu_icon_color=\u00a0\u00bb#FFFFFF\u00a0\u00bb _builder_version=\u00a0\u00bb4.27.4&Prime; _module_preset=\u00a0\u00bbdefault\u00a0\u00bb menu_text_color=\u00a0\u00bb#FFFFFF\u00a0\u00bb background_color=\u00a0\u00bb#431a66&Prime; global_colors_info=\u00a0\u00bb{}\u00a0\u00bb][\/et_pb_menu][\/et_pb_column][\/et_pb_row][\/et_pb_section][et_pb_section fb_built=\u00a0\u00bb1&Prime; admin_label=\u00a0\u00bbHeader\u00a0\u00bb _builder_version=\u00a0\u00bb4.27.4&Prime; _module_preset=\u00a0\u00bbdefault\u00a0\u00bb background_color=\u00a0\u00bb#FFFFFF\u00a0\u00bb collapsed=\u00a0\u00bbon\u00a0\u00bb global_colors_info=\u00a0\u00bb{}\u00a0\u00bb][et_pb_row _builder_version=\u00a0\u00bb4.27.4&Prime; _module_preset=\u00a0\u00bbdefault\u00a0\u00bb width=\u00a0\u00bb90%\u00a0\u00bb max_width=\u00a0\u00bb1400px\u00a0\u00bb custom_padding=\u00a0\u00bb||3px|||\u00a0\u00bb global_colors_info=\u00a0\u00bb{}\u00a0\u00bb][et_pb_column type=\u00a0\u00bb4_4&Prime; _builder_version=\u00a0\u00bb4.20.0&Prime; _module_preset=\u00a0\u00bbdefault\u00a0\u00bb global_colors_info=\u00a0\u00bb{}\u00a0\u00bb][et_pb_text _builder_version=\u00a0\u00bb4.27.4&Prime; _module_preset=\u00a0\u00bb56a2446d-7eb6-4974-bb88-a0f0dd160793&Prime; header_text_align=\u00a0\u00bbleft\u00a0\u00bb background_color=\u00a0\u00bb#000000&Prime; background_image=\u00a0\u00bbhttps:\/\/www.leschantsdemars.com\/wp-content\/uploads\/2025\/11\/Design-sans-titre.jpg\u00a0\u00bb custom_padding=\u00a0\u00bb||8px|||\u00a0\u00bb global_colors_info=\u00a0\u00bb{}\u00a0\u00bb]<\/p>\n<h2><span style=\"color: #ffffff;\">\u00a0<\/span><\/h2>\n<h2><span style=\"color: #ffffff;\"><\/span><\/h2>\n<h2><span style=\"color: #ffffff;\"><\/span><\/h2>\n<h2><span style=\"color: #ffffff;\"><\/span><\/h2>\n<h2><span style=\"color: #ffffff;\">\u00a0JEUDI 12<\/span><span style=\"color: #ffffff;\"> MARS &#8211; 20h30<\/span><\/h2>\n<p>[\/et_pb_text][et_pb_text _builder_version=\u00a0\u00bb4.20.0&Prime; _module_preset=\u00a0\u00bb6efadde3-5a55-4741-8f71-ff07e23f2dbc\u00a0\u00bb global_colors_info=\u00a0\u00bb{}\u00a0\u00bb]<\/p>\n<h2><span style=\"color: #e9408f;\">JULIETTE MAGNEVASOA<\/span><\/h2>\n<p>[\/et_pb_text][\/et_pb_column][\/et_pb_row][et_pb_row column_structure=\u00a0\u00bb3_4,1_4&Prime; _builder_version=\u00a0\u00bb4.20.0&Prime; _module_preset=\u00a0\u00bbdefault\u00a0\u00bb width=\u00a0\u00bb90%\u00a0\u00bb max_width=\u00a0\u00bb1400px\u00a0\u00bb custom_padding=\u00a0\u00bb0px||25px|||\u00a0\u00bb global_colors_info=\u00a0\u00bb{}\u00a0\u00bb][et_pb_column type=\u00a0\u00bb3_4&Prime; _builder_version=\u00a0\u00bb4.20.0&Prime; _module_preset=\u00a0\u00bbdefault\u00a0\u00bb global_colors_info=\u00a0\u00bb{}\u00a0\u00bb][et_pb_text _builder_version=\u00a0\u00bb4.27.4&Prime; _module_preset=\u00a0\u00bb64ea9ac0-e32e-4fe1-91b0-9db02bfe603c\u00a0\u00bb locked=\u00a0\u00bboff\u00a0\u00bb global_colors_info=\u00a0\u00bb{}\u00a0\u00bb]<\/p>\n<p><a href=\"https:\/\/www.instagram.com\/juliettemagnevasoa\/\">Juliette Magnevasoa<\/a> vient de Madagascar ou d\u2019ailleurs, elle a \u00e9t\u00e9 adopt\u00e9e petite, et ce d\u00e9but d\u2019histoire, comme les contes, ouvre sur l\u2019aventure de grandir. La musique vient d\u2019\u00e9vidence : elle rassemble les pi\u00e8ces du puzzle Juliette Magnevasoa. Elle rejoint ses deux terres et elle l\u2019ouvre \u00e0 plus vaste. <br \/>Quand elle joue, qu\u2019elle compose, qu\u2019elle \u00e9crit, elle est le bocal et le poisson qui nage dedans. Tout \u00e0 la fois \u00e0 l\u2019int\u00e9rieur et \u00e0 distance. L\u2019intime, une fois travaill\u00e9 par la musique, peut exister au dehors, vers les autres. <br \/>Juliette Magnevasoa foule les sc\u00e8nes du grand sud ouest pendant pr\u00e8s de 10 ans, notamment au sein du duo embl\u00e9matique basque Pauline &amp; Juliette. D\u00e9j\u00e0 rep\u00e9r\u00e9e par des personnalit\u00e9s allant de Francis Cabrel \u00e0 Richard Bona, en passant par Gaby Moreno, Sian Potok, Sandra NKake .., elle rencontre en 2024, BlackJoy du label Les Rythmes Ruban, et cela permet un premier single La Playa salu\u00e9 par la critique, en collaboration avec le fameux producteur Blundetto (Biga*Ranx, Aloe Blacc, Puppa Jim.. ). <br \/>Ensemble, ils d\u00e9cident de poursuivre l\u2019aventure et d\u2019entamer la cr\u00e9ation du premier EP solo de Juliette Magnevasoa en Mars 2025.<\/p>\n<p>Guitare nou\u00e9e sur corps \u00e9tanche c\u2019est \u00e7a, ce processus organique myst\u00e9rieux. C\u2019est son voyage, son exil, son ancrage -\u00e0 l\u2019encre bleue- sa fa\u00e7on d\u2019\u00eatre au monde. Dans la foul\u00e9e, elle sort en Juillet 2025 Routines, recueil de neuf chansons d\u2019artistes dont elle s\u2019est impr\u00e9gn\u00e9e toute sa vie, de et qui constituent une partie du socle de sa musique.<\/p>\n<p><span data-sheets-root=\"1\">\u00a0<\/span><\/p>\n<p>[\/et_pb_text][\/et_pb_column][et_pb_column type=\u00a0\u00bb1_4&Prime; _builder_version=\u00a0\u00bb4.20.0&Prime; _module_preset=\u00a0\u00bbdefault\u00a0\u00bb global_colors_info=\u00a0\u00bb{}\u00a0\u00bb][et_pb_video src=\u00a0\u00bbhttps:\/\/www.youtube.com\/watch?v=8Bmv1PCcS2M&#038;t=28s\u00a0\u00bb _builder_version=\u00a0\u00bb4.27.4&Prime; _module_preset=\u00a0\u00bbdefault\u00a0\u00bb global_colors_info=\u00a0\u00bb{}\u00a0\u00bb][\/et_pb_video][\/et_pb_column][\/et_pb_row][et_pb_row _builder_version=\u00a0\u00bb4.27.4&Prime; _module_preset=\u00a0\u00bbdefault\u00a0\u00bb width=\u00a0\u00bb90%\u00a0\u00bb max_width=\u00a0\u00bb1400px\u00a0\u00bb custom_margin=\u00a0\u00bb|auto|3px|auto||\u00a0\u00bb custom_padding=\u00a0\u00bb14px||3px|||\u00a0\u00bb global_colors_info=\u00a0\u00bb{}\u00a0\u00bb][et_pb_column type=\u00a0\u00bb4_4&Prime; _builder_version=\u00a0\u00bb4.20.0&Prime; _module_preset=\u00a0\u00bbdefault\u00a0\u00bb global_colors_info=\u00a0\u00bb{}\u00a0\u00bb][et_pb_text _builder_version=\u00a0\u00bb4.20.0&Prime; _module_preset=\u00a0\u00bb56a2446d-7eb6-4974-bb88-a0f0dd160793&Prime; global_colors_info=\u00a0\u00bb{}\u00a0\u00bb]<\/p>\n<h2>+ soir\u00e9e d&rsquo;ouverture<\/h2>\n<p>[\/et_pb_text][\/et_pb_column][\/et_pb_row][\/et_pb_section][et_pb_section fb_built=\u00a0\u00bb1&Prime; admin_label=\u00a0\u00bbFeatures\u00a0\u00bb _builder_version=\u00a0\u00bb4.27.4&Prime; _module_preset=\u00a0\u00bbdefault\u00a0\u00bb background_color=\u00a0\u00bbgcid-3be8d3fa-8b11-41b4-b614-e601c43d7597&Prime; custom_margin=\u00a0\u00bb4px|||||\u00a0\u00bb collapsed=\u00a0\u00bbon\u00a0\u00bb global_colors_info=\u00a0\u00bb{%22gcid-3be8d3fa-8b11-41b4-b614-e601c43d7597%22:%91%22background_color%22%93}\u00a0\u00bb][et_pb_row column_structure=\u00a0\u00bb1_3,1_3,1_3&Prime; use_custom_gutter=\u00a0\u00bbon\u00a0\u00bb gutter_width=\u00a0\u00bb1&Prime; make_equal=\u00a0\u00bbon\u00a0\u00bb _builder_version=\u00a0\u00bb4.27.4&Prime; _module_preset=\u00a0\u00bbdefault\u00a0\u00bb width=\u00a0\u00bb90%\u00a0\u00bb max_width=\u00a0\u00bb1400px\u00a0\u00bb min_height=\u00a0\u00bb282.2px\u00a0\u00bb custom_margin=\u00a0\u00bb0px|auto||auto|false|false\u00a0\u00bb custom_padding=\u00a0\u00bb0px||0px||true|false\u00a0\u00bb border_width_all=\u00a0\u00bb2px\u00a0\u00bb border_color_all=\u00a0\u00bb#000000&Prime; locked=\u00a0\u00bboff\u00a0\u00bb global_colors_info=\u00a0\u00bb{}\u00a0\u00bb][et_pb_column type=\u00a0\u00bb1_3&Prime; _builder_version=\u00a0\u00bb4.20.0&Prime; _module_preset=\u00a0\u00bbdefault\u00a0\u00bb custom_padding=\u00a0\u00bb60px|30px|60px|30px|true|true\u00a0\u00bb custom_padding_tablet=\u00a0\u00bb40px||40px||true|false\u00a0\u00bb custom_padding_phone=\u00a0\u00bb30px|20px|30px|20px|true|true\u00a0\u00bb custom_padding_last_edited=\u00a0\u00bbon|desktop\u00a0\u00bb global_colors_info=\u00a0\u00bb{}\u00a0\u00bb][et_pb_icon font_icon=\u00a0\u00bb&#xf153;||fa||900&Prime; icon_color=\u00a0\u00bb#000000&Prime; icon_width=\u00a0\u00bb48px\u00a0\u00bb align=\u00a0\u00bbleft\u00a0\u00bb _builder_version=\u00a0\u00bb4.27.4&Prime; _module_preset=\u00a0\u00bbdefault\u00a0\u00bb custom_margin=\u00a0\u00bb||30px||false|false\u00a0\u00bb custom_padding=\u00a0\u00bb0px|||||\u00a0\u00bb global_colors_info=\u00a0\u00bb{}\u00a0\u00bb][\/et_pb_icon][et_pb_text _builder_version=\u00a0\u00bb4.27.4&Prime; _module_preset=\u00a0\u00bb36e06527-1c55-4778-a28c-bdaaab2b7f39&Prime; header_3_text_color=\u00a0\u00bb#000000&Prime; custom_margin=\u00a0\u00bb||10px||false|false\u00a0\u00bb global_colors_info=\u00a0\u00bb{}\u00a0\u00bb]<\/p>\n<h3>Tarifs<\/h3>\n<p>[\/et_pb_text][et_pb_accordion open_toggle_text_color=\u00a0\u00bb#000000&Prime; icon_color=\u00a0\u00bb#000000&Prime; _builder_version=\u00a0\u00bb4.27.4&Prime; _module_preset=\u00a0\u00bbdefault\u00a0\u00bb toggle_text_color=\u00a0\u00bb#000000&Prime; body_font=\u00a0\u00bb||on||||||\u00a0\u00bb body_text_color=\u00a0\u00bb#000000&Prime; body_font_size=\u00a0\u00bb14px\u00a0\u00bb body_line_height=\u00a0\u00bb1.4em\u00a0\u00bb background_color=\u00a0\u00bb#10a774&Prime; border_color_all=\u00a0\u00bb#000000&Prime; global_colors_info=\u00a0\u00bb{}\u00a0\u00bb][et_pb_accordion_item title=\u00a0\u00bbPLEIN 16 \u20ac\u00a0\u00bb open=\u00a0\u00bbon\u00a0\u00bb _builder_version=\u00a0\u00bb4.27.4&Prime; _module_preset=\u00a0\u00bbdefault\u00a0\u00bb background_color=\u00a0\u00bb#10a774&Prime; background_enable_color=\u00a0\u00bbon\u00a0\u00bb global_colors_info=\u00a0\u00bb{}\u00a0\u00bb]<\/p>\n<p><em>Hors frais de location<\/em><\/p>\n<p>[\/et_pb_accordion_item][et_pb_accordion_item title=\u00a0\u00bbR\u00e9duit 13 \u20ac\u00a0\u00bb _builder_version=\u00a0\u00bb4.27.4&Prime; _module_preset=\u00a0\u00bbdefault\u00a0\u00bb background_color=\u00a0\u00bb#10a774&Prime; background_enable_color=\u00a0\u00bbon\u00a0\u00bb global_colors_info=\u00a0\u00bb{}\u00a0\u00bb open=\u00a0\u00bboff\u00a0\u00bb]<\/p>\n<p><spanarchivo narrow=\"\" arial=\"\" font-weight:normal=\"\" font-style:normal=\"\" color:=\"\" 666666=\"\" data-sheets-root=\"1\">Tarif disponible pour les \u00e9tudiant\u00b7es, les b\u00e9n\u00e9ficiaires du RSA, des AAH, les demandeur\u00b7euses d\u2019emploi, les volontaires en service civique, les adh\u00e9rent\u00b7es des MJC Vieux Lyon et MPT des Rancy. Un justificatif peut vous \u00eatre demand\u00e9 lors du contr\u00f4le des billets.\u00a0<\/spanarchivo><\/p>\n<p>[\/et_pb_accordion_item][et_pb_accordion_item title=\u00a0\u00bbFESTIVAL 10 \u20ac\u00a0\u00bb _builder_version=\u00a0\u00bb4.27.4&Prime; _module_preset=\u00a0\u00bbdefault\u00a0\u00bb background_color=\u00a0\u00bb#10a774&Prime; background_enable_color=\u00a0\u00bbon\u00a0\u00bb global_colors_info=\u00a0\u00bb{}\u00a0\u00bb open=\u00a0\u00bboff\u00a0\u00bb]<\/p>\n<p><em>Tarif disponible sur certains concerts pour encourager la d\u00e9couverte de nouveaux artistes. Il est accessible aux personnes ayant d\u00e9j\u00e0 achet\u00e9 au moins un billet (tarif normal, r\u00e9duit ou festival) pour un autre \u00e9v\u00e9nement du festival, dans la limite des places accessibles \u00e0 ce tarif. Le contr\u00f4le sera effectu\u00e9 via notre base de donn\u00e9es clients. Un justificatif peut vous \u00eatre demand\u00e9 lors du contr\u00f4le du billet, dans ce cas merci de pr\u00e9senter le billet de l\u2019autre \u00e9v\u00e9nement.<\/em><\/p>\n<p>[\/et_pb_accordion_item][\/et_pb_accordion][et_pb_button button_url=\u00a0\u00bbhttps:\/\/festival-leschantsdemars.seetickets.com\/event\/soiree-d-ouverture-juliette-magnevasoa\/salle-des-rancy-lyon\/3554510&Prime; button_text=\u00a0\u00bbR\u00e9server\u00a0\u00bb button_alignment=\u00a0\u00bbright\u00a0\u00bb button_alignment_tablet=\u00a0\u00bbleft\u00a0\u00bb button_alignment_phone=\u00a0\u00bbleft\u00a0\u00bb button_alignment_last_edited=\u00a0\u00bbon|tablet\u00a0\u00bb _builder_version=\u00a0\u00bb4.27.4&Prime; _module_preset=\u00a0\u00bb3d0b1d0c-c842-4d12-b19a-3556f41cee4b\u00a0\u00bb hover_enabled=\u00a0\u00bb0&Prime; global_colors_info=\u00a0\u00bb{}\u00a0\u00bb sticky_enabled=\u00a0\u00bb0&Prime;][\/et_pb_button][\/et_pb_column][et_pb_column type=\u00a0\u00bb1_3&Prime; _builder_version=\u00a0\u00bb4.20.0&Prime; _module_preset=\u00a0\u00bbdefault\u00a0\u00bb custom_padding=\u00a0\u00bb60px|30px|60px|30px|true|true\u00a0\u00bb custom_padding_tablet=\u00a0\u00bb40px||40px||true|false\u00a0\u00bb custom_padding_phone=\u00a0\u00bb30px|20px|30px|20px|true|true\u00a0\u00bb custom_padding_last_edited=\u00a0\u00bbon|desktop\u00a0\u00bb border_color_all=\u00a0\u00bb#000000&Prime; border_width_right=\u00a0\u00bb2px\u00a0\u00bb border_width_left=\u00a0\u00bb2px\u00a0\u00bb border_width_top_tablet=\u00a0\u00bb2px\u00a0\u00bb border_width_top_phone=\u00a0\u00bb2px\u00a0\u00bb border_width_top_last_edited=\u00a0\u00bbon|tablet\u00a0\u00bb border_width_right_tablet=\u00a0\u00bb0px\u00a0\u00bb border_width_right_phone=\u00a0\u00bb0px\u00a0\u00bb border_width_right_last_edited=\u00a0\u00bbon|tablet\u00a0\u00bb border_width_bottom_tablet=\u00a0\u00bb2px\u00a0\u00bb border_width_bottom_phone=\u00a0\u00bb2px\u00a0\u00bb border_width_bottom_last_edited=\u00a0\u00bbon|tablet\u00a0\u00bb border_width_left_tablet=\u00a0\u00bb0px\u00a0\u00bb border_width_left_phone=\u00a0\u00bb0px\u00a0\u00bb border_width_left_last_edited=\u00a0\u00bbon|tablet\u00a0\u00bb global_colors_info=\u00a0\u00bb{}\u00a0\u00bb][et_pb_icon font_icon=\u00a0\u00bb&#xf3c5;||fa||900&Prime; icon_color=\u00a0\u00bb#000000&Prime; icon_width=\u00a0\u00bb48px\u00a0\u00bb align=\u00a0\u00bbleft\u00a0\u00bb _builder_version=\u00a0\u00bb4.27.4&Prime; _module_preset=\u00a0\u00bbdefault\u00a0\u00bb custom_margin=\u00a0\u00bb||30px||false|false\u00a0\u00bb custom_padding=\u00a0\u00bb0px|||||\u00a0\u00bb global_colors_info=\u00a0\u00bb{}\u00a0\u00bb][\/et_pb_icon][et_pb_text _builder_version=\u00a0\u00bb4.27.4&Prime; _module_preset=\u00a0\u00bb36e06527-1c55-4778-a28c-bdaaab2b7f39&Prime; header_3_text_color=\u00a0\u00bb#000000&Prime; custom_margin=\u00a0\u00bb||10px||false|false\u00a0\u00bb global_colors_info=\u00a0\u00bb{}\u00a0\u00bb]<\/p>\n<h3>Salle des Rancy<\/h3>\n<p>[\/et_pb_text][et_pb_text _builder_version=\u00a0\u00bb4.27.4&Prime; _module_preset=\u00a0\u00bbf5c60424-9dbd-4a3b-930a-bbce0d0b0e3c\u00a0\u00bb custom_padding=\u00a0\u00bb||0px|||\u00a0\u00bb global_colors_info=\u00a0\u00bb{}\u00a0\u00bb]<\/p>\n<div dir=\"ltr\">\n<div spellcheck=\"false\" class=\"input-box\">\n<div class=\"cell-input editable\" role=\"combobox\" contenteditable=\"true\" docs-unhandledkeys=\"ctrl+shift+z,ctrl+y,ctrl+z\" id=\"waffle-rich-text-editor\" dir=\"ltr\" g_editable=\"true\" aria-autocomplete=\"list\" aria-haspopup=\"false\" aria-expanded=\"false\" aria-label=\"B4\" tabindex=\"0\"><span style=\"color: #ffffff;\">249 rue Vend\u00f4me,\u00a0 LYON 3<\/span><\/div>\n<\/div>\n<\/div>\n<div><\/div>\n<p>[\/et_pb_text][et_pb_toggle title=\u00a0\u00bbPOUR VENIR\u00a0\u00bb open_toggle_text_color=\u00a0\u00bb#000000&Prime; icon_color=\u00a0\u00bb#000000&Prime; open_icon_color=\u00a0\u00bb#000000&Prime; _builder_version=\u00a0\u00bb4.27.4&Prime; _module_preset=\u00a0\u00bbdefault\u00a0\u00bb title_text_color=\u00a0\u00bb#000000&Prime; title_level=\u00a0\u00bbh3&Prime; body_text_color=\u00a0\u00bb#FFFFFF\u00a0\u00bb background_color=\u00a0\u00bb#10a774&Prime; border_color_all=\u00a0\u00bbRGBA(255,255,255,0)\u00a0\u00bb global_colors_info=\u00a0\u00bb{}\u00a0\u00bb]<\/p>\n<p>\u2022 M\u00e9tro D : arr\u00eat Saxe-Gambetta<br \/>\u2022 M\u00e9tro B : arr\u00eat Saxe-Gambetta ou Place Guichard<br \/>\u2022 Tram T1 : arr\u00eat Palais de justice \u2013 Mairie du 3\u00e8me<br \/>\u2022 Bus C4 et C14 : arr\u00eat Saxe-Gambetta<\/p>\n<p>Pour conna\u00eetre tous les horaires : <a href=\"http:\/\/plan-interactif.tcl.fr\/\">http:\/\/plan-interactif.tcl.fr\/<\/a>\u00a0<\/p>\n<p>[\/et_pb_toggle][\/et_pb_column][et_pb_column type=\u00a0\u00bb1_3&Prime; _builder_version=\u00a0\u00bb4.20.0&Prime; _module_preset=\u00a0\u00bbdefault\u00a0\u00bb custom_padding=\u00a0\u00bb60px|30px|60px|30px|true|true\u00a0\u00bb custom_padding_tablet=\u00a0\u00bb40px||40px||true|false\u00a0\u00bb custom_padding_phone=\u00a0\u00bb30px|20px|30px|20px|true|true\u00a0\u00bb custom_padding_last_edited=\u00a0\u00bbon|desktop\u00a0\u00bb global_colors_info=\u00a0\u00bb{}\u00a0\u00bb][et_pb_icon font_icon=\u00a0\u00bb&#xe060;||divi||400&Prime; icon_color=\u00a0\u00bb#000000&Prime; icon_width=\u00a0\u00bb48px\u00a0\u00bb align=\u00a0\u00bbleft\u00a0\u00bb _builder_version=\u00a0\u00bb4.27.4&Prime; _module_preset=\u00a0\u00bbdefault\u00a0\u00bb custom_margin=\u00a0\u00bb||30px||false|false\u00a0\u00bb custom_padding=\u00a0\u00bb0px|||||\u00a0\u00bb global_colors_info=\u00a0\u00bb{}\u00a0\u00bb][\/et_pb_icon][et_pb_text _builder_version=\u00a0\u00bb4.27.4&Prime; _module_preset=\u00a0\u00bb36e06527-1c55-4778-a28c-bdaaab2b7f39&Prime; header_3_text_color=\u00a0\u00bb#000000&Prime; custom_margin=\u00a0\u00bb||10px||false|false\u00a0\u00bb global_colors_info=\u00a0\u00bb{}\u00a0\u00bb]<\/p>\n<h3>INFOS PRATIQUES<\/h3>\n<p>[\/et_pb_text][et_pb_text _builder_version=\u00a0\u00bb4.20.0&Prime; _module_preset=\u00a0\u00bbf5c60424-9dbd-4a3b-930a-bbce0d0b0e3c\u00a0\u00bb custom_padding=\u00a0\u00bb||0px|||\u00a0\u00bb global_colors_info=\u00a0\u00bb{}\u00a0\u00bb]<\/p>\n<p><span style=\"color: #ffffff;\">Ouverture des portes \u00e0 19h30. D\u00e9but des concerts \u00e0 21h. Bar sur place.<\/span><\/p>\n<p><span style=\"color: #ffffff;\">ACCUEIL PMR<\/span><br \/><span style=\"color: #ffffff;\">Pour vous accueillir dans les meilleures conditions possibles, merci de pr\u00e9venir de votre venue en amont.<\/span><\/p>\n<p>&nbsp;<\/p>\n<p>&nbsp;<\/p>\n<p>[\/et_pb_text][\/et_pb_column][\/et_pb_row][\/et_pb_section][et_pb_section fb_built=\u00a0\u00bb1&Prime; admin_label=\u00a0\u00bbFooter\u00a0\u00bb _builder_version=\u00a0\u00bb4.27.4&Prime; _module_preset=\u00a0\u00bbdefault\u00a0\u00bb background_image=\u00a0\u00bbhttps:\/\/www.leschantsdemars.com\/wp-content\/uploads\/2025\/10\/aab4c3e3-8d7b-4778-8694-5fcda2b359ab.jpg\u00a0\u00bb custom_padding=\u00a0\u00bb0px||0px||true|false\u00a0\u00bb saved_tabs=\u00a0\u00bball\u00a0\u00bb collapsed=\u00a0\u00bbon\u00a0\u00bb global_colors_info=\u00a0\u00bb{}\u00a0\u00bb][et_pb_row column_structure=\u00a0\u00bb1_2,1_2&Prime; _builder_version=\u00a0\u00bb4.20.0&Prime; _module_preset=\u00a0\u00bbdefault\u00a0\u00bb width=\u00a0\u00bb100%\u00a0\u00bb max_width=\u00a0\u00bbnone\u00a0\u00bb custom_padding=\u00a0\u00bb0px||0px||true|false\u00a0\u00bb locked=\u00a0\u00bboff\u00a0\u00bb global_colors_info=\u00a0\u00bb{}\u00a0\u00bb][et_pb_column type=\u00a0\u00bb1_2&Prime; _builder_version=\u00a0\u00bb4.20.0&Prime; _module_preset=\u00a0\u00bbdefault\u00a0\u00bb global_colors_info=\u00a0\u00bb{}\u00a0\u00bb][et_pb_social_media_follow use_icon_font_size=\u00a0\u00bbon\u00a0\u00bb icon_font_size=\u00a0\u00bb17px\u00a0\u00bb _builder_version=\u00a0\u00bb4.27.4&Prime; _module_preset=\u00a0\u00bbdefault\u00a0\u00bb text_orientation=\u00a0\u00bbcenter\u00a0\u00bb custom_margin=\u00a0\u00bb||39px|||\u00a0\u00bb custom_padding=\u00a0\u00bb24px|||||\u00a0\u00bb global_colors_info=\u00a0\u00bb{}\u00a0\u00bb][et_pb_social_media_follow_network social_network=\u00a0\u00bbfacebook\u00a0\u00bb url=\u00a0\u00bbhttps:\/\/www.facebook.com\/leschantsdemars\/\u00a0\u00bb _builder_version=\u00a0\u00bb4.27.4&Prime; _module_preset=\u00a0\u00bbdefault\u00a0\u00bb background_color=\u00a0\u00bb#3b5998&Prime; global_colors_info=\u00a0\u00bb{}\u00a0\u00bb follow_button=\u00a0\u00bboff\u00a0\u00bb url_new_window=\u00a0\u00bbon\u00a0\u00bb]facebook[\/et_pb_social_media_follow_network][et_pb_social_media_follow_network social_network=\u00a0\u00bbinstagram\u00a0\u00bb url=\u00a0\u00bbhttps:\/\/www.instagram.com\/leschantsdemars\/\u00a0\u00bb _builder_version=\u00a0\u00bb4.27.4&Prime; _module_preset=\u00a0\u00bbdefault\u00a0\u00bb background_color=\u00a0\u00bb#ea2c59&Prime; global_colors_info=\u00a0\u00bb{}\u00a0\u00bb follow_button=\u00a0\u00bboff\u00a0\u00bb url_new_window=\u00a0\u00bbon\u00a0\u00bb]instagram[\/et_pb_social_media_follow_network][et_pb_social_media_follow_network social_network=\u00a0\u00bblinkedin\u00a0\u00bb url=\u00a0\u00bbhttps:\/\/www.linkedin.com\/company\/festival-les-chants-de-mars\/\u00a0\u00bb _builder_version=\u00a0\u00bb4.27.4&Prime; _module_preset=\u00a0\u00bbdefault\u00a0\u00bb background_color=\u00a0\u00bb#007bb6&Prime; global_colors_info=\u00a0\u00bb{}\u00a0\u00bb follow_button=\u00a0\u00bboff\u00a0\u00bb url_new_window=\u00a0\u00bbon\u00a0\u00bb]linkedin[\/et_pb_social_media_follow_network][et_pb_social_media_follow_network social_network=\u00a0\u00bbtiktok\u00a0\u00bb url=\u00a0\u00bbhttps:\/\/www.tiktok.com\/@leschantsdemars\u00a0\u00bb _builder_version=\u00a0\u00bb4.27.4&Prime; _module_preset=\u00a0\u00bbdefault\u00a0\u00bb background_color=\u00a0\u00bb#fe2c55&Prime; global_colors_info=\u00a0\u00bb{}\u00a0\u00bb follow_button=\u00a0\u00bboff\u00a0\u00bb url_new_window=\u00a0\u00bbon\u00a0\u00bb]tiktok[\/et_pb_social_media_follow_network][et_pb_social_media_follow_network social_network=\u00a0\u00bbyoutube\u00a0\u00bb url=\u00a0\u00bbhttps:\/\/www.youtube.com\/@festivalleschantsdemars881&Prime; _builder_version=\u00a0\u00bb4.27.4&Prime; _module_preset=\u00a0\u00bbdefault\u00a0\u00bb background_color=\u00a0\u00bb#a82400&Prime; global_colors_info=\u00a0\u00bb{}\u00a0\u00bb follow_button=\u00a0\u00bboff\u00a0\u00bb url_new_window=\u00a0\u00bbon\u00a0\u00bb]youtube[\/et_pb_social_media_follow_network][\/et_pb_social_media_follow][\/et_pb_column][et_pb_column type=\u00a0\u00bb1_2&Prime; _builder_version=\u00a0\u00bb4.20.0&Prime; _module_preset=\u00a0\u00bbdefault\u00a0\u00bb global_colors_info=\u00a0\u00bb{}\u00a0\u00bb][et_pb_button button_url=\u00a0\u00bbhttps:\/\/3bbf57ff.sibforms.com\/serve\/MUIFAHrZljk268BIRE2KTnsduIoBabLiubRmOT4MJIRF26LvDqemTEAdGGl7bUu0ECObRY-x8Aw6Zqg2fM347XYzJ9wx6o8PWbQ1-RBMEKQ8MFdmn5GwCjbmvxkzg6bKZNj2PIkS1iG_thndZjUWTevv7Wxupq3CkyPfXVuHJksivqdQVs5W9zLtxtyA3oImpyd3RimBsdZfdJLp%20&Prime; button_text=\u00a0\u00bbS&rsquo;abonner \u00e0 la newsletter\u00a0\u00bb button_alignment=\u00a0\u00bbcenter\u00a0\u00bb _builder_version=\u00a0\u00bb4.27.4&Prime; _module_preset=\u00a0\u00bbdefault\u00a0\u00bb custom_button=\u00a0\u00bbon\u00a0\u00bb button_icon=\u00a0\u00bb&#x3d;||divi||400&Prime; background_layout=\u00a0\u00bbdark\u00a0\u00bb custom_margin=\u00a0\u00bb15px||||false|false\u00a0\u00bb global_colors_info=\u00a0\u00bb{}\u00a0\u00bb][\/et_pb_button][\/et_pb_column][\/et_pb_row][\/et_pb_section]<\/p>\n","protected":false},"excerpt":{"rendered":"<p>Festival Les Chants de Mars12 &gt; 28 MARS 202620 ANS de MUSIQUES FRANCOPHONES | LYON\u00a0 \u00a0JEUDI 12 MARS &#8211; 20h30JULIETTE MAGNEVASOAJuliette Magnevasoa vient de Madagascar ou d\u2019ailleurs, elle a \u00e9t\u00e9 adopt\u00e9e petite, et ce d\u00e9but d\u2019histoire, comme les contes, ouvre sur l\u2019aventure de grandir. La musique vient d\u2019\u00e9vidence : elle rassemble les pi\u00e8ces du puzzle [&hellip;]<\/p>\n","protected":false},"author":1,"featured_media":0,"parent":0,"menu_order":0,"comment_status":"closed","ping_status":"closed","template":"","meta":{"_et_pb_use_builder":"on","_et_pb_old_content":"","_et_gb_content_width":"","_exactmetrics_skip_tracking":false,"_exactmetrics_sitenote_active":false,"_exactmetrics_sitenote_note":"","_exactmetrics_sitenote_category":0,"footnotes":""},"class_list":["post-2579","page","type-page","status-publish","hentry"],"yoast_head":"<!-- This site is optimized with the Yoast SEO plugin v27.5 - https:\/\/yoast.com\/product\/yoast-seo-wordpress\/ -->\n<title>JULIETTE MAGNEVASOA | Les Chants de Mars<\/title>\n<meta name=\"robots\" content=\"index, follow, max-snippet:-1, max-image-preview:large, max-video-preview:-1\" \/>\n<link rel=\"canonical\" href=\"https:\/\/www.leschantsdemars.com\/index.php\/juliette-magnevasoa\/\" \/>\n<meta property=\"og:locale\" content=\"fr_FR\" \/>\n<meta property=\"og:type\" content=\"article\" \/>\n<meta property=\"og:title\" content=\"JULIETTE MAGNEVASOA | Les Chants de Mars\" \/>\n<meta property=\"og:description\" content=\"Festival Les Chants de Mars12 &gt; 28 MARS 202620 ANS de MUSIQUES FRANCOPHONES | LYON\u00a0 \u00a0JEUDI 12 MARS - 20h30JULIETTE MAGNEVASOAJuliette Magnevasoa vient de Madagascar ou d\u2019ailleurs, elle a \u00e9t\u00e9 adopt\u00e9e petite, et ce d\u00e9but d\u2019histoire, comme les contes, ouvre sur l\u2019aventure de grandir. La musique vient d\u2019\u00e9vidence : elle rassemble les pi\u00e8ces du puzzle [&hellip;]\" \/>\n<meta property=\"og:url\" content=\"https:\/\/www.leschantsdemars.com\/index.php\/juliette-magnevasoa\/\" \/>\n<meta property=\"og:site_name\" content=\"Les Chants de Mars\" \/>\n<meta property=\"article:publisher\" content=\"https:\/\/www.facebook.com\/leschantsdemars\/\" \/>\n<meta property=\"article:modified_time\" content=\"2025-11-27T15:40:09+00:00\" \/>\n<meta name=\"twitter:card\" content=\"summary_large_image\" \/>\n<script type=\"application\/ld+json\" class=\"yoast-schema-graph\">{\"@context\":\"https:\\\/\\\/schema.org\",\"@graph\":[{\"@type\":\"WebPage\",\"@id\":\"https:\\\/\\\/www.leschantsdemars.com\\\/index.php\\\/juliette-magnevasoa\\\/\",\"url\":\"https:\\\/\\\/www.leschantsdemars.com\\\/index.php\\\/juliette-magnevasoa\\\/\",\"name\":\"JULIETTE MAGNEVASOA | Les Chants de Mars\",\"isPartOf\":{\"@id\":\"https:\\\/\\\/www.leschantsdemars.com\\\/#website\"},\"datePublished\":\"2025-11-12T14:15:11+00:00\",\"dateModified\":\"2025-11-27T15:40:09+00:00\",\"breadcrumb\":{\"@id\":\"https:\\\/\\\/www.leschantsdemars.com\\\/index.php\\\/juliette-magnevasoa\\\/#breadcrumb\"},\"inLanguage\":\"fr-FR\",\"potentialAction\":[{\"@type\":\"ReadAction\",\"target\":[\"https:\\\/\\\/www.leschantsdemars.com\\\/index.php\\\/juliette-magnevasoa\\\/\"]}]},{\"@type\":\"BreadcrumbList\",\"@id\":\"https:\\\/\\\/www.leschantsdemars.com\\\/index.php\\\/juliette-magnevasoa\\\/#breadcrumb\",\"itemListElement\":[{\"@type\":\"ListItem\",\"position\":1,\"name\":\"Accueil\",\"item\":\"https:\\\/\\\/www.leschantsdemars.com\\\/\"},{\"@type\":\"ListItem\",\"position\":2,\"name\":\"JULIETTE MAGNEVASOA\"}]},{\"@type\":\"WebSite\",\"@id\":\"https:\\\/\\\/www.leschantsdemars.com\\\/#website\",\"url\":\"https:\\\/\\\/www.leschantsdemars.com\\\/\",\"name\":\"Les Chants de Mars\",\"description\":\"20e \u00e9dition - Festival de chanson actuelle - 12 au 28 mars 2026 - Lyon\",\"publisher\":{\"@id\":\"https:\\\/\\\/www.leschantsdemars.com\\\/#organization\"},\"potentialAction\":[{\"@type\":\"SearchAction\",\"target\":{\"@type\":\"EntryPoint\",\"urlTemplate\":\"https:\\\/\\\/www.leschantsdemars.com\\\/?s={search_term_string}\"},\"query-input\":{\"@type\":\"PropertyValueSpecification\",\"valueRequired\":true,\"valueName\":\"search_term_string\"}}],\"inLanguage\":\"fr-FR\"},{\"@type\":\"Organization\",\"@id\":\"https:\\\/\\\/www.leschantsdemars.com\\\/#organization\",\"name\":\"Les Chants de Mars\",\"url\":\"https:\\\/\\\/www.leschantsdemars.com\\\/\",\"logo\":{\"@type\":\"ImageObject\",\"inLanguage\":\"fr-FR\",\"@id\":\"https:\\\/\\\/www.leschantsdemars.com\\\/#\\\/schema\\\/logo\\\/image\\\/\",\"url\":\"https:\\\/\\\/www.leschantsdemars.com\\\/wp-content\\\/uploads\\\/2017\\\/11\\\/logo-chants-de-mars-vector.png\",\"contentUrl\":\"https:\\\/\\\/www.leschantsdemars.com\\\/wp-content\\\/uploads\\\/2017\\\/11\\\/logo-chants-de-mars-vector.png\",\"width\":509,\"height\":510,\"caption\":\"Les Chants de Mars\"},\"image\":{\"@id\":\"https:\\\/\\\/www.leschantsdemars.com\\\/#\\\/schema\\\/logo\\\/image\\\/\"},\"sameAs\":[\"https:\\\/\\\/www.facebook.com\\\/leschantsdemars\\\/\",\"https:\\\/\\\/www.instagram.com\\\/leschantsdemars\\\/\",\"https:\\\/\\\/www.youtube.com\\\/@festivalleschantsdemars881\"]}]}<\/script>\n<!-- \/ Yoast SEO plugin. -->","yoast_head_json":{"title":"JULIETTE MAGNEVASOA | Les Chants de Mars","robots":{"index":"index","follow":"follow","max-snippet":"max-snippet:-1","max-image-preview":"max-image-preview:large","max-video-preview":"max-video-preview:-1"},"canonical":"https:\/\/www.leschantsdemars.com\/index.php\/juliette-magnevasoa\/","og_locale":"fr_FR","og_type":"article","og_title":"JULIETTE MAGNEVASOA | Les Chants de Mars","og_description":"Festival Les Chants de Mars12 &gt; 28 MARS 202620 ANS de MUSIQUES FRANCOPHONES | LYON\u00a0 \u00a0JEUDI 12 MARS - 20h30JULIETTE MAGNEVASOAJuliette Magnevasoa vient de Madagascar ou d\u2019ailleurs, elle a \u00e9t\u00e9 adopt\u00e9e petite, et ce d\u00e9but d\u2019histoire, comme les contes, ouvre sur l\u2019aventure de grandir. La musique vient d\u2019\u00e9vidence : elle rassemble les pi\u00e8ces du puzzle [&hellip;]","og_url":"https:\/\/www.leschantsdemars.com\/index.php\/juliette-magnevasoa\/","og_site_name":"Les Chants de Mars","article_publisher":"https:\/\/www.facebook.com\/leschantsdemars\/","article_modified_time":"2025-11-27T15:40:09+00:00","twitter_card":"summary_large_image","schema":{"@context":"https:\/\/schema.org","@graph":[{"@type":"WebPage","@id":"https:\/\/www.leschantsdemars.com\/index.php\/juliette-magnevasoa\/","url":"https:\/\/www.leschantsdemars.com\/index.php\/juliette-magnevasoa\/","name":"JULIETTE MAGNEVASOA | Les Chants de Mars","isPartOf":{"@id":"https:\/\/www.leschantsdemars.com\/#website"},"datePublished":"2025-11-12T14:15:11+00:00","dateModified":"2025-11-27T15:40:09+00:00","breadcrumb":{"@id":"https:\/\/www.leschantsdemars.com\/index.php\/juliette-magnevasoa\/#breadcrumb"},"inLanguage":"fr-FR","potentialAction":[{"@type":"ReadAction","target":["https:\/\/www.leschantsdemars.com\/index.php\/juliette-magnevasoa\/"]}]},{"@type":"BreadcrumbList","@id":"https:\/\/www.leschantsdemars.com\/index.php\/juliette-magnevasoa\/#breadcrumb","itemListElement":[{"@type":"ListItem","position":1,"name":"Accueil","item":"https:\/\/www.leschantsdemars.com\/"},{"@type":"ListItem","position":2,"name":"JULIETTE MAGNEVASOA"}]},{"@type":"WebSite","@id":"https:\/\/www.leschantsdemars.com\/#website","url":"https:\/\/www.leschantsdemars.com\/","name":"Les Chants de Mars","description":"20e \u00e9dition - Festival de chanson actuelle - 12 au 28 mars 2026 - Lyon","publisher":{"@id":"https:\/\/www.leschantsdemars.com\/#organization"},"potentialAction":[{"@type":"SearchAction","target":{"@type":"EntryPoint","urlTemplate":"https:\/\/www.leschantsdemars.com\/?s={search_term_string}"},"query-input":{"@type":"PropertyValueSpecification","valueRequired":true,"valueName":"search_term_string"}}],"inLanguage":"fr-FR"},{"@type":"Organization","@id":"https:\/\/www.leschantsdemars.com\/#organization","name":"Les Chants de Mars","url":"https:\/\/www.leschantsdemars.com\/","logo":{"@type":"ImageObject","inLanguage":"fr-FR","@id":"https:\/\/www.leschantsdemars.com\/#\/schema\/logo\/image\/","url":"https:\/\/www.leschantsdemars.com\/wp-content\/uploads\/2017\/11\/logo-chants-de-mars-vector.png","contentUrl":"https:\/\/www.leschantsdemars.com\/wp-content\/uploads\/2017\/11\/logo-chants-de-mars-vector.png","width":509,"height":510,"caption":"Les Chants de Mars"},"image":{"@id":"https:\/\/www.leschantsdemars.com\/#\/schema\/logo\/image\/"},"sameAs":["https:\/\/www.facebook.com\/leschantsdemars\/","https:\/\/www.instagram.com\/leschantsdemars\/","https:\/\/www.youtube.com\/@festivalleschantsdemars881"]}]}},"_links":{"self":[{"href":"https:\/\/www.leschantsdemars.com\/index.php\/wp-json\/wp\/v2\/pages\/2579","targetHints":{"allow":["GET"]}}],"collection":[{"href":"https:\/\/www.leschantsdemars.com\/index.php\/wp-json\/wp\/v2\/pages"}],"about":[{"href":"https:\/\/www.leschantsdemars.com\/index.php\/wp-json\/wp\/v2\/types\/page"}],"author":[{"embeddable":true,"href":"https:\/\/www.leschantsdemars.com\/index.php\/wp-json\/wp\/v2\/users\/1"}],"replies":[{"embeddable":true,"href":"https:\/\/www.leschantsdemars.com\/index.php\/wp-json\/wp\/v2\/comments?post=2579"}],"version-history":[{"count":5,"href":"https:\/\/www.leschantsdemars.com\/index.php\/wp-json\/wp\/v2\/pages\/2579\/revisions"}],"predecessor-version":[{"id":2774,"href":"https:\/\/www.leschantsdemars.com\/index.php\/wp-json\/wp\/v2\/pages\/2579\/revisions\/2774"}],"wp:attachment":[{"href":"https:\/\/www.leschantsdemars.com\/index.php\/wp-json\/wp\/v2\/media?parent=2579"}],"curies":[{"name":"wp","href":"https:\/\/api.w.org\/{rel}","templated":true}]}}