{"id":2458,"date":"2025-10-24T10:02:50","date_gmt":"2025-10-24T08:02:50","guid":{"rendered":"https:\/\/www.leschantsdemars.com\/?page_id=2458"},"modified":"2026-03-13T14:25:50","modified_gmt":"2026-03-13T13:25:50","slug":"juste-shani-2","status":"publish","type":"page","link":"https:\/\/www.leschantsdemars.com\/index.php\/juste-shani-2\/","title":{"rendered":"JUSTE SHANI"},"content":{"rendered":"<p>[et_pb_section fb_built=\u00a0\u00bb1&Prime; admin_label=\u00a0\u00bbHeader\u00a0\u00bb _builder_version=\u00a0\u00bb4.27.4&Prime; _module_preset=\u00a0\u00bbdefault\u00a0\u00bb background_color=\u00a0\u00bbgcid-37cbb015-7589-42e9-be9a-4f1c83f29293&Prime; custom_margin=\u00a0\u00bb||-9px|||\u00a0\u00bb custom_padding=\u00a0\u00bb||0px|||\u00a0\u00bb link_option_url=\u00a0\u00bbhttps:\/\/www.leschantsdemars.com\/\u00a0\u00bb border_color_all=\u00a0\u00bb#000000&Prime; border_width_bottom=\u00a0\u00bb8px\u00a0\u00bb locked=\u00a0\u00bboff\u00a0\u00bb collapsed=\u00a0\u00bbon\u00a0\u00bb global_colors_info=\u00a0\u00bb{%22gcid-37cbb015-7589-42e9-be9a-4f1c83f29293%22:%91%22background_color%22%93}\u00a0\u00bb][et_pb_row column_structure=\u00a0\u00bb1_3,1_3,1_3&Prime; _builder_version=\u00a0\u00bb4.27.4&Prime; _module_preset=\u00a0\u00bbdefault\u00a0\u00bb width=\u00a0\u00bb90%\u00a0\u00bb max_width=\u00a0\u00bbnone\u00a0\u00bb min_height=\u00a0\u00bb177px\u00a0\u00bb custom_margin=\u00a0\u00bb|auto|27px|auto||\u00a0\u00bb link_option_url=\u00a0\u00bbhttps:\/\/www.leschantsdemars.com\/\u00a0\u00bb global_colors_info=\u00a0\u00bb{}\u00a0\u00bb][et_pb_column type=\u00a0\u00bb1_3&Prime; _builder_version=\u00a0\u00bb4.20.0&Prime; _module_preset=\u00a0\u00bbdefault\u00a0\u00bb global_colors_info=\u00a0\u00bb{}\u00a0\u00bb][et_pb_text _builder_version=\u00a0\u00bb4.27.4&Prime; _module_preset=\u00a0\u00bb86a7ffe4-9b65-4f70-a414-f6915f8b566d\u00a0\u00bb text_font=\u00a0\u00bb|300|||||||\u00a0\u00bb text_text_color=\u00a0\u00bb#FFFFFF\u00a0\u00bb header_font=\u00a0\u00bb|300|||||||\u00a0\u00bb header_text_color=\u00a0\u00bb#FFFFFF\u00a0\u00bb header_2_font=\u00a0\u00bb|300|||||||\u00a0\u00bb header_2_text_color=\u00a0\u00bb#FFFFFF\u00a0\u00bb header_3_text_color=\u00a0\u00bb#FFFFFF\u00a0\u00bb header_4_text_color=\u00a0\u00bb#FFFFFF\u00a0\u00bb header_5_text_color=\u00a0\u00bb#FFFFFF\u00a0\u00bb header_6_text_color=\u00a0\u00bb#FFFFFF\u00a0\u00bb global_colors_info=\u00a0\u00bb{}\u00a0\u00bb]<\/p>\n<h2><strong>Festival Les Chants de Mars<\/strong><\/h2>\n<p>[\/et_pb_text][et_pb_text _builder_version=\u00a0\u00bb4.27.4&Prime; _module_preset=\u00a0\u00bb86a7ffe4-9b65-4f70-a414-f6915f8b566d\u00a0\u00bb text_font=\u00a0\u00bb|300|||||||\u00a0\u00bb text_text_color=\u00a0\u00bb#FFFFFF\u00a0\u00bb header_font=\u00a0\u00bb|300|||||||\u00a0\u00bb header_text_color=\u00a0\u00bb#FFFFFF\u00a0\u00bb header_2_font=\u00a0\u00bb|300|||||||\u00a0\u00bb header_2_text_color=\u00a0\u00bb#FFFFFF\u00a0\u00bb header_3_text_color=\u00a0\u00bb#FFFFFF\u00a0\u00bb header_4_text_color=\u00a0\u00bb#FFFFFF\u00a0\u00bb header_5_text_color=\u00a0\u00bb#FFFFFF\u00a0\u00bb header_6_text_color=\u00a0\u00bb#FFFFFF\u00a0\u00bb global_colors_info=\u00a0\u00bb{}\u00a0\u00bb]<\/p>\n<h1><strong>12 &gt; 28 MARS 2026<\/strong><\/h1>\n<p>[\/et_pb_text][et_pb_text _builder_version=\u00a0\u00bb4.27.4&Prime; _module_preset=\u00a0\u00bb86a7ffe4-9b65-4f70-a414-f6915f8b566d\u00a0\u00bb text_font=\u00a0\u00bb|300|||||||\u00a0\u00bb text_text_color=\u00a0\u00bb#FFFFFF\u00a0\u00bb header_font=\u00a0\u00bb|300|||||||\u00a0\u00bb header_text_color=\u00a0\u00bb#FFFFFF\u00a0\u00bb header_2_font=\u00a0\u00bb|300|||||||\u00a0\u00bb header_2_text_color=\u00a0\u00bb#FFFFFF\u00a0\u00bb header_3_text_color=\u00a0\u00bb#FFFFFF\u00a0\u00bb header_4_text_color=\u00a0\u00bb#FFFFFF\u00a0\u00bb header_5_text_color=\u00a0\u00bb#FFFFFF\u00a0\u00bb header_6_text_color=\u00a0\u00bb#FFFFFF\u00a0\u00bb global_colors_info=\u00a0\u00bb{}\u00a0\u00bb]<\/p>\n<h4><strong>20 ANS de MUSIQUES FRANCOPHONES | LYON<\/strong><\/h4>\n<p>[\/et_pb_text][\/et_pb_column][et_pb_column type=\u00a0\u00bb1_3&Prime; _builder_version=\u00a0\u00bb4.20.0&Prime; _module_preset=\u00a0\u00bbdefault\u00a0\u00bb global_colors_info=\u00a0\u00bb{}\u00a0\u00bb][et_pb_image src=\u00a0\u00bbhttps:\/\/www.leschantsdemars.com\/wp-content\/uploads\/2025\/10\/logo-chantsdemars-1.png\u00a0\u00bb title_text=\u00a0\u00bblogo-chantsdemars\u00a0\u00bb show_bottom_space=\u00a0\u00bboff\u00a0\u00bb align=\u00a0\u00bbcenter\u00a0\u00bb _builder_version=\u00a0\u00bb4.27.4&Prime; _module_preset=\u00a0\u00bbdefault\u00a0\u00bb custom_margin=\u00a0\u00bb-2px|||||\u00a0\u00bb global_colors_info=\u00a0\u00bb{}\u00a0\u00bb][\/et_pb_image][\/et_pb_column][et_pb_column type=\u00a0\u00bb1_3&Prime; _builder_version=\u00a0\u00bb4.20.0&Prime; _module_preset=\u00a0\u00bbdefault\u00a0\u00bb global_colors_info=\u00a0\u00bb{}\u00a0\u00bb][et_pb_button button_url=\u00a0\u00bbhttps:\/\/festival-leschantsdemars.seetickets.com\/search\/all\u00a0\u00bb button_text=\u00a0\u00bbBILLETTERIE\u00a0\u00bb button_alignment=\u00a0\u00bbright\u00a0\u00bb button_alignment_tablet=\u00a0\u00bbleft\u00a0\u00bb button_alignment_phone=\u00a0\u00bbleft\u00a0\u00bb button_alignment_last_edited=\u00a0\u00bbon|tablet\u00a0\u00bb _builder_version=\u00a0\u00bb4.27.4&Prime; _module_preset=\u00a0\u00bb68cfeece-78dc-47f6-8ca6-900ac41374fc\u00a0\u00bb button_text_color=\u00a0\u00bb#FFFFFF\u00a0\u00bb button_border_color=\u00a0\u00bb#FFFFFF\u00a0\u00bb background_layout=\u00a0\u00bbdark\u00a0\u00bb custom_margin=\u00a0\u00bb|352px||||\u00a0\u00bb locked=\u00a0\u00bboff\u00a0\u00bb global_colors_info=\u00a0\u00bb{}\u00a0\u00bb][\/et_pb_button][et_pb_menu active_link_color=\u00a0\u00bb#FFFFFF\u00a0\u00bb show_search_icon=\u00a0\u00bbon\u00a0\u00bb cart_icon_color=\u00a0\u00bbRGBA(255,255,255,0)\u00a0\u00bb search_icon_color=\u00a0\u00bb#FFFFFF\u00a0\u00bb menu_icon_color=\u00a0\u00bb#FFFFFF\u00a0\u00bb _builder_version=\u00a0\u00bb4.27.4&Prime; _module_preset=\u00a0\u00bbdefault\u00a0\u00bb menu_text_color=\u00a0\u00bb#FFFFFF\u00a0\u00bb background_color=\u00a0\u00bb#431a66&Prime; global_colors_info=\u00a0\u00bb{}\u00a0\u00bb][\/et_pb_menu][\/et_pb_column][\/et_pb_row][\/et_pb_section][et_pb_section fb_built=\u00a0\u00bb1&Prime; admin_label=\u00a0\u00bbHeader\u00a0\u00bb _builder_version=\u00a0\u00bb4.27.4&Prime; _module_preset=\u00a0\u00bbdefault\u00a0\u00bb background_color=\u00a0\u00bb#FFFFFF\u00a0\u00bb collapsed=\u00a0\u00bbon\u00a0\u00bb global_colors_info=\u00a0\u00bb{}\u00a0\u00bb][et_pb_row _builder_version=\u00a0\u00bb4.27.4&Prime; _module_preset=\u00a0\u00bbdefault\u00a0\u00bb width=\u00a0\u00bb90%\u00a0\u00bb max_width=\u00a0\u00bb1400px\u00a0\u00bb custom_padding=\u00a0\u00bb||3px|||\u00a0\u00bb global_colors_info=\u00a0\u00bb{}\u00a0\u00bb][et_pb_column type=\u00a0\u00bb4_4&Prime; _builder_version=\u00a0\u00bb4.20.0&Prime; _module_preset=\u00a0\u00bbdefault\u00a0\u00bb global_colors_info=\u00a0\u00bb{}\u00a0\u00bb][et_pb_text _builder_version=\u00a0\u00bb4.27.4&Prime; _module_preset=\u00a0\u00bb56a2446d-7eb6-4974-bb88-a0f0dd160793&Prime; header_text_align=\u00a0\u00bbleft\u00a0\u00bb background_color=\u00a0\u00bb#000000&Prime; background_image=\u00a0\u00bbhttps:\/\/www.leschantsdemars.com\/wp-content\/uploads\/2025\/11\/Design-sans-titre-3.jpg\u00a0\u00bb custom_padding=\u00a0\u00bb||8px|||\u00a0\u00bb global_colors_info=\u00a0\u00bb{}\u00a0\u00bb]<\/p>\n<h2><span style=\"color: #ffffff;\">\u00a0<\/span><\/h2>\n<h2><span style=\"color: #ffffff;\"><\/span><\/h2>\n<h2><span style=\"color: #ffffff;\"><\/span><\/h2>\n<h2><span style=\"color: #ffffff;\"><\/span><\/h2>\n<h2><span style=\"color: #ffffff;\">\u00a0<\/span><\/h2>\n<h2><span style=\"color: #ffffff;\"><\/span><\/h2>\n<h2><span style=\"color: #ffffff;\"><\/span><\/h2>\n<h2><span style=\"color: #ffffff;\"><\/span><\/h2>\n<h2><span style=\"color: #ffffff;\">Vendred<\/span><span style=\"color: #ffffff;\">I 13 MARS &#8211; 19h30<\/span><\/h2>\n<p>[\/et_pb_text][et_pb_text _builder_version=\u00a0\u00bb4.20.0&Prime; _module_preset=\u00a0\u00bb6efadde3-5a55-4741-8f71-ff07e23f2dbc\u00a0\u00bb global_colors_info=\u00a0\u00bb{}\u00a0\u00bb]<\/p>\n<h2><span style=\"color: #e9408f;\">JUSTE SHANI<\/span><\/h2>\n<p>[\/et_pb_text][\/et_pb_column][\/et_pb_row][et_pb_row column_structure=\u00a0\u00bb3_4,1_4&Prime; _builder_version=\u00a0\u00bb4.20.0&Prime; _module_preset=\u00a0\u00bbdefault\u00a0\u00bb width=\u00a0\u00bb90%\u00a0\u00bb max_width=\u00a0\u00bb1400px\u00a0\u00bb custom_padding=\u00a0\u00bb0px||25px|||\u00a0\u00bb global_colors_info=\u00a0\u00bb{}\u00a0\u00bb][et_pb_column type=\u00a0\u00bb3_4&Prime; _builder_version=\u00a0\u00bb4.20.0&Prime; _module_preset=\u00a0\u00bbdefault\u00a0\u00bb global_colors_info=\u00a0\u00bb{}\u00a0\u00bb][et_pb_text _builder_version=\u00a0\u00bb4.27.4&Prime; _module_preset=\u00a0\u00bb64ea9ac0-e32e-4fe1-91b0-9db02bfe603c\u00a0\u00bb locked=\u00a0\u00bboff\u00a0\u00bb global_colors_info=\u00a0\u00bb{}\u00a0\u00bb]<\/p>\n<p><span data-sheets-root=\"1\">Artiste ind\u00e9pendante et v\u00e9ritable girl boss, Juste Shani est une rappeuse avec la sensibilit\u00e9 d\u2019une r\u00eaveuse et la mentalit\u00e9 d\u2019une gagnante. <br \/>Ses morceaux allient messages forts et bangers efficaces, toujours port\u00e9s par une plume finement travaill\u00e9e. <br \/>Sur sc\u00e8ne, son ardeur et son magn\u00e9tisme captivent le public, la menant sur les plus grandes sc\u00e8nes : L&rsquo;Olympia en premi\u00e8re partie d&rsquo;IAM, des festivals tels que Solidays, Lollapalooza, Les Ardentes ou encore en tourne\u0301e au Chili et au Bre\u0301sil ! <br \/>Dans son dernier EP \u201cDiamant Noir\u201d, Juste Shani encourage chacun \u00e0 faire de ses failles une force et \u00e0 briller par sa propre identit\u00e9. Le message engag\u00e9 d\u2019une artiste ancr\u00e9e dans sa g\u00e9n\u00e9ration. <\/span><\/p>\n<p>[\/et_pb_text][\/et_pb_column][et_pb_column type=\u00a0\u00bb1_4&Prime; _builder_version=\u00a0\u00bb4.20.0&Prime; _module_preset=\u00a0\u00bbdefault\u00a0\u00bb global_colors_info=\u00a0\u00bb{}\u00a0\u00bb][et_pb_video src=\u00a0\u00bbhttps:\/\/www.youtube.com\/watch?v=XGVyFM6qp8g\u00a0\u00bb _builder_version=\u00a0\u00bb4.27.4&Prime; _module_preset=\u00a0\u00bbdefault\u00a0\u00bb global_colors_info=\u00a0\u00bb{}\u00a0\u00bb][\/et_pb_video][\/et_pb_column][\/et_pb_row][et_pb_row _builder_version=\u00a0\u00bb4.27.4&Prime; _module_preset=\u00a0\u00bbdefault\u00a0\u00bb width=\u00a0\u00bb90%\u00a0\u00bb max_width=\u00a0\u00bb1400px\u00a0\u00bb custom_margin=\u00a0\u00bb|auto|3px|auto||\u00a0\u00bb custom_padding=\u00a0\u00bb14px||3px|||\u00a0\u00bb global_colors_info=\u00a0\u00bb{}\u00a0\u00bb][et_pb_column type=\u00a0\u00bb4_4&Prime; _builder_version=\u00a0\u00bb4.20.0&Prime; _module_preset=\u00a0\u00bbdefault\u00a0\u00bb global_colors_info=\u00a0\u00bb{}\u00a0\u00bb][et_pb_text _builder_version=\u00a0\u00bb4.20.0&Prime; _module_preset=\u00a0\u00bb6efadde3-5a55-4741-8f71-ff07e23f2dbc\u00a0\u00bb global_colors_info=\u00a0\u00bb{}\u00a0\u00bb]<\/p>\n<h2><span style=\"color: #e9408f;\">+ SHENG<\/span><\/h2>\n<p>[\/et_pb_text][\/et_pb_column][\/et_pb_row][et_pb_row column_structure=\u00a0\u00bb3_4,1_4&Prime; _builder_version=\u00a0\u00bb4.20.0&Prime; _module_preset=\u00a0\u00bbdefault\u00a0\u00bb width=\u00a0\u00bb90%\u00a0\u00bb max_width=\u00a0\u00bb1400px\u00a0\u00bb custom_padding=\u00a0\u00bb0px||25px|||\u00a0\u00bb global_colors_info=\u00a0\u00bb{}\u00a0\u00bb][et_pb_column type=\u00a0\u00bb3_4&Prime; _builder_version=\u00a0\u00bb4.20.0&Prime; _module_preset=\u00a0\u00bbdefault\u00a0\u00bb global_colors_info=\u00a0\u00bb{}\u00a0\u00bb][et_pb_text _builder_version=\u00a0\u00bb4.27.4&Prime; _module_preset=\u00a0\u00bb64ea9ac0-e32e-4fe1-91b0-9db02bfe603c\u00a0\u00bb locked=\u00a0\u00bboff\u00a0\u00bb global_colors_info=\u00a0\u00bb{}\u00a0\u00bb]<\/p>\n<p>Dans sa langue maternelle, son deuxi\u00e8me pr\u00e9nom est symbole d\u2019esp\u00e9rance. Il souffle les aventures d\u2019une artiste qui met des pansements sur ses bobos avec des mots : Sheng.<br \/>C\u2019est sous ce nom qu\u2019elle s\u2019est lanc\u00e9e dans la grande machine en 2019, port\u00e9e par des lignes candides et espi\u00e8gles. Au rythme de ses chansons faites de boom boom musique, en fran\u00e7ais ponctu\u00e9 de mandarin, la Franco-Chinoise a install\u00e9 ses paysages d\u2019\u00e9motions qui racontent le quotidien d\u2019une jeune femme de 24 ans.<br \/>Et entre les tristesses et les joies qui craquent sous les faux ongles, Sheng livre aujourd\u2019hui son premier album. Entour\u00e9e du producteur Medeline et des musiciens Honnoj 304 et HOK, elle a planch\u00e9 durant un an et demi sur 14 titres (dont un remix) qui racontent l&rsquo;intime et les d\u00e9sirs.<\/p>\n<p>[\/et_pb_text][et_pb_text _builder_version=\u00a0\u00bb4.27.4&Prime; _module_preset=\u00a0\u00bbf5c60424-9dbd-4a3b-930a-bbce0d0b0e3c\u00a0\u00bb custom_padding=\u00a0\u00bb||0px|||\u00a0\u00bb global_colors_info=\u00a0\u00bb{}\u00a0\u00bb]<\/p>\n<p><em>Cette soir\u00e9e est en partenariat avec <a href=\"https:\/\/mediatone.net\/\">M\u00e9diatone<\/a><\/em><\/p>\n<p>[\/et_pb_text][\/et_pb_column][et_pb_column type=\u00a0\u00bb1_4&Prime; _builder_version=\u00a0\u00bb4.20.0&Prime; _module_preset=\u00a0\u00bbdefault\u00a0\u00bb global_colors_info=\u00a0\u00bb{}\u00a0\u00bb][et_pb_video src=\u00a0\u00bbhttps:\/\/www.youtube.com\/watch?v=FS8sjALGXZ0&Prime; _builder_version=\u00a0\u00bb4.27.4&Prime; _module_preset=\u00a0\u00bbdefault\u00a0\u00bb global_colors_info=\u00a0\u00bb{}\u00a0\u00bb][\/et_pb_video][\/et_pb_column][\/et_pb_row][\/et_pb_section][et_pb_section fb_built=\u00a0\u00bb1&Prime; admin_label=\u00a0\u00bbFeatures\u00a0\u00bb _builder_version=\u00a0\u00bb4.27.4&Prime; _module_preset=\u00a0\u00bbdefault\u00a0\u00bb background_color=\u00a0\u00bbgcid-3be8d3fa-8b11-41b4-b614-e601c43d7597&Prime; custom_margin=\u00a0\u00bb4px|||||\u00a0\u00bb collapsed=\u00a0\u00bbon\u00a0\u00bb global_colors_info=\u00a0\u00bb{%22gcid-3be8d3fa-8b11-41b4-b614-e601c43d7597%22:%91%22background_color%22%93}\u00a0\u00bb][et_pb_row column_structure=\u00a0\u00bb1_3,1_3,1_3&Prime; use_custom_gutter=\u00a0\u00bbon\u00a0\u00bb gutter_width=\u00a0\u00bb1&Prime; make_equal=\u00a0\u00bbon\u00a0\u00bb _builder_version=\u00a0\u00bb4.27.4&Prime; _module_preset=\u00a0\u00bbdefault\u00a0\u00bb width=\u00a0\u00bb90%\u00a0\u00bb max_width=\u00a0\u00bb1400px\u00a0\u00bb min_height=\u00a0\u00bb282.2px\u00a0\u00bb custom_margin=\u00a0\u00bb0px|auto||auto|false|false\u00a0\u00bb custom_padding=\u00a0\u00bb0px||0px||true|false\u00a0\u00bb border_width_all=\u00a0\u00bb2px\u00a0\u00bb border_color_all=\u00a0\u00bb#000000&Prime; locked=\u00a0\u00bboff\u00a0\u00bb global_colors_info=\u00a0\u00bb{}\u00a0\u00bb][et_pb_column type=\u00a0\u00bb1_3&Prime; _builder_version=\u00a0\u00bb4.20.0&Prime; _module_preset=\u00a0\u00bbdefault\u00a0\u00bb custom_padding=\u00a0\u00bb60px|30px|60px|30px|true|true\u00a0\u00bb custom_padding_tablet=\u00a0\u00bb40px||40px||true|false\u00a0\u00bb custom_padding_phone=\u00a0\u00bb30px|20px|30px|20px|true|true\u00a0\u00bb custom_padding_last_edited=\u00a0\u00bbon|desktop\u00a0\u00bb global_colors_info=\u00a0\u00bb{}\u00a0\u00bb][et_pb_icon font_icon=\u00a0\u00bb&#xf153;||fa||900&Prime; icon_color=\u00a0\u00bb#000000&Prime; icon_width=\u00a0\u00bb48px\u00a0\u00bb align=\u00a0\u00bbleft\u00a0\u00bb _builder_version=\u00a0\u00bb4.27.4&Prime; _module_preset=\u00a0\u00bbdefault\u00a0\u00bb custom_margin=\u00a0\u00bb||30px||false|false\u00a0\u00bb custom_padding=\u00a0\u00bb0px|||||\u00a0\u00bb global_colors_info=\u00a0\u00bb{}\u00a0\u00bb][\/et_pb_icon][et_pb_text _builder_version=\u00a0\u00bb4.27.4&Prime; _module_preset=\u00a0\u00bb36e06527-1c55-4778-a28c-bdaaab2b7f39&Prime; custom_margin=\u00a0\u00bb||10px||false|false\u00a0\u00bb global_colors_info=\u00a0\u00bb{}\u00a0\u00bb]<\/p>\n<h3>Tarifs<\/h3>\n<p>[\/et_pb_text][et_pb_accordion open_toggle_text_color=\u00a0\u00bb#000000&Prime; icon_color=\u00a0\u00bb#000000&Prime; _builder_version=\u00a0\u00bb4.27.4&Prime; _module_preset=\u00a0\u00bbdefault\u00a0\u00bb toggle_text_color=\u00a0\u00bb#000000&Prime; body_font=\u00a0\u00bb||on||||||\u00a0\u00bb body_text_color=\u00a0\u00bb#000000&Prime; body_font_size=\u00a0\u00bb14px\u00a0\u00bb body_line_height=\u00a0\u00bb1.4em\u00a0\u00bb background_color=\u00a0\u00bb#10a774&Prime; border_color_all=\u00a0\u00bb#000000&Prime; global_colors_info=\u00a0\u00bb{}\u00a0\u00bb][et_pb_accordion_item title=\u00a0\u00bbPLEIN 22\u20ac\u00a0\u00bb open=\u00a0\u00bbon\u00a0\u00bb _builder_version=\u00a0\u00bb4.27.4&Prime; _module_preset=\u00a0\u00bbdefault\u00a0\u00bb background_color=\u00a0\u00bb#10a774&Prime; background_enable_color=\u00a0\u00bbon\u00a0\u00bb global_colors_info=\u00a0\u00bb{}\u00a0\u00bb]<\/p>\n<p><span style=\"color: #ffffff;\"><em>Hors frais de location<\/em><\/span><\/p>\n<p>[\/et_pb_accordion_item][et_pb_accordion_item title=\u00a0\u00bbR\u00e9duit 18 \u20ac\u00a0\u00bb _builder_version=\u00a0\u00bb4.27.4&Prime; _module_preset=\u00a0\u00bbdefault\u00a0\u00bb background_color=\u00a0\u00bb#10a774&Prime; background_enable_color=\u00a0\u00bbon\u00a0\u00bb global_colors_info=\u00a0\u00bb{}\u00a0\u00bb open=\u00a0\u00bboff\u00a0\u00bb]<\/p>\n<p><spanarchivo narrow=\"\" arial=\"\" font-weight:normal=\"\" font-style:normal=\"\" color:=\"\" 666666=\"\" data-sheets-root=\"1\">Tarif disponible pour les \u00e9tudiant\u00b7es, les b\u00e9n\u00e9ficiaires du RSA, des AAH, les demandeur\u00b7euses d\u2019emploi, les volontaires en service civique, les adh\u00e9rent\u00b7es des MJC Vieux Lyon et MPT des Rancy. Un justificatif peut vous \u00eatre demand\u00e9 lors du contr\u00f4le des billets.\u00a0<\/spanarchivo><\/p>\n<p>[\/et_pb_accordion_item][et_pb_accordion_item title=\u00a0\u00bbFestival 15 \u20ac\u00a0\u00bb _builder_version=\u00a0\u00bb4.27.4&Prime; _module_preset=\u00a0\u00bbdefault\u00a0\u00bb background_color=\u00a0\u00bb#10a774&Prime; background_enable_color=\u00a0\u00bbon\u00a0\u00bb global_colors_info=\u00a0\u00bb{}\u00a0\u00bb open=\u00a0\u00bboff\u00a0\u00bb]<\/p>\n<p><span style=\"color: #ffffff;\">Tarif disponible sur certains concerts pour encourager la d\u00e9couverte de nouveaux artistes. Il est accessible aux personnes ayant d\u00e9j\u00e0 achet\u00e9 au moins un billet (tarif normal, r\u00e9duit ou festival) pour un autre \u00e9v\u00e9nement du festival, dans la limite des places accessibles \u00e0 ce tarif. Le contr\u00f4le sera effectu\u00e9 via notre base de donn\u00e9es clients. Un justificatif peut vous \u00eatre demand\u00e9 lors du contr\u00f4le du billet, dans ce cas merci de pr\u00e9senter le billet de l&rsquo;autre \u00e9v\u00e9nement.<\/span><\/p>\n<p>[\/et_pb_accordion_item][et_pb_accordion_item title=\u00a0\u00bbGuichet 24 \u20ac\u00a0\u00bb _builder_version=\u00a0\u00bb4.27.4&Prime; _module_preset=\u00a0\u00bbdefault\u00a0\u00bb background_color=\u00a0\u00bb#10a774&Prime; background_enable_color=\u00a0\u00bbon\u00a0\u00bb global_colors_info=\u00a0\u00bb{}\u00a0\u00bb open=\u00a0\u00bboff\u00a0\u00bb][\/et_pb_accordion_item][\/et_pb_accordion][et_pb_button button_url=\u00a0\u00bbhttps:\/\/shotgun.live\/fr\/events\/les-chants-de-mars-juste-shani-sheng\u00a0\u00bb button_text=\u00a0\u00bbR\u00e9server\u00a0\u00bb button_alignment=\u00a0\u00bbright\u00a0\u00bb button_alignment_tablet=\u00a0\u00bbleft\u00a0\u00bb button_alignment_phone=\u00a0\u00bbleft\u00a0\u00bb button_alignment_last_edited=\u00a0\u00bbon|tablet\u00a0\u00bb _builder_version=\u00a0\u00bb4.27.4&Prime; _module_preset=\u00a0\u00bb3d0b1d0c-c842-4d12-b19a-3556f41cee4b\u00a0\u00bb hover_enabled=\u00a0\u00bb0&Prime; global_colors_info=\u00a0\u00bb{}\u00a0\u00bb sticky_enabled=\u00a0\u00bb0&Prime;][\/et_pb_button][\/et_pb_column][et_pb_column type=\u00a0\u00bb1_3&Prime; _builder_version=\u00a0\u00bb4.20.0&Prime; _module_preset=\u00a0\u00bbdefault\u00a0\u00bb custom_padding=\u00a0\u00bb60px|30px|60px|30px|true|true\u00a0\u00bb custom_padding_tablet=\u00a0\u00bb40px||40px||true|false\u00a0\u00bb custom_padding_phone=\u00a0\u00bb30px|20px|30px|20px|true|true\u00a0\u00bb custom_padding_last_edited=\u00a0\u00bbon|desktop\u00a0\u00bb border_color_all=\u00a0\u00bb#000000&Prime; border_width_right=\u00a0\u00bb2px\u00a0\u00bb border_width_left=\u00a0\u00bb2px\u00a0\u00bb border_width_top_tablet=\u00a0\u00bb2px\u00a0\u00bb border_width_top_phone=\u00a0\u00bb2px\u00a0\u00bb border_width_top_last_edited=\u00a0\u00bbon|tablet\u00a0\u00bb border_width_right_tablet=\u00a0\u00bb0px\u00a0\u00bb border_width_right_phone=\u00a0\u00bb0px\u00a0\u00bb border_width_right_last_edited=\u00a0\u00bbon|tablet\u00a0\u00bb border_width_bottom_tablet=\u00a0\u00bb2px\u00a0\u00bb border_width_bottom_phone=\u00a0\u00bb2px\u00a0\u00bb border_width_bottom_last_edited=\u00a0\u00bbon|tablet\u00a0\u00bb border_width_left_tablet=\u00a0\u00bb0px\u00a0\u00bb border_width_left_phone=\u00a0\u00bb0px\u00a0\u00bb border_width_left_last_edited=\u00a0\u00bbon|tablet\u00a0\u00bb global_colors_info=\u00a0\u00bb{}\u00a0\u00bb][et_pb_icon font_icon=\u00a0\u00bb&#xf3c5;||fa||900&Prime; icon_color=\u00a0\u00bb#000000&Prime; icon_width=\u00a0\u00bb48px\u00a0\u00bb align=\u00a0\u00bbleft\u00a0\u00bb _builder_version=\u00a0\u00bb4.27.4&Prime; _module_preset=\u00a0\u00bbdefault\u00a0\u00bb custom_margin=\u00a0\u00bb||30px||false|false\u00a0\u00bb custom_padding=\u00a0\u00bb0px|||||\u00a0\u00bb global_colors_info=\u00a0\u00bb{}\u00a0\u00bb][\/et_pb_icon][et_pb_text _builder_version=\u00a0\u00bb4.27.4&Prime; _module_preset=\u00a0\u00bb36e06527-1c55-4778-a28c-bdaaab2b7f39&Prime; custom_margin=\u00a0\u00bb||10px||false|false\u00a0\u00bb global_colors_info=\u00a0\u00bb{}\u00a0\u00bb]<\/p>\n<h3>Le Sucre<\/h3>\n<p>[\/et_pb_text][et_pb_text _builder_version=\u00a0\u00bb4.27.4&Prime; _module_preset=\u00a0\u00bbf5c60424-9dbd-4a3b-930a-bbce0d0b0e3c\u00a0\u00bb global_colors_info=\u00a0\u00bb{}\u00a0\u00bb]<\/p>\n<p><span style=\"color: #ffffff;\">50 quai Rambaud,\u00a0 LYON 2<\/span><\/p>\n<p>[\/et_pb_text][et_pb_toggle title=\u00a0\u00bbPOUR VENIR\u00a0\u00bb open_toggle_text_color=\u00a0\u00bb#000000&Prime; icon_color=\u00a0\u00bb#000000&Prime; open_icon_color=\u00a0\u00bb#000000&Prime; _builder_version=\u00a0\u00bb4.27.4&Prime; _module_preset=\u00a0\u00bbdefault\u00a0\u00bb title_text_color=\u00a0\u00bb#000000&Prime; body_text_color=\u00a0\u00bb#FFFFFF\u00a0\u00bb background_color=\u00a0\u00bb#10a774&Prime; border_color_all=\u00a0\u00bbRGBA(255,255,255,0)\u00a0\u00bb global_colors_info=\u00a0\u00bb{}\u00a0\u00bb]<\/p>\n<div class=\"x14z9mp xat24cr x1lziwak x1vvkbs xtlvy1s\">\u2022 En TCL :<br class=\"html-br\" \/>Bus : S1 Arr\u00eat la Sucri\u00e8re &#8211; C10 ou 15 Arr\u00eat Mus\u00e9e des Confluences<br class=\"html-br\" \/>Tram T2 \/ T1 Arr\u00eat H\u00f4tel de R\u00e9gion<br class=\"html-br\" \/>\u2022 En V\u00e9lo\u2019v : Station 2009 Confluence Les Docks<br class=\"html-br\" \/>Pour conna\u00eetre tous les horaires :<span>\u00a0<\/span><a attributionsrc=\"\/privacy_sandbox\/comet\/register\/source\/?xt=AZVz42S6s-mS7af7_QSeumHzwwYtjnQxAIB4aXI3pqvq4PpDn86KqIw2Dw24j7_V41arPzEcNh7FnupqficfFhJs5R5hsJDuVDxoS1dxvpbaSA21JEcKwYXlnjOIU-w5wRSUUPI9piP3mwj0SQiSHxCwBkl0ig3YrtBqofzvBDpj97auT5n8kjSndQ9DL97N2qrYcj4ek_V1PJZrQO0Q_YEEvAa1EIBQvSk36arFCvdxCUci8dDi_YQB72_0F_MrX-bZWYNF8_HG4V00_6jtZpImLhzGNxNt7s-z2g6HZ7UHMsYLEi3opZBLLWIR-14-Zt8i29v00IsXFY9k9K71kmRqsHvgEJcFeWP0Dbhipucf-_rcjboOuzgAm0YSohsLW0LU5YOljeUGmptG2wvMK_z9bv8lNbFmmB0r9oL02ju_xMyvP0LgK3OfwLWzWzmyZhGqmSFc5L3UZ5qXRQPRGlFregug08JLNOLvjpacN6EWcSyqFHqp_aXgZJPHNX0nS9rPzU3yHVYlp2y1B0CxDzfFI54XFRQu_5MMsmz2oTXH4MabmWpkgJ7IE1Eyn1NrTbRbsLTMFyWQ_B4XmA0Wsnt5xV5T-7ZcW1gQHXoDClt_fcFgYOu7mvcd0v87cLIV-inCxzmCH9VqYts04d5VtpCgc3alOe1m9IFZe6grb5s7o0-SJYbdXRj5f01vRiEmIGQL6pvtX-Zpa4I2JKpHqCbxuVcl3mzzBD0POUGWH8ptpZxcYdyZVfQ87a9K1YhPSLblU_Y3gOgCDsvicNSmQrt6PQoJ4grPngHzDHDA7dE25Ql6GZCjAECFldrR9-sZ4HqnrXrBbnd5Eqo6ejKmkcQJ9wvjpPRm1WiffwPcdAQSKQ\" class=\"x1i10hfl xjbqb8w x1ejq31n x18oe1m7 x1sy0etr xstzfhl x972fbf x10w94by x1qhh985 x14e42zd x9f619 x1ypdohk xt0psk2 x3ct3a4 xdj266r x14z9mp xat24cr x1lziwak xexx8yu xyri2b x18d9i69 x1c1uobl x16tdsg8 x1hl2dhg xggy1nq x1a2a7pz xkrqix3 x1sur9pj x1fey0fg x1s688f\" href=\"http:\/\/plan-interactif.tcl.fr\/?fbclid=IwZXh0bgNhZW0CMTAAYnJpZBEwRXhKUGVZYWF3MHZhQ2o5NQEekyIm1b0sAv_gif0G6udivwvdXkB-iAg6HsMIfxDuRFJ7GpeaMWO6f1tGgBg_aem_kmL_vyxAn8PGjifx2vw51A\" rel=\"nofollow noopener noreferrer\" role=\"link\" target=\"_blank\" tabindex=\"0\">http:\/\/plan-interactif.tcl.fr\/<\/a><\/div>\n<div class=\"x14z9mp xat24cr x1lziwak x1vvkbs xtlvy1s\"><\/div>\n<div class=\"x14z9mp xat24cr x1lziwak x1vvkbs xtlvy1s\">ACCUEIL PMR<br class=\"html-br\" \/>Pour vous accueillir dans les meilleures conditions possibles, merci de pr\u00e9venir de votre venue en amont.<\/div>\n<p>[\/et_pb_toggle][\/et_pb_column][et_pb_column type=\u00a0\u00bb1_3&Prime; _builder_version=\u00a0\u00bb4.20.0&Prime; _module_preset=\u00a0\u00bbdefault\u00a0\u00bb custom_padding=\u00a0\u00bb60px|30px|60px|30px|true|true\u00a0\u00bb custom_padding_tablet=\u00a0\u00bb40px||40px||true|false\u00a0\u00bb custom_padding_phone=\u00a0\u00bb30px|20px|30px|20px|true|true\u00a0\u00bb custom_padding_last_edited=\u00a0\u00bbon|desktop\u00a0\u00bb global_colors_info=\u00a0\u00bb{}\u00a0\u00bb][et_pb_icon font_icon=\u00a0\u00bb&#xe060;||divi||400&Prime; icon_color=\u00a0\u00bb#000000&Prime; icon_width=\u00a0\u00bb48px\u00a0\u00bb align=\u00a0\u00bbleft\u00a0\u00bb _builder_version=\u00a0\u00bb4.27.4&Prime; _module_preset=\u00a0\u00bbdefault\u00a0\u00bb custom_margin=\u00a0\u00bb||30px||false|false\u00a0\u00bb custom_padding=\u00a0\u00bb0px|||||\u00a0\u00bb global_colors_info=\u00a0\u00bb{}\u00a0\u00bb][\/et_pb_icon][et_pb_text _builder_version=\u00a0\u00bb4.27.4&Prime; _module_preset=\u00a0\u00bb36e06527-1c55-4778-a28c-bdaaab2b7f39&Prime; custom_margin=\u00a0\u00bb||10px||false|false\u00a0\u00bb global_colors_info=\u00a0\u00bb{}\u00a0\u00bb]<\/p>\n<h3>INFOS PRATIQUES<\/h3>\n<p>[\/et_pb_text][et_pb_text _builder_version=\u00a0\u00bb4.27.4&Prime; _module_preset=\u00a0\u00bbf5c60424-9dbd-4a3b-930a-bbce0d0b0e3c\u00a0\u00bb custom_padding=\u00a0\u00bb||0px|||\u00a0\u00bb global_colors_info=\u00a0\u00bb{}\u00a0\u00bb]<\/p>\n<p><span style=\"color: #ffffff;\">Ouverture des portes \u00e0 18h30. D\u00e9but des concerts \u00e0 20h. Bar sur place.<\/span><\/p>\n<p>[\/et_pb_text][\/et_pb_column][\/et_pb_row][\/et_pb_section][et_pb_section fb_built=\u00a0\u00bb1&Prime; admin_label=\u00a0\u00bbFooter\u00a0\u00bb _builder_version=\u00a0\u00bb4.27.4&Prime; _module_preset=\u00a0\u00bbdefault\u00a0\u00bb background_image=\u00a0\u00bbhttps:\/\/www.leschantsdemars.com\/wp-content\/uploads\/2025\/10\/aab4c3e3-8d7b-4778-8694-5fcda2b359ab.jpg\u00a0\u00bb custom_padding=\u00a0\u00bb0px||0px||true|false\u00a0\u00bb saved_tabs=\u00a0\u00bball\u00a0\u00bb collapsed=\u00a0\u00bbon\u00a0\u00bb global_colors_info=\u00a0\u00bb{}\u00a0\u00bb][et_pb_row column_structure=\u00a0\u00bb1_2,1_2&Prime; _builder_version=\u00a0\u00bb4.20.0&Prime; _module_preset=\u00a0\u00bbdefault\u00a0\u00bb width=\u00a0\u00bb100%\u00a0\u00bb max_width=\u00a0\u00bbnone\u00a0\u00bb custom_padding=\u00a0\u00bb0px||0px||true|false\u00a0\u00bb locked=\u00a0\u00bboff\u00a0\u00bb global_colors_info=\u00a0\u00bb{}\u00a0\u00bb][et_pb_column type=\u00a0\u00bb1_2&Prime; _builder_version=\u00a0\u00bb4.20.0&Prime; _module_preset=\u00a0\u00bbdefault\u00a0\u00bb global_colors_info=\u00a0\u00bb{}\u00a0\u00bb][et_pb_social_media_follow use_icon_font_size=\u00a0\u00bbon\u00a0\u00bb icon_font_size=\u00a0\u00bb17px\u00a0\u00bb _builder_version=\u00a0\u00bb4.27.4&Prime; _module_preset=\u00a0\u00bbdefault\u00a0\u00bb text_orientation=\u00a0\u00bbcenter\u00a0\u00bb custom_margin=\u00a0\u00bb||39px|||\u00a0\u00bb custom_padding=\u00a0\u00bb24px|||||\u00a0\u00bb global_colors_info=\u00a0\u00bb{}\u00a0\u00bb][et_pb_social_media_follow_network social_network=\u00a0\u00bbfacebook\u00a0\u00bb url=\u00a0\u00bbhttps:\/\/www.facebook.com\/leschantsdemars\/\u00a0\u00bb _builder_version=\u00a0\u00bb4.27.4&Prime; _module_preset=\u00a0\u00bbdefault\u00a0\u00bb background_color=\u00a0\u00bb#3b5998&Prime; global_colors_info=\u00a0\u00bb{}\u00a0\u00bb follow_button=\u00a0\u00bboff\u00a0\u00bb url_new_window=\u00a0\u00bbon\u00a0\u00bb]facebook[\/et_pb_social_media_follow_network][et_pb_social_media_follow_network social_network=\u00a0\u00bbinstagram\u00a0\u00bb url=\u00a0\u00bbhttps:\/\/www.instagram.com\/leschantsdemars\/\u00a0\u00bb _builder_version=\u00a0\u00bb4.27.4&Prime; _module_preset=\u00a0\u00bbdefault\u00a0\u00bb background_color=\u00a0\u00bb#ea2c59&Prime; global_colors_info=\u00a0\u00bb{}\u00a0\u00bb follow_button=\u00a0\u00bboff\u00a0\u00bb url_new_window=\u00a0\u00bbon\u00a0\u00bb]instagram[\/et_pb_social_media_follow_network][et_pb_social_media_follow_network social_network=\u00a0\u00bblinkedin\u00a0\u00bb url=\u00a0\u00bbhttps:\/\/www.linkedin.com\/company\/festival-les-chants-de-mars\/\u00a0\u00bb _builder_version=\u00a0\u00bb4.27.4&Prime; _module_preset=\u00a0\u00bbdefault\u00a0\u00bb background_color=\u00a0\u00bb#007bb6&Prime; global_colors_info=\u00a0\u00bb{}\u00a0\u00bb follow_button=\u00a0\u00bboff\u00a0\u00bb url_new_window=\u00a0\u00bbon\u00a0\u00bb]linkedin[\/et_pb_social_media_follow_network][et_pb_social_media_follow_network social_network=\u00a0\u00bbtiktok\u00a0\u00bb url=\u00a0\u00bbhttps:\/\/www.tiktok.com\/@leschantsdemars\u00a0\u00bb _builder_version=\u00a0\u00bb4.27.4&Prime; _module_preset=\u00a0\u00bbdefault\u00a0\u00bb background_color=\u00a0\u00bb#fe2c55&Prime; global_colors_info=\u00a0\u00bb{}\u00a0\u00bb follow_button=\u00a0\u00bboff\u00a0\u00bb url_new_window=\u00a0\u00bbon\u00a0\u00bb]tiktok[\/et_pb_social_media_follow_network][et_pb_social_media_follow_network social_network=\u00a0\u00bbyoutube\u00a0\u00bb url=\u00a0\u00bbhttps:\/\/www.youtube.com\/@festivalleschantsdemars881&Prime; _builder_version=\u00a0\u00bb4.27.4&Prime; _module_preset=\u00a0\u00bbdefault\u00a0\u00bb background_color=\u00a0\u00bb#a82400&Prime; global_colors_info=\u00a0\u00bb{}\u00a0\u00bb follow_button=\u00a0\u00bboff\u00a0\u00bb url_new_window=\u00a0\u00bbon\u00a0\u00bb]youtube[\/et_pb_social_media_follow_network][\/et_pb_social_media_follow][\/et_pb_column][et_pb_column type=\u00a0\u00bb1_2&Prime; _builder_version=\u00a0\u00bb4.20.0&Prime; _module_preset=\u00a0\u00bbdefault\u00a0\u00bb global_colors_info=\u00a0\u00bb{}\u00a0\u00bb][et_pb_button button_url=\u00a0\u00bbhttps:\/\/3bbf57ff.sibforms.com\/serve\/MUIFAHrZljk268BIRE2KTnsduIoBabLiubRmOT4MJIRF26LvDqemTEAdGGl7bUu0ECObRY-x8Aw6Zqg2fM347XYzJ9wx6o8PWbQ1-RBMEKQ8MFdmn5GwCjbmvxkzg6bKZNj2PIkS1iG_thndZjUWTevv7Wxupq3CkyPfXVuHJksivqdQVs5W9zLtxtyA3oImpyd3RimBsdZfdJLp%20&Prime; button_text=\u00a0\u00bbS&rsquo;abonner \u00e0 la newsletter\u00a0\u00bb button_alignment=\u00a0\u00bbcenter\u00a0\u00bb _builder_version=\u00a0\u00bb4.27.4&Prime; _module_preset=\u00a0\u00bbdefault\u00a0\u00bb custom_button=\u00a0\u00bbon\u00a0\u00bb button_icon=\u00a0\u00bb&#x3d;||divi||400&Prime; background_layout=\u00a0\u00bbdark\u00a0\u00bb custom_margin=\u00a0\u00bb15px||||false|false\u00a0\u00bb global_colors_info=\u00a0\u00bb{}\u00a0\u00bb][\/et_pb_button][\/et_pb_column][\/et_pb_row][\/et_pb_section]<\/p>\n","protected":false},"excerpt":{"rendered":"<p>Festival Les Chants de Mars12 &gt; 28 MARS 202620 ANS de MUSIQUES FRANCOPHONES | LYON\u00a0 \u00a0 VendredI 13 MARS &#8211; 19h30JUSTE SHANIArtiste ind\u00e9pendante et v\u00e9ritable girl boss, Juste Shani est une rappeuse avec la sensibilit\u00e9 d\u2019une r\u00eaveuse et la mentalit\u00e9 d\u2019une gagnante. Ses morceaux allient messages forts et bangers efficaces, toujours port\u00e9s par une plume [&hellip;]<\/p>\n","protected":false},"author":1,"featured_media":0,"parent":0,"menu_order":0,"comment_status":"closed","ping_status":"closed","template":"","meta":{"_et_pb_use_builder":"on","_et_pb_old_content":"","_et_gb_content_width":"","_exactmetrics_skip_tracking":false,"_exactmetrics_sitenote_active":false,"_exactmetrics_sitenote_note":"","_exactmetrics_sitenote_category":0,"footnotes":""},"class_list":["post-2458","page","type-page","status-publish","hentry"],"yoast_head":"<!-- This site is optimized with the Yoast SEO plugin v27.5 - https:\/\/yoast.com\/product\/yoast-seo-wordpress\/ -->\n<title>JUSTE SHANI | Les Chants de Mars<\/title>\n<meta name=\"robots\" content=\"index, follow, max-snippet:-1, max-image-preview:large, max-video-preview:-1\" \/>\n<link rel=\"canonical\" href=\"https:\/\/www.leschantsdemars.com\/index.php\/juste-shani-2\/\" \/>\n<meta property=\"og:locale\" content=\"fr_FR\" \/>\n<meta property=\"og:type\" content=\"article\" \/>\n<meta property=\"og:title\" content=\"JUSTE SHANI | Les Chants de Mars\" \/>\n<meta property=\"og:description\" content=\"Festival Les Chants de Mars12 &gt; 28 MARS 202620 ANS de MUSIQUES FRANCOPHONES | LYON\u00a0 \u00a0 VendredI 13 MARS - 19h30JUSTE SHANIArtiste ind\u00e9pendante et v\u00e9ritable girl boss, Juste Shani est une rappeuse avec la sensibilit\u00e9 d\u2019une r\u00eaveuse et la mentalit\u00e9 d\u2019une gagnante. Ses morceaux allient messages forts et bangers efficaces, toujours port\u00e9s par une plume [&hellip;]\" \/>\n<meta property=\"og:url\" content=\"https:\/\/www.leschantsdemars.com\/index.php\/juste-shani-2\/\" \/>\n<meta property=\"og:site_name\" content=\"Les Chants de Mars\" \/>\n<meta property=\"article:publisher\" content=\"https:\/\/www.facebook.com\/leschantsdemars\/\" \/>\n<meta property=\"article:modified_time\" content=\"2026-03-13T13:25:50+00:00\" \/>\n<meta name=\"twitter:card\" content=\"summary_large_image\" \/>\n<script type=\"application\/ld+json\" class=\"yoast-schema-graph\">{\"@context\":\"https:\\\/\\\/schema.org\",\"@graph\":[{\"@type\":\"WebPage\",\"@id\":\"https:\\\/\\\/www.leschantsdemars.com\\\/index.php\\\/juste-shani-2\\\/\",\"url\":\"https:\\\/\\\/www.leschantsdemars.com\\\/index.php\\\/juste-shani-2\\\/\",\"name\":\"JUSTE SHANI | Les Chants de Mars\",\"isPartOf\":{\"@id\":\"https:\\\/\\\/www.leschantsdemars.com\\\/#website\"},\"datePublished\":\"2025-10-24T08:02:50+00:00\",\"dateModified\":\"2026-03-13T13:25:50+00:00\",\"breadcrumb\":{\"@id\":\"https:\\\/\\\/www.leschantsdemars.com\\\/index.php\\\/juste-shani-2\\\/#breadcrumb\"},\"inLanguage\":\"fr-FR\",\"potentialAction\":[{\"@type\":\"ReadAction\",\"target\":[\"https:\\\/\\\/www.leschantsdemars.com\\\/index.php\\\/juste-shani-2\\\/\"]}]},{\"@type\":\"BreadcrumbList\",\"@id\":\"https:\\\/\\\/www.leschantsdemars.com\\\/index.php\\\/juste-shani-2\\\/#breadcrumb\",\"itemListElement\":[{\"@type\":\"ListItem\",\"position\":1,\"name\":\"Accueil\",\"item\":\"https:\\\/\\\/www.leschantsdemars.com\\\/\"},{\"@type\":\"ListItem\",\"position\":2,\"name\":\"JUSTE SHANI\"}]},{\"@type\":\"WebSite\",\"@id\":\"https:\\\/\\\/www.leschantsdemars.com\\\/#website\",\"url\":\"https:\\\/\\\/www.leschantsdemars.com\\\/\",\"name\":\"Les Chants de Mars\",\"description\":\"20e \u00e9dition - Festival de chanson actuelle - 12 au 28 mars 2026 - Lyon\",\"publisher\":{\"@id\":\"https:\\\/\\\/www.leschantsdemars.com\\\/#organization\"},\"potentialAction\":[{\"@type\":\"SearchAction\",\"target\":{\"@type\":\"EntryPoint\",\"urlTemplate\":\"https:\\\/\\\/www.leschantsdemars.com\\\/?s={search_term_string}\"},\"query-input\":{\"@type\":\"PropertyValueSpecification\",\"valueRequired\":true,\"valueName\":\"search_term_string\"}}],\"inLanguage\":\"fr-FR\"},{\"@type\":\"Organization\",\"@id\":\"https:\\\/\\\/www.leschantsdemars.com\\\/#organization\",\"name\":\"Les Chants de Mars\",\"url\":\"https:\\\/\\\/www.leschantsdemars.com\\\/\",\"logo\":{\"@type\":\"ImageObject\",\"inLanguage\":\"fr-FR\",\"@id\":\"https:\\\/\\\/www.leschantsdemars.com\\\/#\\\/schema\\\/logo\\\/image\\\/\",\"url\":\"https:\\\/\\\/www.leschantsdemars.com\\\/wp-content\\\/uploads\\\/2017\\\/11\\\/logo-chants-de-mars-vector.png\",\"contentUrl\":\"https:\\\/\\\/www.leschantsdemars.com\\\/wp-content\\\/uploads\\\/2017\\\/11\\\/logo-chants-de-mars-vector.png\",\"width\":509,\"height\":510,\"caption\":\"Les Chants de Mars\"},\"image\":{\"@id\":\"https:\\\/\\\/www.leschantsdemars.com\\\/#\\\/schema\\\/logo\\\/image\\\/\"},\"sameAs\":[\"https:\\\/\\\/www.facebook.com\\\/leschantsdemars\\\/\",\"https:\\\/\\\/www.instagram.com\\\/leschantsdemars\\\/\",\"https:\\\/\\\/www.youtube.com\\\/@festivalleschantsdemars881\"]}]}<\/script>\n<!-- \/ Yoast SEO plugin. -->","yoast_head_json":{"title":"JUSTE SHANI | Les Chants de Mars","robots":{"index":"index","follow":"follow","max-snippet":"max-snippet:-1","max-image-preview":"max-image-preview:large","max-video-preview":"max-video-preview:-1"},"canonical":"https:\/\/www.leschantsdemars.com\/index.php\/juste-shani-2\/","og_locale":"fr_FR","og_type":"article","og_title":"JUSTE SHANI | Les Chants de Mars","og_description":"Festival Les Chants de Mars12 &gt; 28 MARS 202620 ANS de MUSIQUES FRANCOPHONES | LYON\u00a0 \u00a0 VendredI 13 MARS - 19h30JUSTE SHANIArtiste ind\u00e9pendante et v\u00e9ritable girl boss, Juste Shani est une rappeuse avec la sensibilit\u00e9 d\u2019une r\u00eaveuse et la mentalit\u00e9 d\u2019une gagnante. Ses morceaux allient messages forts et bangers efficaces, toujours port\u00e9s par une plume [&hellip;]","og_url":"https:\/\/www.leschantsdemars.com\/index.php\/juste-shani-2\/","og_site_name":"Les Chants de Mars","article_publisher":"https:\/\/www.facebook.com\/leschantsdemars\/","article_modified_time":"2026-03-13T13:25:50+00:00","twitter_card":"summary_large_image","schema":{"@context":"https:\/\/schema.org","@graph":[{"@type":"WebPage","@id":"https:\/\/www.leschantsdemars.com\/index.php\/juste-shani-2\/","url":"https:\/\/www.leschantsdemars.com\/index.php\/juste-shani-2\/","name":"JUSTE SHANI | Les Chants de Mars","isPartOf":{"@id":"https:\/\/www.leschantsdemars.com\/#website"},"datePublished":"2025-10-24T08:02:50+00:00","dateModified":"2026-03-13T13:25:50+00:00","breadcrumb":{"@id":"https:\/\/www.leschantsdemars.com\/index.php\/juste-shani-2\/#breadcrumb"},"inLanguage":"fr-FR","potentialAction":[{"@type":"ReadAction","target":["https:\/\/www.leschantsdemars.com\/index.php\/juste-shani-2\/"]}]},{"@type":"BreadcrumbList","@id":"https:\/\/www.leschantsdemars.com\/index.php\/juste-shani-2\/#breadcrumb","itemListElement":[{"@type":"ListItem","position":1,"name":"Accueil","item":"https:\/\/www.leschantsdemars.com\/"},{"@type":"ListItem","position":2,"name":"JUSTE SHANI"}]},{"@type":"WebSite","@id":"https:\/\/www.leschantsdemars.com\/#website","url":"https:\/\/www.leschantsdemars.com\/","name":"Les Chants de Mars","description":"20e \u00e9dition - Festival de chanson actuelle - 12 au 28 mars 2026 - Lyon","publisher":{"@id":"https:\/\/www.leschantsdemars.com\/#organization"},"potentialAction":[{"@type":"SearchAction","target":{"@type":"EntryPoint","urlTemplate":"https:\/\/www.leschantsdemars.com\/?s={search_term_string}"},"query-input":{"@type":"PropertyValueSpecification","valueRequired":true,"valueName":"search_term_string"}}],"inLanguage":"fr-FR"},{"@type":"Organization","@id":"https:\/\/www.leschantsdemars.com\/#organization","name":"Les Chants de Mars","url":"https:\/\/www.leschantsdemars.com\/","logo":{"@type":"ImageObject","inLanguage":"fr-FR","@id":"https:\/\/www.leschantsdemars.com\/#\/schema\/logo\/image\/","url":"https:\/\/www.leschantsdemars.com\/wp-content\/uploads\/2017\/11\/logo-chants-de-mars-vector.png","contentUrl":"https:\/\/www.leschantsdemars.com\/wp-content\/uploads\/2017\/11\/logo-chants-de-mars-vector.png","width":509,"height":510,"caption":"Les Chants de Mars"},"image":{"@id":"https:\/\/www.leschantsdemars.com\/#\/schema\/logo\/image\/"},"sameAs":["https:\/\/www.facebook.com\/leschantsdemars\/","https:\/\/www.instagram.com\/leschantsdemars\/","https:\/\/www.youtube.com\/@festivalleschantsdemars881"]}]}},"_links":{"self":[{"href":"https:\/\/www.leschantsdemars.com\/index.php\/wp-json\/wp\/v2\/pages\/2458","targetHints":{"allow":["GET"]}}],"collection":[{"href":"https:\/\/www.leschantsdemars.com\/index.php\/wp-json\/wp\/v2\/pages"}],"about":[{"href":"https:\/\/www.leschantsdemars.com\/index.php\/wp-json\/wp\/v2\/types\/page"}],"author":[{"embeddable":true,"href":"https:\/\/www.leschantsdemars.com\/index.php\/wp-json\/wp\/v2\/users\/1"}],"replies":[{"embeddable":true,"href":"https:\/\/www.leschantsdemars.com\/index.php\/wp-json\/wp\/v2\/comments?post=2458"}],"version-history":[{"count":22,"href":"https:\/\/www.leschantsdemars.com\/index.php\/wp-json\/wp\/v2\/pages\/2458\/revisions"}],"predecessor-version":[{"id":3025,"href":"https:\/\/www.leschantsdemars.com\/index.php\/wp-json\/wp\/v2\/pages\/2458\/revisions\/3025"}],"wp:attachment":[{"href":"https:\/\/www.leschantsdemars.com\/index.php\/wp-json\/wp\/v2\/media?parent=2458"}],"curies":[{"name":"wp","href":"https:\/\/api.w.org\/{rel}","templated":true}]}}