{"id":2230,"date":"2024-12-19T12:53:09","date_gmt":"2024-12-19T11:53:09","guid":{"rendered":"https:\/\/www.leschantsdemars.com\/?page_id=2230"},"modified":"2026-03-20T15:34:44","modified_gmt":"2026-03-20T14:34:44","slug":"journee-pro","status":"publish","type":"page","link":"https:\/\/www.leschantsdemars.com\/index.php\/journee-pro\/","title":{"rendered":"Journ\u00e9e Pro"},"content":{"rendered":"<p>[et_pb_section fb_built=\u00a0\u00bb1&Prime; admin_label=\u00a0\u00bbHeader\u00a0\u00bb _builder_version=\u00a0\u00bb4.27.4&Prime; _module_preset=\u00a0\u00bbdefault\u00a0\u00bb background_color=\u00a0\u00bbgcid-37cbb015-7589-42e9-be9a-4f1c83f29293&Prime; custom_margin=\u00a0\u00bb||-9px|||\u00a0\u00bb custom_padding=\u00a0\u00bb||0px|||\u00a0\u00bb link_option_url=\u00a0\u00bbhttps:\/\/www.leschantsdemars.com\/\u00a0\u00bb border_color_all=\u00a0\u00bb#000000&Prime; border_width_bottom=\u00a0\u00bb8px\u00a0\u00bb locked=\u00a0\u00bboff\u00a0\u00bb collapsed=\u00a0\u00bbon\u00a0\u00bb global_colors_info=\u00a0\u00bb{%22gcid-37cbb015-7589-42e9-be9a-4f1c83f29293%22:%91%22background_color%22%93}\u00a0\u00bb][et_pb_row column_structure=\u00a0\u00bb1_3,1_3,1_3&Prime; _builder_version=\u00a0\u00bb4.27.4&Prime; _module_preset=\u00a0\u00bbdefault\u00a0\u00bb width=\u00a0\u00bb90%\u00a0\u00bb max_width=\u00a0\u00bbnone\u00a0\u00bb min_height=\u00a0\u00bb177px\u00a0\u00bb custom_margin=\u00a0\u00bb|auto|27px|auto||\u00a0\u00bb link_option_url=\u00a0\u00bbhttps:\/\/www.leschantsdemars.com\/\u00a0\u00bb global_colors_info=\u00a0\u00bb{}\u00a0\u00bb][et_pb_column type=\u00a0\u00bb1_3&Prime; _builder_version=\u00a0\u00bb4.20.0&Prime; _module_preset=\u00a0\u00bbdefault\u00a0\u00bb global_colors_info=\u00a0\u00bb{}\u00a0\u00bb][et_pb_text _builder_version=\u00a0\u00bb4.27.4&Prime; _module_preset=\u00a0\u00bb86a7ffe4-9b65-4f70-a414-f6915f8b566d\u00a0\u00bb text_font=\u00a0\u00bb|300|||||||\u00a0\u00bb text_text_color=\u00a0\u00bb#FFFFFF\u00a0\u00bb header_font=\u00a0\u00bb|300|||||||\u00a0\u00bb header_text_color=\u00a0\u00bb#FFFFFF\u00a0\u00bb header_2_font=\u00a0\u00bb|300|||||||\u00a0\u00bb header_2_text_color=\u00a0\u00bb#FFFFFF\u00a0\u00bb header_3_text_color=\u00a0\u00bb#FFFFFF\u00a0\u00bb header_4_text_color=\u00a0\u00bb#FFFFFF\u00a0\u00bb header_5_text_color=\u00a0\u00bb#FFFFFF\u00a0\u00bb header_6_text_color=\u00a0\u00bb#FFFFFF\u00a0\u00bb global_colors_info=\u00a0\u00bb{}\u00a0\u00bb]<\/p>\n<h2><strong>Festival Les Chants de Mars<\/strong><\/h2>\n<p>[\/et_pb_text][et_pb_text _builder_version=\u00a0\u00bb4.27.4&Prime; _module_preset=\u00a0\u00bb86a7ffe4-9b65-4f70-a414-f6915f8b566d\u00a0\u00bb text_font=\u00a0\u00bb|300|||||||\u00a0\u00bb text_text_color=\u00a0\u00bb#FFFFFF\u00a0\u00bb header_font=\u00a0\u00bb|300|||||||\u00a0\u00bb header_text_color=\u00a0\u00bb#FFFFFF\u00a0\u00bb header_2_font=\u00a0\u00bb|300|||||||\u00a0\u00bb header_2_text_color=\u00a0\u00bb#FFFFFF\u00a0\u00bb header_3_text_color=\u00a0\u00bb#FFFFFF\u00a0\u00bb header_4_text_color=\u00a0\u00bb#FFFFFF\u00a0\u00bb header_5_text_color=\u00a0\u00bb#FFFFFF\u00a0\u00bb header_6_text_color=\u00a0\u00bb#FFFFFF\u00a0\u00bb global_colors_info=\u00a0\u00bb{}\u00a0\u00bb]<\/p>\n<h1><strong>12 &gt; 28 MARS 2026<\/strong><\/h1>\n<p>[\/et_pb_text][et_pb_text _builder_version=\u00a0\u00bb4.27.4&Prime; _module_preset=\u00a0\u00bb86a7ffe4-9b65-4f70-a414-f6915f8b566d\u00a0\u00bb text_font=\u00a0\u00bb|300|||||||\u00a0\u00bb text_text_color=\u00a0\u00bb#FFFFFF\u00a0\u00bb header_font=\u00a0\u00bb|300|||||||\u00a0\u00bb header_text_color=\u00a0\u00bb#FFFFFF\u00a0\u00bb header_2_font=\u00a0\u00bb|300|||||||\u00a0\u00bb header_2_text_color=\u00a0\u00bb#FFFFFF\u00a0\u00bb header_3_text_color=\u00a0\u00bb#FFFFFF\u00a0\u00bb header_4_text_color=\u00a0\u00bb#FFFFFF\u00a0\u00bb header_5_text_color=\u00a0\u00bb#FFFFFF\u00a0\u00bb header_6_text_color=\u00a0\u00bb#FFFFFF\u00a0\u00bb global_colors_info=\u00a0\u00bb{}\u00a0\u00bb]<\/p>\n<h4><strong>20 ANS de MUSIQUES FRANCOPHONES | LYON<\/strong><\/h4>\n<p>[\/et_pb_text][\/et_pb_column][et_pb_column type=\u00a0\u00bb1_3&Prime; _builder_version=\u00a0\u00bb4.20.0&Prime; _module_preset=\u00a0\u00bbdefault\u00a0\u00bb global_colors_info=\u00a0\u00bb{}\u00a0\u00bb][et_pb_image src=\u00a0\u00bbhttps:\/\/www.leschantsdemars.com\/wp-content\/uploads\/2025\/10\/logo-chantsdemars-1.png\u00a0\u00bb title_text=\u00a0\u00bblogo-chantsdemars\u00a0\u00bb show_bottom_space=\u00a0\u00bboff\u00a0\u00bb align=\u00a0\u00bbcenter\u00a0\u00bb _builder_version=\u00a0\u00bb4.27.4&Prime; _module_preset=\u00a0\u00bbdefault\u00a0\u00bb custom_margin=\u00a0\u00bb-2px|||||\u00a0\u00bb global_colors_info=\u00a0\u00bb{}\u00a0\u00bb][\/et_pb_image][\/et_pb_column][et_pb_column type=\u00a0\u00bb1_3&Prime; _builder_version=\u00a0\u00bb4.20.0&Prime; _module_preset=\u00a0\u00bbdefault\u00a0\u00bb global_colors_info=\u00a0\u00bb{}\u00a0\u00bb][et_pb_button button_url=\u00a0\u00bbhttps:\/\/festival-leschantsdemars.seetickets.com\/search\/all\u00a0\u00bb button_text=\u00a0\u00bbBILLETTERIE\u00a0\u00bb button_alignment=\u00a0\u00bbright\u00a0\u00bb button_alignment_tablet=\u00a0\u00bbleft\u00a0\u00bb button_alignment_phone=\u00a0\u00bbleft\u00a0\u00bb button_alignment_last_edited=\u00a0\u00bbon|tablet\u00a0\u00bb _builder_version=\u00a0\u00bb4.27.4&Prime; _module_preset=\u00a0\u00bb68cfeece-78dc-47f6-8ca6-900ac41374fc\u00a0\u00bb button_text_color=\u00a0\u00bb#FFFFFF\u00a0\u00bb button_border_color=\u00a0\u00bb#FFFFFF\u00a0\u00bb background_layout=\u00a0\u00bbdark\u00a0\u00bb custom_margin=\u00a0\u00bb|352px||||\u00a0\u00bb locked=\u00a0\u00bboff\u00a0\u00bb global_colors_info=\u00a0\u00bb{}\u00a0\u00bb][\/et_pb_button][et_pb_menu active_link_color=\u00a0\u00bb#FFFFFF\u00a0\u00bb show_search_icon=\u00a0\u00bbon\u00a0\u00bb cart_icon_color=\u00a0\u00bbRGBA(255,255,255,0)\u00a0\u00bb search_icon_color=\u00a0\u00bb#FFFFFF\u00a0\u00bb menu_icon_color=\u00a0\u00bb#FFFFFF\u00a0\u00bb _builder_version=\u00a0\u00bb4.27.4&Prime; _module_preset=\u00a0\u00bbdefault\u00a0\u00bb menu_text_color=\u00a0\u00bb#FFFFFF\u00a0\u00bb background_color=\u00a0\u00bb#431a66&Prime; global_colors_info=\u00a0\u00bb{}\u00a0\u00bb][\/et_pb_menu][\/et_pb_column][\/et_pb_row][\/et_pb_section][et_pb_section fb_built=\u00a0\u00bb1&Prime; admin_label=\u00a0\u00bbHeader\u00a0\u00bb _builder_version=\u00a0\u00bb4.27.4&Prime; _module_preset=\u00a0\u00bbdefault\u00a0\u00bb background_color=\u00a0\u00bb#FFFFFF\u00a0\u00bb collapsed=\u00a0\u00bbon\u00a0\u00bb global_colors_info=\u00a0\u00bb{}\u00a0\u00bb][et_pb_row _builder_version=\u00a0\u00bb4.27.4&Prime; _module_preset=\u00a0\u00bbdefault\u00a0\u00bb width=\u00a0\u00bb90%\u00a0\u00bb max_width=\u00a0\u00bb1400px\u00a0\u00bb custom_padding=\u00a0\u00bb||3px|||\u00a0\u00bb global_colors_info=\u00a0\u00bb{}\u00a0\u00bb][et_pb_column type=\u00a0\u00bb4_4&Prime; _builder_version=\u00a0\u00bb4.20.0&Prime; _module_preset=\u00a0\u00bbdefault\u00a0\u00bb global_colors_info=\u00a0\u00bb{}\u00a0\u00bb][et_pb_text _builder_version=\u00a0\u00bb4.27.4&Prime; _module_preset=\u00a0\u00bb56a2446d-7eb6-4974-bb88-a0f0dd160793&Prime; header_text_align=\u00a0\u00bbleft\u00a0\u00bb background_color=\u00a0\u00bb#000000&Prime; background_image=\u00a0\u00bbhttps:\/\/www.leschantsdemars.com\/wp-content\/uploads\/2025\/11\/bandeau-site-CDM-2.jpg\u00a0\u00bb custom_padding=\u00a0\u00bb||8px|||\u00a0\u00bb global_colors_info=\u00a0\u00bb{}\u00a0\u00bb]<\/p>\n<h2><span style=\"color: #ffffff;\">\u00a0<\/span><\/h2>\n<h2><span style=\"color: #ffffff;\"><\/span><\/h2>\n<h2><span style=\"color: #ffffff;\"><\/span><\/h2>\n<h2><span style=\"color: #ffffff;\"><\/span><\/h2>\n<h2><span style=\"color: #ffffff;\">\u00a0LUNDI 23<\/span><span style=\"color: #ffffff;\"> et mardi 24 MARS &#8211; Apr\u00e8s-midi<\/span><\/h2>\n<p>[\/et_pb_text][et_pb_text _builder_version=\u00a0\u00bb4.27.4&Prime; _module_preset=\u00a0\u00bb56a2446d-7eb6-4974-bb88-a0f0dd160793&Prime; min_height=\u00a0\u00bb52px\u00a0\u00bb custom_margin=\u00a0\u00bb||-3px|||\u00a0\u00bb custom_padding=\u00a0\u00bb||0px|||\u00a0\u00bb global_colors_info=\u00a0\u00bb{}\u00a0\u00bb]<\/p>\n<h2>forum de rencontres<\/h2>\n<p>[\/et_pb_text][et_pb_text _builder_version=\u00a0\u00bb4.27.4&Prime; _module_preset=\u00a0\u00bb6efadde3-5a55-4741-8f71-ff07e23f2dbc\u00a0\u00bb global_colors_info=\u00a0\u00bb{}\u00a0\u00bb]<\/p>\n<h1><span style=\"color: #e9408f;\">showcases des productions r\u00e9gionales et ateliers<\/span><\/h1>\n<p>[\/et_pb_text][\/et_pb_column][\/et_pb_row][et_pb_row column_structure=\u00a0\u00bb3_4,1_4&Prime; _builder_version=\u00a0\u00bb4.20.0&Prime; _module_preset=\u00a0\u00bbdefault\u00a0\u00bb width=\u00a0\u00bb90%\u00a0\u00bb max_width=\u00a0\u00bb1400px\u00a0\u00bb custom_margin=\u00a0\u00bb-1px|auto||auto||\u00a0\u00bb custom_padding=\u00a0\u00bb18px||13px|||\u00a0\u00bb global_colors_info=\u00a0\u00bb{}\u00a0\u00bb][et_pb_column type=\u00a0\u00bb3_4&Prime; _builder_version=\u00a0\u00bb4.20.0&Prime; _module_preset=\u00a0\u00bbdefault\u00a0\u00bb global_colors_info=\u00a0\u00bb{}\u00a0\u00bb][et_pb_text _builder_version=\u00a0\u00bb4.27.4&Prime; _module_preset=\u00a0\u00bb64ea9ac0-e32e-4fe1-91b0-9db02bfe603c\u00a0\u00bb custom_padding=\u00a0\u00bb||1px|||\u00a0\u00bb locked=\u00a0\u00bboff\u00a0\u00bb global_colors_info=\u00a0\u00bb{}\u00a0\u00bb]<\/p>\n<p><span style=\"font-weight: 400;\">Moment fort du festival, ces journ\u00e9es r\u00e9unissent les acteur\u00b7ices des musiques actuelles (artistes, salles, festivals, producteur\u00b7ices, b\u00e9n\u00e9voles, publics\u2026) autour de temps de r\u00e9flexion collective et de d\u00e9couverte artistique. Cette \u00e9dition sera consacr\u00e9e \u00e0 l\u2019engagement citoyen des artistes et des festivals. <\/span><i><span style=\"font-weight: 400;\">Ouvert \u00e0 tous-tes, gratuit <a href=\"https:\/\/forms.gle\/JDe75Mx9e5mhghYq6\">sur inscription<\/a><\/span><\/i>. <em style=\"font-size: 16px;\">En partenariat avec <a href=\"https:\/\/www.grandbureau.fr\/\">Grand Bureau<\/a><\/em><span style=\"font-size: 16px;\">.\u00a0<\/span><\/p>\n<p>[\/et_pb_text][et_pb_text _builder_version=\u00a0\u00bb4.27.4&Prime; _module_preset=\u00a0\u00bb64ea9ac0-e32e-4fe1-91b0-9db02bfe603c\u00a0\u00bb custom_padding=\u00a0\u00bb||0px|||\u00a0\u00bb locked=\u00a0\u00bboff\u00a0\u00bb global_colors_info=\u00a0\u00bb{}\u00a0\u00bb]<\/p>\n<p><span>Suite \u00e0 la r\u00e9alisation de deux \u00e9ditions \u00e0 succ\u00e8s, les<\/span><b> Chants de Mar<\/b><span>s et <\/span><b>F\u00e9d\u00e9chanson <\/b><span>s\u2019associent \u00e0 nouveau, dans le cadre de l\u2019\u00e9dition 2026, pour proposer les \u00ab <span style=\"color: #e98dba;\">Showcases de l&rsquo;Itin\u00e9raire Francophone<\/span> \u00bb. Ce partenariat est n\u00e9 de la volont\u00e9 de mettre en avant les productions de la r\u00e9gion Auvergne Rh\u00f4ne-Alpes et leur catalogue d\u2019artistes en d\u00e9veloppement. Cette ann\u00e9e nous ouvrons les candidatures aux structures implant\u00e9es dans les r\u00e9gions des festivals de l\u2019itin\u00e9raire francophone : <em> <a href=\"https:\/\/festival-avecletemps.com\/\">Avec Le Temps<\/a><\/em>\u00a0(Marseille) et <em><a href=\"https:\/\/www.voixdefete.com\/\">Voix de F\u00eate<\/a><\/em> (Gen\u00e8ve).<\/span><\/p>\n<p><span>Ce temps de showcase se d\u00e9roulera<\/span><b> le lundi 23 mars 2026 \u00e0 la MPT des Rancy<\/b><span> (249 rue Vend\u00f4me Lyon 69003), lors de la journ\u00e9e de rencontres professionnelles.<\/span><\/p>\n<p><span>Ce showcase accueillera <strong>3 formations artistiques<\/strong> pour <strong>des sets de 30 minutes<\/strong>. L\u2019objectif de ce showcase est de permettre aux formations retenues de pr\u00e9senter leur projet artistique \u00e0 des professionnel\u00b7les de la r\u00e9gion et du r\u00e9seau F\u00e9d\u00e9chanson.<\/span>Les Chants de Mars et <a href=\"https:\/\/www.fedechanson.org\/\">F\u00e9d\u00e9chanson<\/a> (f\u00e9d\u00e9ration des acteur\u00b7rices de la chanson francophone) mettent \u00e0 l\u2019honneur les producteur\u00b7rices d\u2019artistes des r\u00e9gions Auvergne-Rh\u00f4ne-Alpes, Sud et de la Suisse. Ces structures, qui participent activement \u00e0 la vitalit\u00e9 de la sc\u00e8ne francophone, vous pr\u00e9senteront une s\u00e9lection de 3 artistes en devenir, \u00e0 d\u00e9couvrir absolument.<\/p>\n<p>[\/et_pb_text][et_pb_button button_url=\u00a0\u00bbhttps:\/\/www.leschantsdemars.com\/wp-content\/uploads\/2026\/03\/depliant-forum-CDM.pdf\u00a0\u00bb button_text=\u00a0\u00bbt\u00e9l\u00e9charger le programme\u00a0\u00bb _builder_version=\u00a0\u00bb4.27.4&Prime; _module_preset=\u00a0\u00bb07b246fb-4e0c-4ada-ac19-3ae00f5b8928&Prime; button_text_color=\u00a0\u00bb#10a774&Prime; button_border_color=\u00a0\u00bb#10a774&Prime; button_letter_spacing=\u00a0\u00bb3px\u00a0\u00bb global_colors_info=\u00a0\u00bb{}\u00a0\u00bb][\/et_pb_button][\/et_pb_column][et_pb_column type=\u00a0\u00bb1_4&Prime; _builder_version=\u00a0\u00bb4.20.0&Prime; _module_preset=\u00a0\u00bbdefault\u00a0\u00bb global_colors_info=\u00a0\u00bb{}\u00a0\u00bb][et_pb_gallery gallery_ids=\u00a0\u00bb2745,2746,2744,2743,2742,2741&Prime; gallery_orderby=\u00a0\u00bbrand\u00a0\u00bb posts_number=\u00a0\u00bb2&Prime; show_title_and_caption=\u00a0\u00bboff\u00a0\u00bb show_pagination=\u00a0\u00bboff\u00a0\u00bb _builder_version=\u00a0\u00bb4.27.4&Prime; _module_preset=\u00a0\u00bbdefault\u00a0\u00bb custom_margin=\u00a0\u00bb-45px||0px||false|false\u00a0\u00bb custom_padding=\u00a0\u00bb0px|0px|0px|0px|false|false\u00a0\u00bb hover_transition_duration=\u00a0\u00bb200ms\u00a0\u00bb global_colors_info=\u00a0\u00bb{}\u00a0\u00bb][\/et_pb_gallery][\/et_pb_column][\/et_pb_row][et_pb_row column_structure=\u00a0\u00bb1_3,1_3,1_3&Prime; _builder_version=\u00a0\u00bb4.20.0&Prime; _module_preset=\u00a0\u00bbdefault\u00a0\u00bb width=\u00a0\u00bb90%\u00a0\u00bb max_width=\u00a0\u00bb1400px\u00a0\u00bb custom_margin=\u00a0\u00bb-1px|auto||auto||\u00a0\u00bb custom_padding=\u00a0\u00bb18px||68px|||\u00a0\u00bb global_colors_info=\u00a0\u00bb{}\u00a0\u00bb][et_pb_column type=\u00a0\u00bb1_3&Prime; _builder_version=\u00a0\u00bb4.20.0&Prime; _module_preset=\u00a0\u00bbdefault\u00a0\u00bb global_colors_info=\u00a0\u00bb{}\u00a0\u00bb][et_pb_text _builder_version=\u00a0\u00bb4.27.4&Prime; _module_preset=\u00a0\u00bb6efadde3-5a55-4741-8f71-ff07e23f2dbc\u00a0\u00bb custom_margin=\u00a0\u00bb||1px|||\u00a0\u00bb global_colors_info=\u00a0\u00bb{}\u00a0\u00bb]<\/p>\n<h1><span style=\"color: #e9408f;\">MATHILDE<\/span><\/h1>\n<p>[\/et_pb_text][et_pb_image src=\u00a0\u00bbhttps:\/\/www.leschantsdemars.com\/wp-content\/uploads\/2026\/01\/Mathilde.jpg\u00a0\u00bb title_text=\u00a0\u00bbMathilde\u00a0\u00bb url=\u00a0\u00bbhttps:\/\/www.youtube.com\/watch?v=dCqEAE6rsm4&Prime; _builder_version=\u00a0\u00bb4.27.4&Prime; _module_preset=\u00a0\u00bbdefault\u00a0\u00bb width=\u00a0\u00bb75%\u00a0\u00bb global_colors_info=\u00a0\u00bb{}\u00a0\u00bb][\/et_pb_image][et_pb_text _builder_version=\u00a0\u00bb4.27.4&Prime; _module_preset=\u00a0\u00bb64ea9ac0-e32e-4fe1-91b0-9db02bfe603c\u00a0\u00bb width=\u00a0\u00bb75%\u00a0\u00bb custom_padding=\u00a0\u00bb||1px|||\u00a0\u00bb locked=\u00a0\u00bboff\u00a0\u00bb global_colors_info=\u00a0\u00bb{}\u00a0\u00bb]<\/p>\n<p><span>Inspir\u00e9e par la nouvelle g\u00e9n\u00e9ration d&rsquo;artistes fran\u00e7ais\u00b7es, <a href=\"https:\/\/www.youtube.com\/watch?v=dCqEAE6rsm4\">Mathilde<\/a> nous invite \u00e0 plonger dans son univers empreint de douceur et d&rsquo;\u00e9vasion. \u00c0 travers ses paroles \u00e0 l&rsquo;argentique, elle partage ses histoires, des moments de vie auxquels tout le monde peut s&rsquo;identifier. Sur sc\u00e8ne, elle vous emm\u00e8nera dans son univers de velours avec son \u00e9nergie communicative, au rythme des accords de claviers et des guitares \u00e9lectriques.<\/span><\/p>\n<p><span style=\"color: #008080;\"><em>Accompagn\u00e9e par Aequo Management<\/em><\/span><\/p>\n<p>[\/et_pb_text][\/et_pb_column][et_pb_column type=\u00a0\u00bb1_3&Prime; _builder_version=\u00a0\u00bb4.20.0&Prime; _module_preset=\u00a0\u00bbdefault\u00a0\u00bb global_colors_info=\u00a0\u00bb{}\u00a0\u00bb][et_pb_text _builder_version=\u00a0\u00bb4.27.4&Prime; _module_preset=\u00a0\u00bb6efadde3-5a55-4741-8f71-ff07e23f2dbc\u00a0\u00bb custom_margin=\u00a0\u00bb||1px|||\u00a0\u00bb global_colors_info=\u00a0\u00bb{}\u00a0\u00bb]<\/p>\n<h1><span style=\"color: #e9408f;\">BONNEVILLE<\/span><\/h1>\n<p>[\/et_pb_text][et_pb_image src=\u00a0\u00bbhttps:\/\/www.leschantsdemars.com\/wp-content\/uploads\/2026\/01\/Bonneville.jpg\u00a0\u00bb title_text=\u00a0\u00bbBonneville\u00a0\u00bb url=\u00a0\u00bbhttps:\/\/www.youtube.com\/watch?v=OpxVenO4nfQ\u00a0\u00bb _builder_version=\u00a0\u00bb4.27.4&Prime; _module_preset=\u00a0\u00bbdefault\u00a0\u00bb width=\u00a0\u00bb75%\u00a0\u00bb global_colors_info=\u00a0\u00bb{}\u00a0\u00bb][\/et_pb_image][et_pb_text _builder_version=\u00a0\u00bb4.27.4&Prime; _module_preset=\u00a0\u00bb64ea9ac0-e32e-4fe1-91b0-9db02bfe603c\u00a0\u00bb width=\u00a0\u00bb75%\u00a0\u00bb custom_padding=\u00a0\u00bb||1px|||\u00a0\u00bb locked=\u00a0\u00bboff\u00a0\u00bb global_colors_info=\u00a0\u00bb{}\u00a0\u00bb]<\/p>\n<p><span><a href=\"https:\/\/www.youtube.com\/watch?v=OpxVenO4nfQ\">Bonneville<\/a> aime la po\u00e9sie, il essaye d&rsquo;en mettre un peu partout. D&rsquo;assaisonner les jours avec cette \u00e9pice qu&rsquo;il affectionne. Sur sc\u00e8ne, il joue avec un singe qui manie la guitare mieux que beaucoup d&rsquo;humains. Ces concerts flirtent avec le rock, entre le coton, la dentelle et le cuir. Le texte est toujours l\u00e0. Il est la principale raison de \u00ab pourquoi Bonneville fait de la musique ? \u00bb. Les mots sont son instrument. Par moments, il est mal accord\u00e9, mais souvent \u00e7a fait du bien.<\/span><\/p>\n<p><span style=\"color: #008080;\"><em>Accompagn\u00e9 par Green Piste Records<\/em><\/span><\/p>\n<p>[\/et_pb_text][\/et_pb_column][et_pb_column type=\u00a0\u00bb1_3&Prime; _builder_version=\u00a0\u00bb4.20.0&Prime; _module_preset=\u00a0\u00bbdefault\u00a0\u00bb global_colors_info=\u00a0\u00bb{}\u00a0\u00bb][et_pb_text _builder_version=\u00a0\u00bb4.27.4&Prime; _module_preset=\u00a0\u00bb6efadde3-5a55-4741-8f71-ff07e23f2dbc\u00a0\u00bb custom_margin=\u00a0\u00bb||1px|||\u00a0\u00bb global_colors_info=\u00a0\u00bb{}\u00a0\u00bb]<\/p>\n<h1><span style=\"color: #e9408f;\">BOUKI<\/span><\/h1>\n<p>[\/et_pb_text][et_pb_image src=\u00a0\u00bbhttps:\/\/www.leschantsdemars.com\/wp-content\/uploads\/2026\/01\/Bouki.jpg\u00a0\u00bb title_text=\u00a0\u00bbBouki\u00a0\u00bb url=\u00a0\u00bbhttps:\/\/www.youtube.com\/watch?v=X9QheJeO7hE\u00a0\u00bb _builder_version=\u00a0\u00bb4.27.4&Prime; _module_preset=\u00a0\u00bbdefault\u00a0\u00bb width=\u00a0\u00bb75%\u00a0\u00bb max_width=\u00a0\u00bb100%\u00a0\u00bb module_alignment=\u00a0\u00bbleft\u00a0\u00bb global_colors_info=\u00a0\u00bb{}\u00a0\u00bb][\/et_pb_image][et_pb_text _builder_version=\u00a0\u00bb4.27.4&Prime; _module_preset=\u00a0\u00bb64ea9ac0-e32e-4fe1-91b0-9db02bfe603c\u00a0\u00bb width=\u00a0\u00bb75%\u00a0\u00bb custom_padding=\u00a0\u00bb||1px|||\u00a0\u00bb locked=\u00a0\u00bboff\u00a0\u00bb global_colors_info=\u00a0\u00bb{}\u00a0\u00bb]<\/p>\n<p><span><a href=\"https:\/\/www.youtube.com\/watch?v=X9QheJeO7hE\">Bouki<\/a> \u00e9crit des textes sinc\u00e8res et percutants : en capturant l&rsquo;\u00e9motion d&rsquo;un saut \u00e0 4000 m\u00e8tres d&rsquo;altitude, elle raconte le doute, la peur, l&rsquo;angoisse et l&rsquo;adr\u00e9naline. Elle est accompagn\u00e9e par Mr Roger, qui tient son originalit\u00e9 autour d&rsquo;une subtile combinaison de sonorit\u00e9s classiques et \u00e9lectroniques.<\/span><br \/><span>Bouki et Mr Roger allient leur univers sur des rythmes de break et de trap contenant aussi bien des m\u00e9lodies de synth\u00e8se que des enregistrements de la r\u00e9alit\u00e9 qui les entourent<\/span><\/p>\n<p><span style=\"color: #008080;\"><em>Accompagn\u00e9e par Ninkasi Musik Lab<\/em><\/span><\/p>\n<p>[\/et_pb_text][\/et_pb_column][\/et_pb_row][et_pb_row column_structure=\u00a0\u00bb2_3,1_3&Prime; _builder_version=\u00a0\u00bb4.27.4&Prime; _module_preset=\u00a0\u00bbdefault\u00a0\u00bb global_colors_info=\u00a0\u00bb{}\u00a0\u00bb][et_pb_column type=\u00a0\u00bb2_3&Prime; _builder_version=\u00a0\u00bb4.27.4&Prime; _module_preset=\u00a0\u00bbdefault\u00a0\u00bb global_colors_info=\u00a0\u00bb{}\u00a0\u00bb][et_pb_text _builder_version=\u00a0\u00bb4.27.4&Prime; _module_preset=\u00a0\u00bb6efadde3-5a55-4741-8f71-ff07e23f2dbc\u00a0\u00bb global_colors_info=\u00a0\u00bb{}\u00a0\u00bb]<\/p>\n<h1><span style=\"color: #e9408f;\"><\/span><\/h1>\n<h1><span style=\"color: #e9408f;\"><\/span><\/h1>\n<h1><span style=\"color: #e9408f;\"><\/span><\/h1>\n<h1><span style=\"color: #e9408f;\"><\/span><\/h1>\n<h1><span style=\"color: #e9408f;\">Lancement des 24h du Mot<\/span><\/h1>\n<p>[\/et_pb_text][et_pb_text _builder_version=\u00a0\u00bb4.27.4&Prime; _module_preset=\u00a0\u00bb64ea9ac0-e32e-4fe1-91b0-9db02bfe603c\u00a0\u00bb custom_margin=\u00a0\u00bb||-4px|||\u00a0\u00bb custom_padding=\u00a0\u00bb||0px|||\u00a0\u00bb locked=\u00a0\u00bboff\u00a0\u00bb global_colors_info=\u00a0\u00bb{}\u00a0\u00bb]<\/p>\n<p>La journ\u00e9e se cl\u00f4turera par l\u2019annonce de la th\u00e9matique et des \u00e9quipes des \u00ab 24h du mot \u00bb, anim\u00e9e par Matthias Bouffay et Lucas Roullet-Marchand.<\/p>\n<p>En partenariat avec<a href=\"https:\/\/athouboutdchant.com\/\"><em> A Thou Bout d&rsquo;Chant<\/em><\/a>.<\/p>\n<p>&nbsp;<\/p>\n<p>[\/et_pb_text][et_pb_button button_url=\u00a0\u00bbhttps:\/\/www.leschantsdemars.com\/index.php\/24h-du-mot\/\u00a0\u00bb button_text=\u00a0\u00bbEn savoir +\u00a0\u00bb _builder_version=\u00a0\u00bb4.27.4&Prime; _module_preset=\u00a0\u00bb07b246fb-4e0c-4ada-ac19-3ae00f5b8928&Prime; button_text_color=\u00a0\u00bb#10a774&Prime; button_border_color=\u00a0\u00bb#10a774&Prime; button_letter_spacing=\u00a0\u00bb3px\u00a0\u00bb custom_padding=\u00a0\u00bb1px|56px|1px|40px|true|false\u00a0\u00bb global_colors_info=\u00a0\u00bb{}\u00a0\u00bb][\/et_pb_button][\/et_pb_column][et_pb_column type=\u00a0\u00bb1_3&Prime; _builder_version=\u00a0\u00bb4.27.4&Prime; _module_preset=\u00a0\u00bbdefault\u00a0\u00bb global_colors_info=\u00a0\u00bb{}\u00a0\u00bb][et_pb_image src=\u00a0\u00bbhttps:\/\/www.leschantsdemars.com\/wp-content\/uploads\/2025\/11\/JOURNEE_PRO-06.jpg\u00a0\u00bb title_text=\u00a0\u00bbJOURNEE_PRO-06&Prime; _builder_version=\u00a0\u00bb4.27.4&Prime; _module_preset=\u00a0\u00bbdefault\u00a0\u00bb global_colors_info=\u00a0\u00bb{}\u00a0\u00bb][\/et_pb_image][\/et_pb_column][\/et_pb_row][\/et_pb_section][et_pb_section fb_built=\u00a0\u00bb1&Prime; admin_label=\u00a0\u00bbFeatures\u00a0\u00bb _builder_version=\u00a0\u00bb4.27.4&Prime; _module_preset=\u00a0\u00bbdefault\u00a0\u00bb background_color=\u00a0\u00bbgcid-3be8d3fa-8b11-41b4-b614-e601c43d7597&Prime; custom_margin=\u00a0\u00bb4px|||||\u00a0\u00bb collapsed=\u00a0\u00bbon\u00a0\u00bb global_colors_info=\u00a0\u00bb{%22gcid-3be8d3fa-8b11-41b4-b614-e601c43d7597%22:%91%22background_color%22%93}\u00a0\u00bb][et_pb_row use_custom_gutter=\u00a0\u00bbon\u00a0\u00bb gutter_width=\u00a0\u00bb1&Prime; make_equal=\u00a0\u00bbon\u00a0\u00bb _builder_version=\u00a0\u00bb4.27.4&Prime; _module_preset=\u00a0\u00bbdefault\u00a0\u00bb width=\u00a0\u00bb90%\u00a0\u00bb max_width=\u00a0\u00bb1400px\u00a0\u00bb min_height=\u00a0\u00bb282.2px\u00a0\u00bb custom_margin=\u00a0\u00bb-3px|auto|-181px|auto|false|false\u00a0\u00bb custom_padding=\u00a0\u00bb0px||0px||true|false\u00a0\u00bb border_width_all=\u00a0\u00bb2px\u00a0\u00bb border_color_all=\u00a0\u00bb#000000&Prime; locked=\u00a0\u00bboff\u00a0\u00bb global_colors_info=\u00a0\u00bb{}\u00a0\u00bb][et_pb_column type=\u00a0\u00bb4_4&Prime; _builder_version=\u00a0\u00bb4.20.0&Prime; _module_preset=\u00a0\u00bbdefault\u00a0\u00bb custom_padding=\u00a0\u00bb60px|30px|60px|30px|true|true\u00a0\u00bb custom_padding_tablet=\u00a0\u00bb40px||40px||true|false\u00a0\u00bb custom_padding_phone=\u00a0\u00bb30px|20px|30px|20px|true|true\u00a0\u00bb custom_padding_last_edited=\u00a0\u00bbon|desktop\u00a0\u00bb global_colors_info=\u00a0\u00bb{}\u00a0\u00bb][et_pb_text _builder_version=\u00a0\u00bb4.27.4&Prime; _module_preset=\u00a0\u00bb36e06527-1c55-4778-a28c-bdaaab2b7f39&Prime; custom_margin=\u00a0\u00bb-45px||10px||false|false\u00a0\u00bb global_colors_info=\u00a0\u00bb{}\u00a0\u00bb]<\/p>\n<h3><span style=\"color: #ffffff;\">D\u00e9couvrir le programme<\/span><\/h3>\n<p>[\/et_pb_text][\/et_pb_column][\/et_pb_row][\/et_pb_section][et_pb_section fb_built=\u00a0\u00bb1&Prime; admin_label=\u00a0\u00bbFeatures\u00a0\u00bb _builder_version=\u00a0\u00bb4.27.4&Prime; _module_preset=\u00a0\u00bbdefault\u00a0\u00bb background_color=\u00a0\u00bbgcid-3be8d3fa-8b11-41b4-b614-e601c43d7597&Prime; custom_margin=\u00a0\u00bb-55px|||||\u00a0\u00bb collapsed=\u00a0\u00bbon\u00a0\u00bb global_colors_info=\u00a0\u00bb{%22gcid-3be8d3fa-8b11-41b4-b614-e601c43d7597%22:%91%22background_color%22%93}\u00a0\u00bb][et_pb_row column_structure=\u00a0\u00bb1_2,1_2&Prime; use_custom_gutter=\u00a0\u00bbon\u00a0\u00bb gutter_width=\u00a0\u00bb1&Prime; make_equal=\u00a0\u00bbon\u00a0\u00bb _builder_version=\u00a0\u00bb4.27.4&Prime; _module_preset=\u00a0\u00bbdefault\u00a0\u00bb width=\u00a0\u00bb90%\u00a0\u00bb max_width=\u00a0\u00bb1400px\u00a0\u00bb min_height=\u00a0\u00bb282.2px\u00a0\u00bb custom_margin=\u00a0\u00bb-3px|auto||auto|false|false\u00a0\u00bb custom_padding=\u00a0\u00bb0px||0px||true|false\u00a0\u00bb border_width_all=\u00a0\u00bb2px\u00a0\u00bb border_color_all=\u00a0\u00bb#000000&Prime; locked=\u00a0\u00bboff\u00a0\u00bb global_colors_info=\u00a0\u00bb{}\u00a0\u00bb][et_pb_column type=\u00a0\u00bb1_2&Prime; _builder_version=\u00a0\u00bb4.20.0&Prime; _module_preset=\u00a0\u00bbdefault\u00a0\u00bb custom_padding=\u00a0\u00bb60px|30px|60px|30px|true|true\u00a0\u00bb custom_padding_tablet=\u00a0\u00bb40px||40px||true|false\u00a0\u00bb custom_padding_phone=\u00a0\u00bb30px|20px|30px|20px|true|true\u00a0\u00bb custom_padding_last_edited=\u00a0\u00bbon|desktop\u00a0\u00bb global_colors_info=\u00a0\u00bb{}\u00a0\u00bb][et_pb_icon font_icon=\u00a0\u00bb&#xf133;||fa||400&Prime; icon_color=\u00a0\u00bb#000000&Prime; icon_width=\u00a0\u00bb48px\u00a0\u00bb align=\u00a0\u00bbleft\u00a0\u00bb _builder_version=\u00a0\u00bb4.27.4&Prime; _module_preset=\u00a0\u00bbdefault\u00a0\u00bb custom_margin=\u00a0\u00bb||30px||false|false\u00a0\u00bb custom_padding=\u00a0\u00bb0px|||||\u00a0\u00bb global_colors_info=\u00a0\u00bb{}\u00a0\u00bb][\/et_pb_icon][et_pb_text _builder_version=\u00a0\u00bb4.27.4&Prime; _module_preset=\u00a0\u00bb36e06527-1c55-4778-a28c-bdaaab2b7f39&Prime; custom_margin=\u00a0\u00bb||10px||false|false\u00a0\u00bb global_colors_info=\u00a0\u00bb{}\u00a0\u00bb]<\/p>\n<h3>LUNDI 23 MARS &#8211; d\u00e8s 13h30<\/h3>\n<p>[\/et_pb_text][et_pb_accordion open_toggle_text_color=\u00a0\u00bb#000000&Prime; icon_color=\u00a0\u00bb#000000&Prime; _builder_version=\u00a0\u00bb4.27.4&Prime; _module_preset=\u00a0\u00bbdefault\u00a0\u00bb toggle_text_color=\u00a0\u00bb#000000&Prime; body_font=\u00a0\u00bb||on||||||\u00a0\u00bb body_text_color=\u00a0\u00bb#000000&Prime; body_font_size=\u00a0\u00bb14px\u00a0\u00bb body_line_height=\u00a0\u00bb1.4em\u00a0\u00bb background_color=\u00a0\u00bb#10a774&Prime; border_color_all=\u00a0\u00bb#000000&Prime; global_colors_info=\u00a0\u00bb{}\u00a0\u00bb][et_pb_accordion_item title=\u00a0\u00bbMPT DES RANCY\u00a0\u00bb open=\u00a0\u00bbon\u00a0\u00bb _builder_version=\u00a0\u00bb4.27.4&Prime; _module_preset=\u00a0\u00bbdefault\u00a0\u00bb background_color=\u00a0\u00bb#10a774&Prime; background_enable_color=\u00a0\u00bbon\u00a0\u00bb global_colors_info=\u00a0\u00bb{}\u00a0\u00bb]<\/p>\n<p><span style=\"color: #ffffff;\">249 rue Vend\u00f4me, LYON 3<\/span><\/p>\n<p>[\/et_pb_accordion_item][et_pb_accordion_item title=\u00a0\u00bbPOUR VENIR\u00a0\u00bb _builder_version=\u00a0\u00bb4.27.4&Prime; _module_preset=\u00a0\u00bbdefault\u00a0\u00bb background_color=\u00a0\u00bb#10a774&Prime; background_enable_color=\u00a0\u00bbon\u00a0\u00bb global_colors_info=\u00a0\u00bb{}\u00a0\u00bb open=\u00a0\u00bboff\u00a0\u00bb]<\/p>\n<p>\u2022 M\u00c9TRO D : arr\u00eat Saxe-Gambetta<br \/>\u2022 M\u00c9TRO B : arr\u00eat Saxe-Gambetta ou Place Guichard<br \/>\u2022 TRAM T1 : arr\u00eat Palais de justice \u2013 Mairie du 3\u00e8me<br \/>\u2022 BUS C4 et C14 : arr\u00eat Saxe-Gambetta<\/p>\n<p>Pour conna\u00eetre tous les horaires : <a href=\"http:\/\/plan-interactif.tcl.fr\/\">http:\/\/plan-interactif.tcl.fr\/<\/a><\/p>\n<p>Les portes de la salle de concert ouvrent 30 min avant l\u2019horaire du concert<\/p>\n<p>ACCUEIL PMR<br \/>Pour vous accueillir dans les meilleures conditions possibles, merci de pr\u00e9venir de votre venue en amont.<\/p>\n<p>[\/et_pb_accordion_item][\/et_pb_accordion][et_pb_button button_url=\u00a0\u00bbhttps:\/\/forms.gle\/JDe75Mx9e5mhghYq6&Prime; button_text=\u00a0\u00bbS&rsquo;inscrire aux ateliers\u00a0\u00bb button_alignment=\u00a0\u00bbright\u00a0\u00bb button_alignment_tablet=\u00a0\u00bbleft\u00a0\u00bb button_alignment_phone=\u00a0\u00bbleft\u00a0\u00bb button_alignment_last_edited=\u00a0\u00bbon|tablet\u00a0\u00bb _builder_version=\u00a0\u00bb4.27.4&Prime; _module_preset=\u00a0\u00bb3d0b1d0c-c842-4d12-b19a-3556f41cee4b\u00a0\u00bb button_text_color=\u00a0\u00bb#FFFFFF\u00a0\u00bb global_colors_info=\u00a0\u00bb{}\u00a0\u00bb][\/et_pb_button][et_pb_accordion open_toggle_text_color=\u00a0\u00bb#000000&Prime; open_toggle_background_color=\u00a0\u00bb#FFFFFF\u00a0\u00bb closed_toggle_text_color=\u00a0\u00bb#FFFFFF\u00a0\u00bb icon_color=\u00a0\u00bb#FFFFFF\u00a0\u00bb _builder_version=\u00a0\u00bb4.27.4&Prime; _module_preset=\u00a0\u00bbdefault\u00a0\u00bb toggle_text_color=\u00a0\u00bb#000000&Prime; body_font=\u00a0\u00bb||on||||||\u00a0\u00bb body_text_color=\u00a0\u00bb#000000&Prime; body_font_size=\u00a0\u00bb14px\u00a0\u00bb body_line_height=\u00a0\u00bb1.4em\u00a0\u00bb background_color=\u00a0\u00bb#10a774&Prime; border_color_all=\u00a0\u00bb#FFFFFF\u00a0\u00bb global_colors_info=\u00a0\u00bb{}\u00a0\u00bb][et_pb_accordion_item title=\u00a0\u00bb14h &#8211; SHOWCASE MATHILDE\u00a0\u00bb open_toggle_text_color=\u00a0\u00bb#000000&Prime; closed_toggle_text_color=\u00a0\u00bb#FFFFFF\u00a0\u00bb _builder_version=\u00a0\u00bb4.27.4&Prime; _module_preset=\u00a0\u00bbdefault\u00a0\u00bb background_color=\u00a0\u00bb#10a774&Prime; background_enable_color=\u00a0\u00bbon\u00a0\u00bb global_colors_info=\u00a0\u00bb{}\u00a0\u00bb open=\u00a0\u00bboff\u00a0\u00bb]<\/p>\n<p><span style=\"color: #ffffff;\"><i><span style=\"font-weight: 400;\"><span style=\"color: #000000;\">&gt; Aequo Management<\/span><\/span><\/i><\/span><\/p>\n<p><span style=\"font-weight: 400; color: #000000;\">Inspir\u00e9e par la nouvelle g\u00e9n\u00e9ration d\u2019artistes fran\u00e7ais\u00b7es, Mathilde nous invite \u00e0 plonger dans son univers empreint de douceur et d\u2019\u00e9vasion. \u00c0 travers ses paroles \u00e0 l&rsquo;argentique, elle partage ses histoires, des moments de vie auxquels tout le monde peut s\u2019identifier. Sur sc\u00e8ne, elle vous emm\u00e8nera dans son univers de velours avec son \u00e9nergie communicative, au rythme des accords de claviers et des guitares \u00e9lectriques.<\/span><\/p>\n<p>[\/et_pb_accordion_item][et_pb_accordion_item title=\u00a0\u00bb14h30 &#8211; Table Ronde : Les enjeux de repr\u00e9sentation des personnes racis\u00e9es dans l&rsquo;industrie musicale fran\u00e7aise ?\u00a0\u00bb _builder_version=\u00a0\u00bb4.27.4&Prime; _module_preset=\u00a0\u00bbdefault\u00a0\u00bb background_color=\u00a0\u00bb#10a774&Prime; background_enable_color=\u00a0\u00bbon\u00a0\u00bb global_colors_info=\u00a0\u00bb{}\u00a0\u00bb open=\u00a0\u00bbon\u00a0\u00bb]<\/p>\n<p><span style=\"font-weight: 400;\">Les musiques actuelles francophones se caract\u00e9risent par une grande diversit\u00e9 d\u2019esth\u00e9tiques, d\u2019influences et de sc\u00e8nes. Pourtant, derri\u00e8re cette richesse artistique, des in\u00e9galit\u00e9s persistent. Si la diversit\u00e9 musicale francophone se nourrit largement d\u2019influences issues des diasporas et des cultures afro-descendantes, carib\u00e9ennes, maghr\u00e9bines ou asiatiques, les artistes racis\u00e9\u00b7es ne b\u00e9n\u00e9ficient pas toujours des m\u00eames conditions de reconnaissance, de l\u00e9gitimit\u00e9 et de circulation que leurs homologues blancs.<\/span><\/p>\n<p><span style=\"font-weight: 400;\">De nombreux artistes se heurtent \u00e0 des m\u00e9canismes d\u2019assignation, certain\u00b7es sont parfois cantonn\u00e9\u00b7es \u00e0 des temps forts d\u00e9di\u00e9s \u00e0 la \u201cdiversit\u00e9\u201d ou aux luttes contre les discriminations, et d\u2019autres doivent composer avec des attentes implicites sur ce qu\u2019iels sont cens\u00e9\u00b7es incarner ou repr\u00e9senter. \u00c0 partir des exp\u00e9riences crois\u00e9es de plusieurs invit\u00e9\u00b7es, cette table ronde propose d\u2019ouvrir un espace d\u2019\u00e9change sur les enjeux contemporains de repr\u00e9sentation des artistes racis\u00e9\u00b7es dans l\u2019industrie musicale fran\u00e7aise, et d\u2019interroger collectivement nos pratiques afin de favoriser des sc\u00e8nes plus \u00e9quitables et inclusives.<\/span><\/p>\n<p><em><strong>A<\/strong>vec \u00e0 la mod\u00e9ration le Caf\u00e9 Rosa, et intervenant\u00b7es : Pierre et la Rose (artiste), DJ Pompompom (artiste et membre du Collectif Oshumar\u00e9), Le\u00efla Ensanyar-Volle (co-programmatrice au Kraspek Myzik) et Alpha Saliou Diallo (fondateur de LGTDZ et membre du CA du Kraspek Myzik.)<span style=\"font-size: 14px;\">\u00a0<\/span><\/em><\/p>\n<p><span style=\"font-weight: 400;\"><\/span><\/p>\n<p>[\/et_pb_accordion_item][et_pb_accordion_item title=\u00a0\u00bb15h45 &#8211; SHOWCASE BONNEVILLE\u00a0\u00bb open_toggle_text_color=\u00a0\u00bb#000000&Prime; closed_toggle_text_color=\u00a0\u00bb#FFFFFF\u00a0\u00bb _builder_version=\u00a0\u00bb4.27.4&Prime; _module_preset=\u00a0\u00bbdefault\u00a0\u00bb background_color=\u00a0\u00bb#10a774&Prime; background_enable_color=\u00a0\u00bbon\u00a0\u00bb global_colors_info=\u00a0\u00bb{}\u00a0\u00bb open=\u00a0\u00bboff\u00a0\u00bb]<\/p>\n<p><i><span style=\"font-weight: 400;\">&gt; Green Piste Records<\/span><\/i><\/p>\n<p><span style=\"font-weight: 400;\">Bonneville aime la po\u00e9sie, il essaye d\u2019en mettre un peu partout. D\u2019assaisonner les jours avec cette \u00e9pice qu\u2019il affectionne. Sur sc\u00e8ne, il joue avec un singe qui manie la guitare mieux que beaucoup d\u2019humains. Ces concerts flirtent avec le rock, entre le coton, la dentelle et le cuir. Le texte est toujours l\u00e0. Il est la principale raison de \u00ab pourquoi Bonneville fait de la musique ? \u00bb. Les mots sont son instrument. Par moments, il est mal accord\u00e9, mais souvent \u00e7a fait du bien.<\/span><\/p>\n<p>[\/et_pb_accordion_item][et_pb_accordion_item title=\u00a0\u00bb16h30 &#8211; Atelier : quelles pratiques concr\u00e8tes pour des programmations plus \u00e9quitables ?\u00a0\u00bb _builder_version=\u00a0\u00bb4.27.4&Prime; _module_preset=\u00a0\u00bbdefault\u00a0\u00bb background_color=\u00a0\u00bb#10a774&Prime; background_enable_color=\u00a0\u00bbon\u00a0\u00bb global_colors_info=\u00a0\u00bb{}\u00a0\u00bb open=\u00a0\u00bboff\u00a0\u00bb]<\/p>\n<p><span style=\"font-weight: 400;\">\u00c0 la suite de la table ronde consacr\u00e9e aux enjeux de repr\u00e9sentation des artistes racis\u00e9\u00b7es, cet atelier propose un temps de travail collectif centr\u00e9 sur les leviers d\u2019action concrets. Comment d\u00e9passer les logiques d\u2019assignation ? Comment \u00e9viter la tokenisation ou la concentration des artistes racis\u00e9\u00b7es sur des temps forts sp\u00e9cifiques ? Comment interroger ses r\u00e9seaux, ses r\u00e9flexes professionnels, ses crit\u00e8res implicites de s\u00e9lection ?<\/span><\/p>\n<p><span style=\"font-weight: 400;\">\u00c0 partir des \u00e9changes pr\u00e9c\u00e9dents et des exp\u00e9riences des participant\u00b7es (programmateur\u00b7ices, festivals, labels, artistes, charg\u00e9\u00b7es de production\u2026), l\u2019atelier visera \u00e0 identifier des pratiques activables \u00e0 court et moyen terme : outils de programmation, m\u00e9thodes de veille, diversification des r\u00e9seaux, \u00e9volution des crit\u00e8res d\u2019\u00e9valuation artistique, contractualisation, communication, accompagnement. L\u2019objectif : repartir avec des pistes concr\u00e8tes, mutualisables et adapt\u00e9es aux r\u00e9alit\u00e9s des structures pr\u00e9sentes.<\/span><\/p>\n<p>[\/et_pb_accordion_item][et_pb_accordion_item title=\u00a0\u00bb16h30 &#8211; Table ronde : Festivals et engagement politique : entre enjeux artistiques, contraintes financi\u00e8res et perspectives collectives\u00a0\u00bb open=\u00a0\u00bboff\u00a0\u00bb _builder_version=\u00a0\u00bb4.27.4&Prime; _module_preset=\u00a0\u00bbdefault\u00a0\u00bb background_color=\u00a0\u00bb#10a774&Prime; background_enable_color=\u00a0\u00bbon\u00a0\u00bb global_colors_info=\u00a0\u00bb{}\u00a0\u00bb]<\/p>\n<p><span style=\"font-weight: 400;\">Les festivals occupent aujourd\u2019hui une place centrale dans la vie culturelle et sociale des territoires. Leurs programmations ne sont plus seulement des choix artistiques : elles r\u00e9sonnent avec des d\u00e9bats de soci\u00e9t\u00e9, incarnent des positionnements et peuvent susciter controverses ou tensions. Qu\u2019est-ce qu\u2019un festival engag\u00e9 aujourd\u2019hui ? \u00c0 partir de quand un choix artistique est-il per\u00e7u comme politique ? Comment assumer une ligne \u00e9ditoriale forte tout en \u00e9voluant dans un cadre institutionnel et partenarial parfois contraint ? \u00c0 travers les exp\u00e9riences du Festival Lyon Antifa, du Festival Feu, port\u00e9 par la MJC de La Duchere, du Festival Bien l\u2019bourgeon, et des Chants de Mars, cette table ronde propose d\u2019explorer les relations entre engagement politique, libert\u00e9 de programmation et contraintes \u00e9conomiques.<\/span><\/p>\n<p>[\/et_pb_accordion_item][et_pb_accordion_item title=\u00a0\u00bb17h45 &#8211; SHOWCASE BOUKI\u00a0\u00bb open_toggle_text_color=\u00a0\u00bb#000000&Prime; closed_toggle_text_color=\u00a0\u00bb#FFFFFF\u00a0\u00bb _builder_version=\u00a0\u00bb4.27.4&Prime; _module_preset=\u00a0\u00bbdefault\u00a0\u00bb background_color=\u00a0\u00bb#10a774&Prime; background_enable_color=\u00a0\u00bbon\u00a0\u00bb global_colors_info=\u00a0\u00bb{}\u00a0\u00bb open=\u00a0\u00bboff\u00a0\u00bb]<\/p>\n<p><i><span style=\"font-weight: 400;\">&gt; Ninkasi Musik Lab<\/span><\/i><\/p>\n<p><span style=\"font-weight: 400;\">Bouki \u00e9crit des textes sinc\u00e8res et percutants : en capturant l&rsquo;\u00e9motion d&rsquo;un saut \u00e0 4000 m\u00e8tres d&rsquo;altitude, elle raconte le doute, la peur, l&rsquo;angoisse et l&rsquo;adr\u00e9naline. Elle est accompagn\u00e9e par Mr Roger, qui tient son originalit\u00e9 autour d\u2019une subtile combinaison de sonorit\u00e9s classiques et \u00e9lectroniques.<\/span><span style=\"font-weight: 400;\"><br \/><\/span><span style=\"font-weight: 400;\">Bouki et Mr Roger allient leur univers sur des rythmes de break et de trap contenant aussi bien des m\u00e9lodies de synth\u00e8se que des enregistrements de la r\u00e9alit\u00e9 qui les entourent.<\/span><span style=\"font-weight: 400;\"><br \/><\/span><\/p>\n<p>[\/et_pb_accordion_item][\/et_pb_accordion][\/et_pb_column][et_pb_column type=\u00a0\u00bb1_2&Prime; _builder_version=\u00a0\u00bb4.20.0&Prime; _module_preset=\u00a0\u00bbdefault\u00a0\u00bb custom_padding=\u00a0\u00bb60px|30px|60px|30px|true|true\u00a0\u00bb custom_padding_tablet=\u00a0\u00bb40px||40px||true|false\u00a0\u00bb custom_padding_phone=\u00a0\u00bb30px|20px|30px|20px|true|true\u00a0\u00bb custom_padding_last_edited=\u00a0\u00bbon|desktop\u00a0\u00bb border_color_all=\u00a0\u00bb#000000&Prime; border_width_right=\u00a0\u00bb2px\u00a0\u00bb border_width_left=\u00a0\u00bb2px\u00a0\u00bb border_width_top_tablet=\u00a0\u00bb2px\u00a0\u00bb border_width_top_phone=\u00a0\u00bb2px\u00a0\u00bb border_width_top_last_edited=\u00a0\u00bbon|tablet\u00a0\u00bb border_width_right_tablet=\u00a0\u00bb0px\u00a0\u00bb border_width_right_phone=\u00a0\u00bb0px\u00a0\u00bb border_width_right_last_edited=\u00a0\u00bbon|tablet\u00a0\u00bb border_width_bottom_tablet=\u00a0\u00bb2px\u00a0\u00bb border_width_bottom_phone=\u00a0\u00bb2px\u00a0\u00bb border_width_bottom_last_edited=\u00a0\u00bbon|tablet\u00a0\u00bb border_width_left_tablet=\u00a0\u00bb0px\u00a0\u00bb border_width_left_phone=\u00a0\u00bb0px\u00a0\u00bb border_width_left_last_edited=\u00a0\u00bbon|tablet\u00a0\u00bb global_colors_info=\u00a0\u00bb{}\u00a0\u00bb][et_pb_icon font_icon=\u00a0\u00bb&#xf133;||fa||400&Prime; icon_color=\u00a0\u00bb#000000&Prime; icon_width=\u00a0\u00bb48px\u00a0\u00bb align=\u00a0\u00bbleft\u00a0\u00bb _builder_version=\u00a0\u00bb4.27.4&Prime; _module_preset=\u00a0\u00bbdefault\u00a0\u00bb custom_margin=\u00a0\u00bb||30px||false|false\u00a0\u00bb custom_padding=\u00a0\u00bb0px|||||\u00a0\u00bb global_colors_info=\u00a0\u00bb{}\u00a0\u00bb][\/et_pb_icon][et_pb_text _builder_version=\u00a0\u00bb4.27.4&Prime; _module_preset=\u00a0\u00bb36e06527-1c55-4778-a28c-bdaaab2b7f39&Prime; custom_margin=\u00a0\u00bb||10px||false|false\u00a0\u00bb global_colors_info=\u00a0\u00bb{}\u00a0\u00bb]<\/p>\n<h3>MARDI 24 MARS &#8211; d\u00e8s 14h<\/h3>\n<p>[\/et_pb_text][et_pb_accordion open_toggle_text_color=\u00a0\u00bb#000000&Prime; icon_color=\u00a0\u00bb#000000&Prime; _builder_version=\u00a0\u00bb4.27.4&Prime; _module_preset=\u00a0\u00bbdefault\u00a0\u00bb toggle_text_color=\u00a0\u00bb#000000&Prime; body_font=\u00a0\u00bb||on||||||\u00a0\u00bb body_text_color=\u00a0\u00bb#000000&Prime; body_font_size=\u00a0\u00bb14px\u00a0\u00bb body_line_height=\u00a0\u00bb1.4em\u00a0\u00bb background_color=\u00a0\u00bb#10a774&Prime; border_color_all=\u00a0\u00bb#000000&Prime; global_colors_info=\u00a0\u00bb{}\u00a0\u00bb][et_pb_accordion_item title=\u00a0\u00bbLE TRANSBORDEUR\u00a0\u00bb open=\u00a0\u00bbon\u00a0\u00bb _builder_version=\u00a0\u00bb4.27.4&Prime; _module_preset=\u00a0\u00bbdefault\u00a0\u00bb background_color=\u00a0\u00bb#10a774&Prime; background_enable_color=\u00a0\u00bbon\u00a0\u00bb global_colors_info=\u00a0\u00bb{}\u00a0\u00bb]<\/p>\n<p><span style=\"color: #ffffff;\">3 boulevard de la Bataille de Stalingrad, VILLEURBANNE<\/span><\/p>\n<p>[\/et_pb_accordion_item][et_pb_accordion_item title=\u00a0\u00bbPOUR VENIR\u00a0\u00bb _builder_version=\u00a0\u00bb4.27.4&Prime; _module_preset=\u00a0\u00bbdefault\u00a0\u00bb background_color=\u00a0\u00bb#10a774&Prime; background_enable_color=\u00a0\u00bbon\u00a0\u00bb global_colors_info=\u00a0\u00bb{}\u00a0\u00bb open=\u00a0\u00bboff\u00a0\u00bb]<\/p>\n<p><span data-sheets-root=\"1\">Bus C1, C4, C5 : arr\u00eat Cit\u00e9 Internationale<br \/>Bus C2, C26 et 70 : arr\u00eat Cit\u00e9 Internationale Transbordeur<br \/>Stations Velo\u2019v : 6041 \u2013 6042 \u2013 10005<br \/>Pour conna\u00eetre tous les horaires : <a href=\"https:\/\/www.tcl.fr\/se-deplacer\/plan-interactif\">https:\/\/www.tcl.fr\/se-deplacer\/plan-interactif<\/a><\/span><\/p>\n<p><strong>Parking le plus proche : <\/strong><\/p>\n<p><span data-sheets-root=\"1\">Parking P2 de la Cit\u00e9 Internationale (payant).<br \/>Parking du Transbordeur r\u00e9serv\u00e9 au personnel et aux PSH.<br \/><a href=\"\u00a0https:\/\/www.transbordeur.fr\/f-a-q\/\" target=\"_blank\" rel=\"noopener\"><strong>En savoir plus+<\/strong><\/a><\/span><\/p>\n<p>[\/et_pb_accordion_item][\/et_pb_accordion][et_pb_button button_url=\u00a0\u00bbhttps:\/\/forms.gle\/JDe75Mx9e5mhghYq6&Prime; button_text=\u00a0\u00bbS&rsquo;inscrire aux ateliers\u00a0\u00bb button_alignment=\u00a0\u00bbright\u00a0\u00bb button_alignment_tablet=\u00a0\u00bbleft\u00a0\u00bb button_alignment_phone=\u00a0\u00bbleft\u00a0\u00bb button_alignment_last_edited=\u00a0\u00bbon|tablet\u00a0\u00bb _builder_version=\u00a0\u00bb4.27.4&Prime; _module_preset=\u00a0\u00bb3d0b1d0c-c842-4d12-b19a-3556f41cee4b\u00a0\u00bb button_text_color=\u00a0\u00bb#FFFFFF\u00a0\u00bb global_colors_info=\u00a0\u00bb{}\u00a0\u00bb][\/et_pb_button][et_pb_accordion open_toggle_text_color=\u00a0\u00bb#000000&Prime; open_toggle_background_color=\u00a0\u00bb#FFFFFF\u00a0\u00bb closed_toggle_text_color=\u00a0\u00bb#FFFFFF\u00a0\u00bb icon_color=\u00a0\u00bb#FFFFFF\u00a0\u00bb _builder_version=\u00a0\u00bb4.27.4&Prime; _module_preset=\u00a0\u00bbdefault\u00a0\u00bb toggle_text_color=\u00a0\u00bb#000000&Prime; body_font=\u00a0\u00bb||on||||||\u00a0\u00bb body_text_color=\u00a0\u00bb#000000&Prime; body_font_size=\u00a0\u00bb14px\u00a0\u00bb body_line_height=\u00a0\u00bb1.4em\u00a0\u00bb background_color=\u00a0\u00bb#10a774&Prime; border_color_all=\u00a0\u00bb#FFFFFF\u00a0\u00bb global_colors_info=\u00a0\u00bb{}\u00a0\u00bb][et_pb_accordion_item title=\u00a0\u00bb14h30 &#8211; Atelier participatif :  Petites histoires, grandes r\u00e9volutions musicales<br \/>\n\u00a0\u00bb open=\u00a0\u00bbon\u00a0\u00bb open_toggle_text_color=\u00a0\u00bb#000000&Prime; closed_toggle_text_color=\u00a0\u00bb#FFFFFF\u00a0\u00bb _builder_version=\u00a0\u00bb4.27.4&Prime; _module_preset=\u00a0\u00bbdefault\u00a0\u00bb background_color=\u00a0\u00bb#10a774&Prime; background_enable_color=\u00a0\u00bbon\u00a0\u00bb global_colors_info=\u00a0\u00bb{}\u00a0\u00bb]<\/p>\n<p><span style=\"font-weight: 400;\">Les grandes r\u00e9volutions culturelles ne naissent jamais de nulle part. Elles traversent des vies, des corps, des quartiers, des sc\u00e8nes. Derri\u00e8re chaque mouvement politique ou culturel, il y a des trajectoires intimes, des souvenirs de concerts, des chansons qui ont d\u00e9plac\u00e9 une conscience ou ouvert un horizon. Cet atelier participatif, inspir\u00e9 des m\u00e9thodes d\u2019\u00e9ducation populaire, propose de faire dialoguer la grande Histoire et nos histoires personnelles : comment des moments historiques ont-ils fa\u00e7onn\u00e9 la musique\u2026 et nos vies ? Et, \u00e0 l\u2019inverse, comment nos exp\u00e9riences individuelles racontent-elles ces mouvements collectifs ? Un temps d\u2019\u00e9change pour relier les luttes, les sons et les r\u00e9cits, et explorer ensemble la musique comme force de transformation sociale et intime.<\/span><\/p>\n<p>[\/et_pb_accordion_item][et_pb_accordion_item title=\u00a0\u00bb17h &#8211; Table Ronde : Quelle place pour les artistes dans une soci\u00e9t\u00e9 en crise ?<br \/>\n\u00a0\u00bb _builder_version=\u00a0\u00bb4.27.4&Prime; _module_preset=\u00a0\u00bbdefault\u00a0\u00bb background_color=\u00a0\u00bb#10a774&Prime; background_enable_color=\u00a0\u00bbon\u00a0\u00bb global_colors_info=\u00a0\u00bb{}\u00a0\u00bb open=\u00a0\u00bboff\u00a0\u00bb]<\/p>\n<p><span style=\"font-weight: 400;\">Alors que les tensions sociales, \u00e9cologiques et d\u00e9mocratiques traversent nos soci\u00e9t\u00e9s, quelle est la place des artistes ? Doivent-ils prendre position, r\u00e9sister, rassembler, questionner ? Ou pr\u00e9server des espaces sensibles \u00e0 distance du tumulte politique ?<\/span><\/p>\n<p><span style=\"font-weight: 400;\">Cette table ronde r\u00e9unit artistes et professionnel.les qui les accompagnent pour croiser leurs exp\u00e9riences : engagement, libert\u00e9 de cr\u00e9ation, responsabilit\u00e9 publique, pression \u00e9conomique, r\u00f4le des \u0153uvres dans le d\u00e9bat collectif&#8230; Un temps d\u2019\u00e9change ouvert pour penser la cr\u00e9ation comme espace de dialogue, de friction ou de refuge, anim\u00e9 par Lucile en Boucle, du podcast <\/span><a href=\"https:\/\/shows.acast.com\/la-longue-et-sinueuse-route-des-artistes-indes\"><span style=\"font-weight: 400;\">\u201cLa longue et sinueuse route des artistes ind\u00e9s<\/span><\/a><span style=\"font-weight: 400;\">\u201d, et en invit\u00e9s sp\u00e9ciaux, les parrains du festival, le duo Terrenoire.<\/span><\/p>\n<p>[\/et_pb_accordion_item][et_pb_accordion_item title=\u00a0\u00bb20h30 &#8211; LES 24H DU MOT\u00a0\u00bb open_toggle_text_color=\u00a0\u00bb#000000&Prime; closed_toggle_text_color=\u00a0\u00bb#FFFFFF\u00a0\u00bb _builder_version=\u00a0\u00bb4.27.4&Prime; _module_preset=\u00a0\u00bbdefault\u00a0\u00bb background_color=\u00a0\u00bb#10a774&Prime; background_enable_color=\u00a0\u00bbon\u00a0\u00bb global_colors_info=\u00a0\u00bb{}\u00a0\u00bb open=\u00a0\u00bboff\u00a0\u00bb]<\/p>\n<p><span style=\"font-weight: 400;\">Depuis 2016, la soir\u00e9e des 24h du mot est l\u2019un des temps forts du festival. Port\u00e9 par <\/span><a href=\"https:\/\/athouboutdchant.com\/\"><span style=\"font-weight: 400;\">\u00c0 Thou Bout d\u2019Chant,<\/span><\/a><span style=\"font-weight: 400;\"> ce challenge cr\u00e9atif propose \u00e0 24 artistes d\u2019\u00e9crire et de composer en 24 heures seulement, par groupe de 3 personnes qui n\u2019ont jamais travaill\u00e9 ensemble, une chanson originale sur un th\u00e8me impos\u00e9 et avec des contraintes d\u2019\u00e9criture ou de composition tir\u00e9es au sort. Et comme si cela ne suffisait pas, chaque groupe doit aussi proposer une reprise d\u2019une chanson du r\u00e9pertoire francophone ! L\u2019occasion de d\u00e9couvrir de talentueux\u00b7ses artistes et d\u2019admirer leur cr\u00e9ativit\u00e9 face \u00e0 l\u2019urgence.<\/span><\/p>\n<p><span style=\"font-weight: 400;\">Pour les 10 ans des 24h du mot, on voit les choses en grand ! Pour c\u00e9l\u00e9brer cette d\u00e9cennie, une \u00e9dition sp\u00e9ciale pleine de surprises se pr\u00e9pare. Cette ann\u00e9e, l\u2019\u00e9v\u00e9nement investit la grande salle du Transbordeur et r\u00e9unit des \u00e9quipes constitu\u00e9es d\u2019artistes locaux ayant marqu\u00e9 les \u00e9ditions pass\u00e9es, mais aussi des artistes nationaux et internationaux. Et toujours une soir\u00e9e pr\u00e9sent\u00e9e par nos deux animateurs hors pair\u00a0 Matthias Bouffay et Lucas Roullet-Marchand. Une mani\u00e8re id\u00e9ale de souffler les bougies tout en c\u00e9l\u00e9brant celles et ceux qui font battre le c\u0153ur des 24h du mot !<\/span><\/p>\n<p>[\/et_pb_accordion_item][\/et_pb_accordion][\/et_pb_column][\/et_pb_row][\/et_pb_section][et_pb_section fb_built=\u00a0\u00bb1&Prime; admin_label=\u00a0\u00bbFooter\u00a0\u00bb _builder_version=\u00a0\u00bb4.27.4&Prime; _module_preset=\u00a0\u00bbdefault\u00a0\u00bb background_image=\u00a0\u00bbhttps:\/\/www.leschantsdemars.com\/wp-content\/uploads\/2025\/10\/aab4c3e3-8d7b-4778-8694-5fcda2b359ab.jpg\u00a0\u00bb custom_padding=\u00a0\u00bb0px||0px||true|false\u00a0\u00bb saved_tabs=\u00a0\u00bball\u00a0\u00bb collapsed=\u00a0\u00bbon\u00a0\u00bb global_colors_info=\u00a0\u00bb{}\u00a0\u00bb][et_pb_row column_structure=\u00a0\u00bb1_2,1_2&Prime; _builder_version=\u00a0\u00bb4.20.0&Prime; _module_preset=\u00a0\u00bbdefault\u00a0\u00bb width=\u00a0\u00bb100%\u00a0\u00bb max_width=\u00a0\u00bbnone\u00a0\u00bb custom_padding=\u00a0\u00bb0px||0px||true|false\u00a0\u00bb locked=\u00a0\u00bboff\u00a0\u00bb global_colors_info=\u00a0\u00bb{}\u00a0\u00bb][et_pb_column type=\u00a0\u00bb1_2&Prime; _builder_version=\u00a0\u00bb4.20.0&Prime; _module_preset=\u00a0\u00bbdefault\u00a0\u00bb global_colors_info=\u00a0\u00bb{}\u00a0\u00bb][et_pb_social_media_follow use_icon_font_size=\u00a0\u00bbon\u00a0\u00bb icon_font_size=\u00a0\u00bb17px\u00a0\u00bb _builder_version=\u00a0\u00bb4.27.4&Prime; _module_preset=\u00a0\u00bbdefault\u00a0\u00bb text_orientation=\u00a0\u00bbcenter\u00a0\u00bb custom_margin=\u00a0\u00bb||39px|||\u00a0\u00bb custom_padding=\u00a0\u00bb24px|||||\u00a0\u00bb global_colors_info=\u00a0\u00bb{}\u00a0\u00bb][et_pb_social_media_follow_network social_network=\u00a0\u00bbfacebook\u00a0\u00bb url=\u00a0\u00bbhttps:\/\/www.facebook.com\/leschantsdemars\/\u00a0\u00bb _builder_version=\u00a0\u00bb4.27.4&Prime; _module_preset=\u00a0\u00bbdefault\u00a0\u00bb background_color=\u00a0\u00bb#3b5998&Prime; global_colors_info=\u00a0\u00bb{}\u00a0\u00bb follow_button=\u00a0\u00bboff\u00a0\u00bb url_new_window=\u00a0\u00bbon\u00a0\u00bb]facebook[\/et_pb_social_media_follow_network][et_pb_social_media_follow_network social_network=\u00a0\u00bbinstagram\u00a0\u00bb url=\u00a0\u00bbhttps:\/\/www.instagram.com\/leschantsdemars\/\u00a0\u00bb _builder_version=\u00a0\u00bb4.27.4&Prime; _module_preset=\u00a0\u00bbdefault\u00a0\u00bb background_color=\u00a0\u00bb#ea2c59&Prime; global_colors_info=\u00a0\u00bb{}\u00a0\u00bb follow_button=\u00a0\u00bboff\u00a0\u00bb url_new_window=\u00a0\u00bbon\u00a0\u00bb]instagram[\/et_pb_social_media_follow_network][et_pb_social_media_follow_network social_network=\u00a0\u00bblinkedin\u00a0\u00bb url=\u00a0\u00bbhttps:\/\/www.linkedin.com\/company\/festival-les-chants-de-mars\/\u00a0\u00bb _builder_version=\u00a0\u00bb4.27.4&Prime; _module_preset=\u00a0\u00bbdefault\u00a0\u00bb background_color=\u00a0\u00bb#007bb6&Prime; global_colors_info=\u00a0\u00bb{}\u00a0\u00bb follow_button=\u00a0\u00bboff\u00a0\u00bb url_new_window=\u00a0\u00bbon\u00a0\u00bb]linkedin[\/et_pb_social_media_follow_network][et_pb_social_media_follow_network social_network=\u00a0\u00bbtiktok\u00a0\u00bb url=\u00a0\u00bbhttps:\/\/www.tiktok.com\/@leschantsdemars\u00a0\u00bb _builder_version=\u00a0\u00bb4.27.4&Prime; _module_preset=\u00a0\u00bbdefault\u00a0\u00bb background_color=\u00a0\u00bb#fe2c55&Prime; global_colors_info=\u00a0\u00bb{}\u00a0\u00bb follow_button=\u00a0\u00bboff\u00a0\u00bb url_new_window=\u00a0\u00bbon\u00a0\u00bb]tiktok[\/et_pb_social_media_follow_network][et_pb_social_media_follow_network social_network=\u00a0\u00bbyoutube\u00a0\u00bb url=\u00a0\u00bbhttps:\/\/www.youtube.com\/@festivalleschantsdemars881&Prime; _builder_version=\u00a0\u00bb4.27.4&Prime; _module_preset=\u00a0\u00bbdefault\u00a0\u00bb background_color=\u00a0\u00bb#a82400&Prime; global_colors_info=\u00a0\u00bb{}\u00a0\u00bb follow_button=\u00a0\u00bboff\u00a0\u00bb url_new_window=\u00a0\u00bbon\u00a0\u00bb]youtube[\/et_pb_social_media_follow_network][\/et_pb_social_media_follow][\/et_pb_column][et_pb_column type=\u00a0\u00bb1_2&Prime; _builder_version=\u00a0\u00bb4.20.0&Prime; _module_preset=\u00a0\u00bbdefault\u00a0\u00bb global_colors_info=\u00a0\u00bb{}\u00a0\u00bb][et_pb_button button_url=\u00a0\u00bbhttps:\/\/3bbf57ff.sibforms.com\/serve\/MUIFAHrZljk268BIRE2KTnsduIoBabLiubRmOT4MJIRF26LvDqemTEAdGGl7bUu0ECObRY-x8Aw6Zqg2fM347XYzJ9wx6o8PWbQ1-RBMEKQ8MFdmn5GwCjbmvxkzg6bKZNj2PIkS1iG_thndZjUWTevv7Wxupq3CkyPfXVuHJksivqdQVs5W9zLtxtyA3oImpyd3RimBsdZfdJLp%20&Prime; button_text=\u00a0\u00bbS&rsquo;abonner \u00e0 la newsletter\u00a0\u00bb button_alignment=\u00a0\u00bbcenter\u00a0\u00bb _builder_version=\u00a0\u00bb4.27.4&Prime; _module_preset=\u00a0\u00bbdefault\u00a0\u00bb custom_button=\u00a0\u00bbon\u00a0\u00bb button_icon=\u00a0\u00bb&#x3d;||divi||400&Prime; background_layout=\u00a0\u00bbdark\u00a0\u00bb custom_margin=\u00a0\u00bb15px||||false|false\u00a0\u00bb global_colors_info=\u00a0\u00bb{}\u00a0\u00bb][\/et_pb_button][\/et_pb_column][\/et_pb_row][\/et_pb_section]<\/p>\n","protected":false},"excerpt":{"rendered":"<p>Festival Les Chants de Mars12 &gt; 28 MARS 202620 ANS de MUSIQUES FRANCOPHONES | LYON\u00a0 \u00a0LUNDI 23 et mardi 24 MARS &#8211; Apr\u00e8s-midiforum de rencontresshowcases des productions r\u00e9gionales et ateliersMoment fort du festival, ces journ\u00e9es r\u00e9unissent les acteur\u00b7ices des musiques actuelles (artistes, salles, festivals, producteur\u00b7ices, b\u00e9n\u00e9voles, publics\u2026) autour de temps de r\u00e9flexion collective et de [&hellip;]<\/p>\n","protected":false},"author":1,"featured_media":0,"parent":0,"menu_order":0,"comment_status":"closed","ping_status":"closed","template":"","meta":{"_et_pb_use_builder":"on","_et_pb_old_content":"","_et_gb_content_width":"","_exactmetrics_skip_tracking":false,"_exactmetrics_sitenote_active":false,"_exactmetrics_sitenote_note":"","_exactmetrics_sitenote_category":0,"footnotes":""},"class_list":["post-2230","page","type-page","status-publish","hentry"],"yoast_head":"<!-- This site is optimized with the Yoast SEO plugin v27.5 - https:\/\/yoast.com\/product\/yoast-seo-wordpress\/ -->\n<title>Journ\u00e9e Pro | Les Chants de Mars<\/title>\n<meta name=\"robots\" content=\"index, follow, max-snippet:-1, max-image-preview:large, max-video-preview:-1\" \/>\n<link rel=\"canonical\" href=\"https:\/\/www.leschantsdemars.com\/index.php\/journee-pro\/\" \/>\n<meta property=\"og:locale\" content=\"fr_FR\" \/>\n<meta property=\"og:type\" content=\"article\" \/>\n<meta property=\"og:title\" content=\"Journ\u00e9e Pro | Les Chants de Mars\" \/>\n<meta property=\"og:description\" content=\"Festival Les Chants de Mars12 &gt; 28 MARS 202620 ANS de MUSIQUES FRANCOPHONES | LYON\u00a0 \u00a0LUNDI 23 et mardi 24 MARS - Apr\u00e8s-midiforum de rencontresshowcases des productions r\u00e9gionales et ateliersMoment fort du festival, ces journ\u00e9es r\u00e9unissent les acteur\u00b7ices des musiques actuelles (artistes, salles, festivals, producteur\u00b7ices, b\u00e9n\u00e9voles, publics\u2026) autour de temps de r\u00e9flexion collective et de [&hellip;]\" \/>\n<meta property=\"og:url\" content=\"https:\/\/www.leschantsdemars.com\/index.php\/journee-pro\/\" \/>\n<meta property=\"og:site_name\" content=\"Les Chants de Mars\" \/>\n<meta property=\"article:publisher\" content=\"https:\/\/www.facebook.com\/leschantsdemars\/\" \/>\n<meta property=\"article:modified_time\" content=\"2026-03-20T14:34:44+00:00\" \/>\n<meta name=\"twitter:card\" content=\"summary_large_image\" \/>\n<script type=\"application\/ld+json\" class=\"yoast-schema-graph\">{\"@context\":\"https:\\\/\\\/schema.org\",\"@graph\":[{\"@type\":\"WebPage\",\"@id\":\"https:\\\/\\\/www.leschantsdemars.com\\\/index.php\\\/journee-pro\\\/\",\"url\":\"https:\\\/\\\/www.leschantsdemars.com\\\/index.php\\\/journee-pro\\\/\",\"name\":\"Journ\u00e9e Pro | Les Chants de Mars\",\"isPartOf\":{\"@id\":\"https:\\\/\\\/www.leschantsdemars.com\\\/#website\"},\"datePublished\":\"2024-12-19T11:53:09+00:00\",\"dateModified\":\"2026-03-20T14:34:44+00:00\",\"breadcrumb\":{\"@id\":\"https:\\\/\\\/www.leschantsdemars.com\\\/index.php\\\/journee-pro\\\/#breadcrumb\"},\"inLanguage\":\"fr-FR\",\"potentialAction\":[{\"@type\":\"ReadAction\",\"target\":[\"https:\\\/\\\/www.leschantsdemars.com\\\/index.php\\\/journee-pro\\\/\"]}]},{\"@type\":\"BreadcrumbList\",\"@id\":\"https:\\\/\\\/www.leschantsdemars.com\\\/index.php\\\/journee-pro\\\/#breadcrumb\",\"itemListElement\":[{\"@type\":\"ListItem\",\"position\":1,\"name\":\"Accueil\",\"item\":\"https:\\\/\\\/www.leschantsdemars.com\\\/\"},{\"@type\":\"ListItem\",\"position\":2,\"name\":\"Journ\u00e9e Pro\"}]},{\"@type\":\"WebSite\",\"@id\":\"https:\\\/\\\/www.leschantsdemars.com\\\/#website\",\"url\":\"https:\\\/\\\/www.leschantsdemars.com\\\/\",\"name\":\"Les Chants de Mars\",\"description\":\"20e \u00e9dition - Festival de chanson actuelle - 12 au 28 mars 2026 - Lyon\",\"publisher\":{\"@id\":\"https:\\\/\\\/www.leschantsdemars.com\\\/#organization\"},\"potentialAction\":[{\"@type\":\"SearchAction\",\"target\":{\"@type\":\"EntryPoint\",\"urlTemplate\":\"https:\\\/\\\/www.leschantsdemars.com\\\/?s={search_term_string}\"},\"query-input\":{\"@type\":\"PropertyValueSpecification\",\"valueRequired\":true,\"valueName\":\"search_term_string\"}}],\"inLanguage\":\"fr-FR\"},{\"@type\":\"Organization\",\"@id\":\"https:\\\/\\\/www.leschantsdemars.com\\\/#organization\",\"name\":\"Les Chants de Mars\",\"url\":\"https:\\\/\\\/www.leschantsdemars.com\\\/\",\"logo\":{\"@type\":\"ImageObject\",\"inLanguage\":\"fr-FR\",\"@id\":\"https:\\\/\\\/www.leschantsdemars.com\\\/#\\\/schema\\\/logo\\\/image\\\/\",\"url\":\"https:\\\/\\\/www.leschantsdemars.com\\\/wp-content\\\/uploads\\\/2017\\\/11\\\/logo-chants-de-mars-vector.png\",\"contentUrl\":\"https:\\\/\\\/www.leschantsdemars.com\\\/wp-content\\\/uploads\\\/2017\\\/11\\\/logo-chants-de-mars-vector.png\",\"width\":509,\"height\":510,\"caption\":\"Les Chants de Mars\"},\"image\":{\"@id\":\"https:\\\/\\\/www.leschantsdemars.com\\\/#\\\/schema\\\/logo\\\/image\\\/\"},\"sameAs\":[\"https:\\\/\\\/www.facebook.com\\\/leschantsdemars\\\/\",\"https:\\\/\\\/www.instagram.com\\\/leschantsdemars\\\/\",\"https:\\\/\\\/www.youtube.com\\\/@festivalleschantsdemars881\"]}]}<\/script>\n<!-- \/ Yoast SEO plugin. -->","yoast_head_json":{"title":"Journ\u00e9e Pro | Les Chants de Mars","robots":{"index":"index","follow":"follow","max-snippet":"max-snippet:-1","max-image-preview":"max-image-preview:large","max-video-preview":"max-video-preview:-1"},"canonical":"https:\/\/www.leschantsdemars.com\/index.php\/journee-pro\/","og_locale":"fr_FR","og_type":"article","og_title":"Journ\u00e9e Pro | Les Chants de Mars","og_description":"Festival Les Chants de Mars12 &gt; 28 MARS 202620 ANS de MUSIQUES FRANCOPHONES | LYON\u00a0 \u00a0LUNDI 23 et mardi 24 MARS - Apr\u00e8s-midiforum de rencontresshowcases des productions r\u00e9gionales et ateliersMoment fort du festival, ces journ\u00e9es r\u00e9unissent les acteur\u00b7ices des musiques actuelles (artistes, salles, festivals, producteur\u00b7ices, b\u00e9n\u00e9voles, publics\u2026) autour de temps de r\u00e9flexion collective et de [&hellip;]","og_url":"https:\/\/www.leschantsdemars.com\/index.php\/journee-pro\/","og_site_name":"Les Chants de Mars","article_publisher":"https:\/\/www.facebook.com\/leschantsdemars\/","article_modified_time":"2026-03-20T14:34:44+00:00","twitter_card":"summary_large_image","schema":{"@context":"https:\/\/schema.org","@graph":[{"@type":"WebPage","@id":"https:\/\/www.leschantsdemars.com\/index.php\/journee-pro\/","url":"https:\/\/www.leschantsdemars.com\/index.php\/journee-pro\/","name":"Journ\u00e9e Pro | Les Chants de Mars","isPartOf":{"@id":"https:\/\/www.leschantsdemars.com\/#website"},"datePublished":"2024-12-19T11:53:09+00:00","dateModified":"2026-03-20T14:34:44+00:00","breadcrumb":{"@id":"https:\/\/www.leschantsdemars.com\/index.php\/journee-pro\/#breadcrumb"},"inLanguage":"fr-FR","potentialAction":[{"@type":"ReadAction","target":["https:\/\/www.leschantsdemars.com\/index.php\/journee-pro\/"]}]},{"@type":"BreadcrumbList","@id":"https:\/\/www.leschantsdemars.com\/index.php\/journee-pro\/#breadcrumb","itemListElement":[{"@type":"ListItem","position":1,"name":"Accueil","item":"https:\/\/www.leschantsdemars.com\/"},{"@type":"ListItem","position":2,"name":"Journ\u00e9e Pro"}]},{"@type":"WebSite","@id":"https:\/\/www.leschantsdemars.com\/#website","url":"https:\/\/www.leschantsdemars.com\/","name":"Les Chants de Mars","description":"20e \u00e9dition - Festival de chanson actuelle - 12 au 28 mars 2026 - Lyon","publisher":{"@id":"https:\/\/www.leschantsdemars.com\/#organization"},"potentialAction":[{"@type":"SearchAction","target":{"@type":"EntryPoint","urlTemplate":"https:\/\/www.leschantsdemars.com\/?s={search_term_string}"},"query-input":{"@type":"PropertyValueSpecification","valueRequired":true,"valueName":"search_term_string"}}],"inLanguage":"fr-FR"},{"@type":"Organization","@id":"https:\/\/www.leschantsdemars.com\/#organization","name":"Les Chants de Mars","url":"https:\/\/www.leschantsdemars.com\/","logo":{"@type":"ImageObject","inLanguage":"fr-FR","@id":"https:\/\/www.leschantsdemars.com\/#\/schema\/logo\/image\/","url":"https:\/\/www.leschantsdemars.com\/wp-content\/uploads\/2017\/11\/logo-chants-de-mars-vector.png","contentUrl":"https:\/\/www.leschantsdemars.com\/wp-content\/uploads\/2017\/11\/logo-chants-de-mars-vector.png","width":509,"height":510,"caption":"Les Chants de Mars"},"image":{"@id":"https:\/\/www.leschantsdemars.com\/#\/schema\/logo\/image\/"},"sameAs":["https:\/\/www.facebook.com\/leschantsdemars\/","https:\/\/www.instagram.com\/leschantsdemars\/","https:\/\/www.youtube.com\/@festivalleschantsdemars881"]}]}},"_links":{"self":[{"href":"https:\/\/www.leschantsdemars.com\/index.php\/wp-json\/wp\/v2\/pages\/2230","targetHints":{"allow":["GET"]}}],"collection":[{"href":"https:\/\/www.leschantsdemars.com\/index.php\/wp-json\/wp\/v2\/pages"}],"about":[{"href":"https:\/\/www.leschantsdemars.com\/index.php\/wp-json\/wp\/v2\/types\/page"}],"author":[{"embeddable":true,"href":"https:\/\/www.leschantsdemars.com\/index.php\/wp-json\/wp\/v2\/users\/1"}],"replies":[{"embeddable":true,"href":"https:\/\/www.leschantsdemars.com\/index.php\/wp-json\/wp\/v2\/comments?post=2230"}],"version-history":[{"count":30,"href":"https:\/\/www.leschantsdemars.com\/index.php\/wp-json\/wp\/v2\/pages\/2230\/revisions"}],"predecessor-version":[{"id":3040,"href":"https:\/\/www.leschantsdemars.com\/index.php\/wp-json\/wp\/v2\/pages\/2230\/revisions\/3040"}],"wp:attachment":[{"href":"https:\/\/www.leschantsdemars.com\/index.php\/wp-json\/wp\/v2\/media?parent=2230"}],"curies":[{"name":"wp","href":"https:\/\/api.w.org\/{rel}","templated":true}]}}